{"id":1830,"date":"2018-10-19T13:16:05","date_gmt":"2018-10-19T13:16:05","guid":{"rendered":"http:\/\/hubertpietka.bialystok.pl\/?page_id=1830"},"modified":"2018-10-19T13:20:37","modified_gmt":"2018-10-19T13:20:37","slug":"piesn-o-wierze-przyczyna-ks-jerzego","status":"publish","type":"page","link":"https:\/\/hubertpietka.bialystok.pl\/?page_id=1830","title":{"rendered":"Pie\u015b\u0144 o wierze \/ przyczyn\u0105 ks. Jerzego"},"content":{"rendered":"<p><strong><em>Pie\u015b\u0144 o wierze \/ przyczyn\u0105 ks. Jerzego<\/em><\/strong><\/p>\n<p><strong><em>Ref.<\/em><\/strong><br \/>\nO, Jerzy<br \/>\nOby \u015bwiat uwierzy\u0142<\/p>\n<p><strong>1.<\/strong> B\u00f3g jest dobry<br \/>\nTen \u015bwiat stworzy\u0142<br \/>\nZ mi\u0142o\u015bci<br \/>\nBy\u015b m\u00f3g\u0142 si\u0119 nim cieszy\u0107<br \/>\n<em><br \/>\n<strong>Ref.<\/strong><\/em><\/p>\n<p>2. B\u00f3g Ci\u0119 kocha<br \/>\nKu mi\u0142o\u015bci Ci\u0119 przeznaczy\u0142<br \/>\nI by\u015b pozna\u0142 prawd\u0119<br \/>\nO Mi\u0142osierdziu Bo\u017cym kt\u00f3re przebacza<\/p>\n<p><strong><em>Ref.<\/em><\/strong><\/p>\n<p><strong>3.<\/strong> Chrystus pok\u00f3j niesie<br \/>\nOn jest jedyn\u0105 pewn\u0105 drog\u0105<br \/>\nDla cz\u0142owieczych serc<br \/>\nOn wyzwala z siebie<\/p>\n<p><strong><em>Ref.<\/em><\/strong><\/p>\n<p><strong>4.<\/strong> Z\u0142o zwyci\u0119\u017cysz<br \/>\nGdy Jezusowi zawierzysz<br \/>\nNajpierw w sobie<br \/>\nA potem w \u015bwiecie<\/p>\n<p><strong><em>Ref.<br \/>\n<\/em><\/strong><br \/>\n<strong>5.<\/strong> B\u00f3g Ci\u0119 podniesie<br \/>\nJe\u015bli w skrusze<br \/>\nDo Niego zwr\u00f3cisz si\u0119<br \/>\nOn poprowadzi wiernie<\/p>\n<p><strong><em>Ref.<\/em><\/strong><\/p>\n<p><strong>6.<\/strong> On \u015bwi\u0119tych swoich ma<br \/>\nBy wskazywali drog\u0119 nam<br \/>\nZaufajmy im<br \/>\nOni wiar\u0119 przekuli w czyn<\/p>\n<p><strong><em>Ref.<\/em><\/strong><\/p>\n<p><strong>7.<\/strong> Ksi\u0119\u017ce Jerzy<br \/>\nB\u0142ogos\u0142awiony przewodniku w wierze<br \/>\nSpraw<br \/>\nBy\u015bmy nie l\u0119kali si\u0119 z\u0142a<\/p>\n<p><strong><em>Ref.<br \/>\n<\/em><\/strong><br \/>\n<strong>8.<\/strong> Maryjo<br \/>\nJedyna pewna drogo Ko\u015bcio\u0142a<br \/>\nTen \u015bwiat o sprawiedliwo\u015b\u0107 wo\u0142a<br \/>\nNiech znajdzie j\u0105 za Tw\u0105 przyczyn\u0105<\/p>\n<p><strong><em>Ref.<br \/>\n<\/em><\/strong><br \/>\n<strong>9.<\/strong> Jezus zawsze kocha<br \/>\nOn Ci ufa<br \/>\nOn Siebie nam daje<br \/>\nNie jeste\u015bmy sami<\/p>\n<p><strong><em>Ref.<\/em><\/strong><\/p>\n<p><em>Na zdj. Pomnik ks. Jerzego b\u0142ogos\u0142awionego \/<br \/>\nDzi\u015b wspomnienie jego \/<br \/>\nOn jest mocnym or\u0119downikiem \/<br \/>\nDlatego m\u00f3dlmy si\u0119 za jego przyczyn\u0105.<\/em><\/p>\n<p><img loading=\"lazy\" decoding=\"async\" class=\"JZUAbb\" src=\"https:\/\/lh3.googleusercontent.com\/-YcFEl6NkeYw\/W8mo8Evb-ZI\/AAAAAAAAHSA\/CnVQX21PfEk_h3HcSlChcdyd4nfHYLdeACJoC\/w530-h398-n\/IMG_20181018_203918.jpg\" alt=\"Zdj\u0119cie\" width=\"530\" height=\"398\" \/><\/p>\n<h1 class=\"title style-scope ytd-video-primary-info-renderer\" style=\"text-align: center;\"><a href=\"https:\/\/www.youtube.com\/watch?v=ltfBBIdDxqU\"><em>Effatha &#8211; Panu Naszemu Pie\u015bni Grajcie<\/em><\/a><\/h1>\n","protected":false},"excerpt":{"rendered":"<p>Pie\u015b\u0144 o wierze \/ przyczyn\u0105 ks. Jerzego Ref. O, Jerzy Oby \u015bwiat uwierzy\u0142 1. B\u00f3g jest dobry Ten \u015bwiat stworzy\u0142 Z mi\u0142o\u015bci By\u015b m\u00f3g\u0142 si\u0119&hellip; <\/p>\n","protected":false},"author":1,"featured_media":0,"parent":0,"menu_order":0,"comment_status":"closed","ping_status":"closed","template":"","meta":{"footnotes":""},"class_list":["post-1830","page","type-page","status-publish","hentry"],"_links":{"self":[{"href":"https:\/\/hubertpietka.bialystok.pl\/index.php?rest_route=\/wp\/v2\/pages\/1830","targetHints":{"allow":["GET"]}}],"collection":[{"href":"https:\/\/hubertpietka.bialystok.pl\/index.php?rest_route=\/wp\/v2\/pages"}],"about":[{"href":"https:\/\/hubertpietka.bialystok.pl\/index.php?rest_route=\/wp\/v2\/types\/page"}],"author":[{"embeddable":true,"href":"https:\/\/hubertpietka.bialystok.pl\/index.php?rest_route=\/wp\/v2\/users\/1"}],"replies":[{"embeddable":true,"href":"https:\/\/hubertpietka.bialystok.pl\/index.php?rest_route=%2Fwp%2Fv2%2Fcomments&post=1830"}],"version-history":[{"count":4,"href":"https:\/\/hubertpietka.bialystok.pl\/index.php?rest_route=\/wp\/v2\/pages\/1830\/revisions"}],"predecessor-version":[{"id":1834,"href":"https:\/\/hubertpietka.bialystok.pl\/index.php?rest_route=\/wp\/v2\/pages\/1830\/revisions\/1834"}],"wp:attachment":[{"href":"https:\/\/hubertpietka.bialystok.pl\/index.php?rest_route=%2Fwp%2Fv2%2Fmedia&parent=1830"}],"curies":[{"name":"wp","href":"https:\/\/api.w.org\/{rel}","templated":true}]}}