{"id":2048,"date":"2018-11-21T16:43:28","date_gmt":"2018-11-21T16:43:28","guid":{"rendered":"http:\/\/hubertpietka.bialystok.pl\/?page_id=2048"},"modified":"2018-11-21T16:47:14","modified_gmt":"2018-11-21T16:47:14","slug":"piosenka-o-lesie","status":"publish","type":"page","link":"https:\/\/hubertpietka.bialystok.pl\/?page_id=2048","title":{"rendered":"Piosenka o lesie"},"content":{"rendered":"<p><strong><em>Piosenka o lesie<\/em><\/strong><\/p>\n<p><strong>La la las<\/strong><br \/>\n<strong> La la as<\/strong><\/p>\n<p><strong>W lesie drzewa<\/strong><br \/>\n<strong> Jak armia \u017co\u0142nierska<\/strong><br \/>\n<strong> W lesie huba<\/strong><br \/>\n<strong> Na drzewach tych \u017cyje sobie<\/strong><\/p>\n<p><strong>La la las<\/strong><br \/>\n<strong> La la as<\/strong><\/p>\n<p><strong>W lesie runo<\/strong><br \/>\n<strong> Nagroda dla ziemi<\/strong><br \/>\n<strong> W lesie krzewy<\/strong><br \/>\n<strong> W\u015br\u00f3d drzew wiar\u0119 sw\u0105 krzewi\u0105<\/strong><\/p>\n<p><strong>La la las<\/strong><br \/>\n<strong> La la as<\/strong><\/p>\n<p><strong>S\u0105 ja-gody i mali-my<\/strong><br \/>\n<strong> S\u0105 i inne byli-my<\/strong><br \/>\n<strong> Jest te\u017c du\u017co trwa-wy<\/strong><br \/>\n<strong> Las jest wspania\u0142y \ud83d\ude42<\/strong><\/p>\n<p><strong>La la l-as<\/strong><\/p>\n<p><em>Ps. Czy mo\u017cna napisa\u0107 piosenk\u0119 o lesie<\/em><br \/>\n<em> Czy pie\u015bniarz nie jest od pisania pie\u015bni<\/em><br \/>\n<em> Czy trzeba si\u0119 ba\u0107 z\u0142a<\/em><br \/>\n<em> Gdy ono tylko i wy\u0142\u0105cznie pretekstu szuka<\/em><\/p>\n<p><em>Aby nieprawo\u015bci swe spe\u0142nia\u0107<\/em><br \/>\n<em> Tak czy inaczej z\u0142o z\u0142e czyni\u0107 b\u0119dzie<\/em><br \/>\n<em> Niezale\u017cnie od tego co robimy<\/em><\/p>\n<p><em>Lecz trzeba robi\u0107 swoje niezmiennie<\/em><br \/>\n<em> Bo z tego rozliczy nas niebo<\/em><br \/>\n<em> I trwa\u0107 w ufno\u015bci i w nadziei<\/em><\/p>\n<p><em>\u017be z\u0142o pokonane b\u0119dzie<\/em><br \/>\n<em> Ostatecznie i definitywnie<\/em><\/p>\n<p>Na zdj. Za szpalerem drzew w Parku Branickich \/<br \/>\nJest bry\u0142a katedry bia\u0142ostockiej \/<br \/>\nDzi\u015b NMP Ofiarowanie \/<br \/>\nWszystko i Wszystkich Maryjo Ci oddaj\u0119.<\/p>\n<p><img loading=\"lazy\" decoding=\"async\" class=\"JZUAbb\" src=\"https:\/\/lh3.googleusercontent.com\/-faSeqdM70LU\/W_UhEICKUSI\/AAAAAAAAIkI\/rMkUdRiVtv8nrN0z_vzMTdFhNt4NAMO3QCJoC\/w530-h398-n\/IMG_20181121_084503.jpg\" alt=\"Zdj\u0119cie\" width=\"530\" height=\"398\" \/><\/p>\n","protected":false},"excerpt":{"rendered":"<p>Piosenka o lesie La la las La la as W lesie drzewa Jak armia \u017co\u0142nierska W lesie huba Na drzewach tych \u017cyje sobie La la&hellip; <\/p>\n","protected":false},"author":1,"featured_media":0,"parent":0,"menu_order":0,"comment_status":"closed","ping_status":"closed","template":"","meta":{"footnotes":""},"class_list":["post-2048","page","type-page","status-publish","hentry"],"_links":{"self":[{"href":"https:\/\/hubertpietka.bialystok.pl\/index.php?rest_route=\/wp\/v2\/pages\/2048","targetHints":{"allow":["GET"]}}],"collection":[{"href":"https:\/\/hubertpietka.bialystok.pl\/index.php?rest_route=\/wp\/v2\/pages"}],"about":[{"href":"https:\/\/hubertpietka.bialystok.pl\/index.php?rest_route=\/wp\/v2\/types\/page"}],"author":[{"embeddable":true,"href":"https:\/\/hubertpietka.bialystok.pl\/index.php?rest_route=\/wp\/v2\/users\/1"}],"replies":[{"embeddable":true,"href":"https:\/\/hubertpietka.bialystok.pl\/index.php?rest_route=%2Fwp%2Fv2%2Fcomments&post=2048"}],"version-history":[{"count":5,"href":"https:\/\/hubertpietka.bialystok.pl\/index.php?rest_route=\/wp\/v2\/pages\/2048\/revisions"}],"predecessor-version":[{"id":2053,"href":"https:\/\/hubertpietka.bialystok.pl\/index.php?rest_route=\/wp\/v2\/pages\/2048\/revisions\/2053"}],"wp:attachment":[{"href":"https:\/\/hubertpietka.bialystok.pl\/index.php?rest_route=%2Fwp%2Fv2%2Fmedia&parent=2048"}],"curies":[{"name":"wp","href":"https:\/\/api.w.org\/{rel}","templated":true}]}}