{"id":2443,"date":"2019-03-08T13:37:02","date_gmt":"2019-03-08T13:37:02","guid":{"rendered":"http:\/\/hubertpietka.bialystok.pl\/?page_id=2443"},"modified":"2019-03-08T13:40:49","modified_gmt":"2019-03-08T13:40:49","slug":"pozy-tywnym-byc-a-pozy-przybierac","status":"publish","type":"page","link":"https:\/\/hubertpietka.bialystok.pl\/?page_id=2443","title":{"rendered":"Pozy-tywnym by\u0107 \/ a pozy przybiera\u0107"},"content":{"rendered":"<p><strong><em>Pozy-tywnym by\u0107 \/ a pozy przybiera\u0107<\/em><\/strong><\/p>\n<p>By\u0107 pozytywnym<br \/>\nTo pogodnie na \u015bwiat patrze\u0107<br \/>\nAle te\u017c widzie\u0107 wszystko w prawdzie<br \/>\nTo spojrzenie mie\u0107 jasne<br \/>\nNa rzeczywisto\u015bci prawd\u0119<\/p>\n<p>Pozytywnym by\u0107<br \/>\nTo nie pozy r\u00f3\u017cne przybiera\u0107<br \/>\nTo nie znaczy fa\u0142szowa\u0107<br \/>\nSiebie \u015bwiata brata<br \/>\nTo nie zak\u0142amywa\u0107<\/p>\n<p>Pozy pozory pozytywno\u015bci maj\u0105<br \/>\nA s\u0105 poza prawd\u0105<br \/>\nTo iluzja przedstawiania<br \/>\nTego czego w rzeczywisto\u015bci nie ma<br \/>\nTo gra poza prawdy czyst\u0105 tkank\u0105<\/p>\n<p>Bycie pozytywnym<br \/>\nTo bycie sob\u0105 w dobru<br \/>\nTo nie s\u0142u\u017cenie z\u0142u<br \/>\nTo w niebo patrzenie<br \/>\nI ziemi nie pomijanie<\/p>\n<p>To zachwyt pi\u0119knem<br \/>\nS\u0142u\u017cenie mi\u0142o\u015bci wdzi\u0119cznej<br \/>\nDobru realnemu<br \/>\nA nie absurdom z\u0142a<br \/>\nPozorom dobra<\/p>\n<p><em>Na zdj. Bycie pozytywnym \/<\/em><br \/>\n<em> To nie zak\u0142adanie masek r\u00f3\u017cnych \/<\/em><br \/>\n<em> \u017beby ludzie pozory chwalili \/<\/em><br \/>\n<em> Lecz \u017cycie w prawdzie \/<\/em><br \/>\n<em> Jasnej dobrej czystej.<\/em><\/p>\n<p><strong>Poza poza-mi i pozo-rami jest \u017cycie realne \/<\/strong><br \/>\n<strong>Pozy-tywne jest to co prawdziwie dobre<\/strong><\/p>\n<p><img loading=\"lazy\" decoding=\"async\" class=\"JZUAbb\" src=\"https:\/\/lh3.googleusercontent.com\/-_mkaSYAeb5E\/XH4zrKNq1UI\/AAAAAAAAMOY\/P27OTfcGVuAepBVwiQQIL8yvwHsIMCnJQCJoC\/w530-h398-n\/IMG_20190225_161833.jpg\" alt=\"Zdj\u0119cie\" width=\"530\" height=\"398\" \/><\/p>\n<h1 class=\"title style-scope ytd-video-primary-info-renderer\" style=\"text-align: center;\"><a href=\"https:\/\/www.youtube.com\/watch?v=G4UvI8IbqF8\"><em>Mezo &amp; Kasia Wilk &#8211; Wa\u017cne<\/em><\/a><\/h1>\n","protected":false},"excerpt":{"rendered":"<p>Pozy-tywnym by\u0107 \/ a pozy przybiera\u0107 By\u0107 pozytywnym To pogodnie na \u015bwiat patrze\u0107 Ale te\u017c widzie\u0107 wszystko w prawdzie To spojrzenie mie\u0107 jasne Na rzeczywisto\u015bci&hellip; <\/p>\n","protected":false},"author":1,"featured_media":0,"parent":0,"menu_order":0,"comment_status":"closed","ping_status":"closed","template":"","meta":{"footnotes":""},"class_list":["post-2443","page","type-page","status-publish","hentry"],"_links":{"self":[{"href":"https:\/\/hubertpietka.bialystok.pl\/index.php?rest_route=\/wp\/v2\/pages\/2443","targetHints":{"allow":["GET"]}}],"collection":[{"href":"https:\/\/hubertpietka.bialystok.pl\/index.php?rest_route=\/wp\/v2\/pages"}],"about":[{"href":"https:\/\/hubertpietka.bialystok.pl\/index.php?rest_route=\/wp\/v2\/types\/page"}],"author":[{"embeddable":true,"href":"https:\/\/hubertpietka.bialystok.pl\/index.php?rest_route=\/wp\/v2\/users\/1"}],"replies":[{"embeddable":true,"href":"https:\/\/hubertpietka.bialystok.pl\/index.php?rest_route=%2Fwp%2Fv2%2Fcomments&post=2443"}],"version-history":[{"count":2,"href":"https:\/\/hubertpietka.bialystok.pl\/index.php?rest_route=\/wp\/v2\/pages\/2443\/revisions"}],"predecessor-version":[{"id":2445,"href":"https:\/\/hubertpietka.bialystok.pl\/index.php?rest_route=\/wp\/v2\/pages\/2443\/revisions\/2445"}],"wp:attachment":[{"href":"https:\/\/hubertpietka.bialystok.pl\/index.php?rest_route=%2Fwp%2Fv2%2Fmedia&parent=2443"}],"curies":[{"name":"wp","href":"https:\/\/api.w.org\/{rel}","templated":true}]}}