{"id":3148,"date":"2020-03-25T09:58:23","date_gmt":"2020-03-25T09:58:23","guid":{"rendered":"http:\/\/hubertpietka.bialystok.pl\/?page_id=3148"},"modified":"2020-03-25T10:05:22","modified_gmt":"2020-03-25T10:05:22","slug":"krzyz-nowy-dla-wierzacych","status":"publish","type":"page","link":"https:\/\/hubertpietka.bialystok.pl\/?page_id=3148","title":{"rendered":"Krzy\u017c nowy \/ dla wierz\u0105cych"},"content":{"rendered":"<p><strong><em>Krzy\u017c nowy \/ dla wierz\u0105cych<\/em><\/strong><\/p>\n<p><strong>1<\/strong><br \/>\n<em>\/obraz\/<\/em><\/p>\n<p>Dzi\u015b Zwiastowanie<br \/>\nOgraniczenie uczestnik\u00f3w Mszy \u015awi\u0119tej do 5 os\u00f3b<br \/>\nPoza celebransami i asyst\u0105 liturgiczn\u0105<br \/>\nNa pewno nie jest dobr\u0105 nowin\u0105<\/p>\n<p>Dwa dni temu<br \/>\nPodczas modlitwy<br \/>\nUkaza\u0142 obraz mi si\u0119<\/p>\n<p>Otwarte na o\u015bcie\u017c wrota ko\u015bcio\u0142a<br \/>\nA na posadzce na \u015brodku<br \/>\nKrzy\u017c w kruchcie przy wej\u015bciu<\/p>\n<p>Nie rozumia\u0142em wtedy obrazu tego za bardzo<br \/>\nTo by\u0142o jeszcze przed podaniem wiadomo\u015bci<br \/>\nO tak restrykcyjnym ograniczeniu<br \/>\nUczestnik\u00f3w Mszy \u015awi\u0119tych<\/p>\n<p>Wiedzia\u0142em tylko \u017ce pojawi si\u0119 jaka\u015b trudno\u015b\u0107<br \/>\nW \u017cyciu ko\u015bcielnym<br \/>\nAle nie przewidywa\u0142em<br \/>\n\u017be tego rodzaju<\/p>\n<p><strong>2\u00a0<\/strong><br \/>\n<em>\/Woda si\u0119ga a\u017c po biodra\/<\/em><\/p>\n<p>Ograniczenie uczestnik\u00f3w Mszy \u015awi\u0119tych do 50 os\u00f3b<br \/>\nTo ju\u017c by\u0142a daleko posuni\u0119ta ingerencja<br \/>\nW sprawy ko\u015bcielne<\/p>\n<p>A teraz kiedy uczyniono t\u0105 redukcj\u0119 do 5 os\u00f3b<br \/>\nTo ju\u017c jest ograniczenie niepomierne<\/p>\n<p><em>\/Woda si\u0119ga a\u017c po szyj\u0119\/<\/em><\/p>\n<p><strong>3<\/strong><br \/>\nCzy rzeczywi\u015bcie rz\u0105dz\u0105cy<br \/>\nNie mieli innej mo\u017cliwo\u015bci<br \/>\nB\u00f3g to oceni<\/p>\n<p>A jednak ja ufam<br \/>\n\u017be ksi\u0119\u017ca wyjd\u0105 na przeciw wiernym<br \/>\nPrzecie\u017c teraz mo\u017ce by\u0107 wi\u0119cej Mszy \u015awi\u0119tych<\/p>\n<p>Ju\u017c rechot szatana s\u0142ysz\u0119<br \/>\nA jednak trzeba tylko si\u0119 otworzy\u0107<br \/>\nI znale\u017a\u0107 metod\u0119<br \/>\nBy jak najwi\u0119cej wiernych<br \/>\nMog\u0142o mimo wszystko korzysta\u0107 z sakrament\u00f3w<\/p>\n<p>Na pewno nie mo\u017cna zamyka\u0107 ko\u015bcio\u0142\u00f3w<br \/>\nJako pozorne rozwi\u0105zanie tych trudno\u015bci<\/p>\n<p><strong>4<\/strong><br \/>\nDwie restrykcje \u017cycia duchowego nast\u0105pi\u0142y<br \/>\nTrzeciej nie mo\u017ce by\u0107<\/p>\n<p>Nie mo\u017cna zamkn\u0105\u0107 ko\u015bcio\u0142\u00f3w<br \/>\nI ca\u0142kowicie zabroni\u0107 zebra\u0144 liturgicznych<br \/>\nTo ju\u017c by by\u0142o ca\u0142kowite zwyci\u0119stwo<br \/>\nMocy diabelskich<\/p>\n<p>Tutaj zawo\u0142a\u0107 trzeba<br \/>\nNon possumus<br \/>\nAni kroku dalej<\/p>\n<p>Pierwsz\u0105 restrykcj\u0119<br \/>\nPrzyj\u0119li\u015bmy w pokorze<br \/>\nT\u0105 drug\u0105 te\u017c prze\u0142kniemy mo\u017ce<br \/>\nAle dalej ani o cala<\/p>\n<p><strong>5<\/strong><br \/>\n\u015awiat istnie\u0107 mo\u017ce bez gospodarki<br \/>\n(Nie zastosowano redukcji do 5 os\u00f3b w zak\u0142adach pracy)<br \/>\nAle \u015bwiat nie mo\u017ce istnie\u0107 bez Eucharystii<br \/>\nBez Eucharystii nie b\u0119dzie Polski<br \/>\nBez Eucharystii z udzia\u0142em wiernych<\/p>\n<p>Ani kroku dalej<br \/>\n<em>\/Wtedy woda wszystko zatopi<\/em><br \/>\n<em>I b\u0119dzie koniec \u015bwiata\/<\/em><br \/>\n<em>\u00a0<img decoding=\"async\" class=\"css-9pa8cd\" draggable=\"true\" src=\"https:\/\/pbs.twimg.com\/media\/ET8i0jTXYAAeFq0?format=jpg&amp;name=small\" alt=\"Image\" \/><\/em><br \/>\n<em>Na zdj. W Sanktuarium w P\u0142once Ko\u015bcielnej<\/em><br \/>\n<em>Krzy\u017c w nawie bocznej przy wej\u015bciu<\/em><br \/>\n<em>To odpowiada troch\u0119<\/em><br \/>\n<em>Danemu mi obrazowi symbolicznie<\/em><br \/>\n<em>\u00a0<\/em><br \/>\n<em>W pewnym sensie ju\u017c &#8222;ko\u015bcio\u0142y p\u0142on\u0105&#8221;<\/em><br \/>\n<em>Ale nie poddawajmy si\u0119 szatanowi<\/em><br \/>\n<em>S\u0105 du\u017ce w \u017cyciu sakramentalnym utrudnienia<\/em><br \/>\n<em>Ale prze\u0142amywa\u0107 je trzeba<\/em><br \/>\n<em>\u00a0<\/em><br \/>\n<em>Ko\u015bci\u00f3\u0142 i liturgia<\/em><br \/>\n<em>Musz\u0105 by\u0107 dla wiernych<\/em><br \/>\n<em>Jak wielka teraz rola ksi\u0119\u017cy<\/em><br \/>\n<em>Aby pr\u00f3bowali znajdywa\u0107 dobre wyj\u015bcia<\/em><br \/>\n<em>W tej tragicznej dla wierz\u0105cych praktykuj\u0105cych sytuacji<\/em><br \/>\n<em>\u00a0<\/em><br \/>\n<em>Ufam \u017ce tak si\u0119 stanie<\/em><br \/>\n<em>Co daj Panie Bo\u017ce<\/em><br \/>\n<em>I ani kroku dalej<\/em><br \/>\n<em>Jezu ufam Tobie<\/em><br \/>\n<em>Maryjo m\u00f3dl si\u0119 za nami<\/em><\/p>\n","protected":false},"excerpt":{"rendered":"<p>Krzy\u017c nowy \/ dla wierz\u0105cych 1 \/obraz\/ Dzi\u015b Zwiastowanie Ograniczenie uczestnik\u00f3w Mszy \u015awi\u0119tej do 5 os\u00f3b Poza celebransami i asyst\u0105 liturgiczn\u0105 Na pewno nie jest&hellip; <\/p>\n","protected":false},"author":1,"featured_media":0,"parent":0,"menu_order":0,"comment_status":"closed","ping_status":"closed","template":"","meta":{"footnotes":""},"class_list":["post-3148","page","type-page","status-publish","hentry"],"_links":{"self":[{"href":"https:\/\/hubertpietka.bialystok.pl\/index.php?rest_route=\/wp\/v2\/pages\/3148","targetHints":{"allow":["GET"]}}],"collection":[{"href":"https:\/\/hubertpietka.bialystok.pl\/index.php?rest_route=\/wp\/v2\/pages"}],"about":[{"href":"https:\/\/hubertpietka.bialystok.pl\/index.php?rest_route=\/wp\/v2\/types\/page"}],"author":[{"embeddable":true,"href":"https:\/\/hubertpietka.bialystok.pl\/index.php?rest_route=\/wp\/v2\/users\/1"}],"replies":[{"embeddable":true,"href":"https:\/\/hubertpietka.bialystok.pl\/index.php?rest_route=%2Fwp%2Fv2%2Fcomments&post=3148"}],"version-history":[{"count":4,"href":"https:\/\/hubertpietka.bialystok.pl\/index.php?rest_route=\/wp\/v2\/pages\/3148\/revisions"}],"predecessor-version":[{"id":3152,"href":"https:\/\/hubertpietka.bialystok.pl\/index.php?rest_route=\/wp\/v2\/pages\/3148\/revisions\/3152"}],"wp:attachment":[{"href":"https:\/\/hubertpietka.bialystok.pl\/index.php?rest_route=%2Fwp%2Fv2%2Fmedia&parent=3148"}],"curies":[{"name":"wp","href":"https:\/\/api.w.org\/{rel}","templated":true}]}}