{"id":3480,"date":"2020-11-08T20:32:58","date_gmt":"2020-11-08T20:32:58","guid":{"rendered":"http:\/\/hubertpietka.bialystok.pl\/?page_id=3480"},"modified":"2020-11-08T20:59:26","modified_gmt":"2020-11-08T20:59:26","slug":"moc-wypominania-wszystkich-wiernych-zmarlych","status":"publish","type":"page","link":"https:\/\/hubertpietka.bialystok.pl\/?page_id=3480","title":{"rendered":"Moc wypominania \/ wszystkich wiernych zmar\u0142ych"},"content":{"rendered":"<p><strong><em>Moc wypominania \/ wszystkich wiernych zmar\u0142ych<\/em><\/strong><\/p>\n<p><strong>1.<\/strong><br \/>\nZa zmar\u0142ych modlitwa<br \/>\nJest zawsze potrzebna<\/p>\n<p>Oni za nami<br \/>\nTe\u017c si\u0119 wstawiaj\u0105<\/p>\n<p>S\u0105 \u017cebrakami Bo\u017cej mi\u0142o\u015bci<br \/>\nI modlitwy naszej<\/p>\n<p><strong>2.<\/strong><br \/>\nZaryzykuj\u0119 stwierdzenie<br \/>\n\u017be nawet \u015bwi\u0119ci w niebie<br \/>\nNie mog\u0105 im pom\u00f3c tak<br \/>\nJak nasza modlitwa<\/p>\n<p>No mo\u017ce tylko Maryja<br \/>\nAle i Ona pragnie naszej modlitwy<br \/>\nBy wi\u0119ksza by\u0142a przed Bogiem<br \/>\nJej moc wstawiennicza<\/p>\n<p><strong>3.<\/strong><br \/>\nTaki paradoks<br \/>\n\u017be zmar\u0142ym najbardziej<br \/>\nPom\u00f3c my mo\u017cemy<br \/>\nModlitw\u0105 prost\u0105 za nich<\/p>\n<p>B\u00f3g w swoim mi\u0142osierdziu<br \/>\nChce mie\u0107 ich przy Sobie<br \/>\nW tym nasza modlitwa<br \/>\nMo\u017ce pom\u00f3c<\/p>\n<p><strong>4.<\/strong><br \/>\nTak jako\u015b zosta\u0142y z\u0142\u0105czone<br \/>\nNieba i ziemi sprawy<br \/>\n\u017be nast\u0119puje korespondencja pomi\u0119dzy nimi<\/p>\n<p>Tak B\u00f3g zechcia\u0142<br \/>\nAby\u015bmy si\u0119 modlili<br \/>\nZa zmar\u0142ych naszych<\/p>\n<p>I kiedy\u015b po drugiej stronie<br \/>\nSi\u0119 przekonamy<br \/>\nIle modlitwa za zmar\u0142ych<br \/>\nTych \u017cyj\u0105cych znaczy<\/p>\n<p><strong>5.<\/strong><br \/>\nB\u00f3g jest dobry<br \/>\nOni s\u0105 blisko niego<br \/>\nAle oczyszczaj\u0105 si\u0119 jeszcze<br \/>\nAby by\u0107 godnymi Jego mi\u0142o\u015bci<\/p>\n<p>I w tym pom\u00f3c mo\u017ce<br \/>\nProste za nich westchnienie<br \/>\nMo\u017ce ul\u017cy\u0107 ich cierpieniu<\/p>\n<p>Czy\u017c tego nie warto zrobi\u0107<br \/>\nTo tak ma\u0142o<br \/>\nA tak wiele mo\u017ce im pom\u00f3c<\/p>\n<p><strong>6.<\/strong><br \/>\nZmarli kochani<br \/>\nDusze w czy\u015b\u0107cu cierpi\u0105ce<br \/>\nWy tak\u017ce wiele mo\u017cecie wyprosi\u0107<br \/>\nWiem o tym<\/p>\n<p>I dla nas i ca\u0142ego \u015bwiata<br \/>\nPrzekona\u0142em si\u0119 o tym<br \/>\nNiejednokrotnie<\/p>\n<p>Dzi\u0119kuj\u0119 wam<br \/>\nI o was pami\u0119ta\u0107 si\u0119 staram<\/p>\n<p><strong>7.<\/strong><br \/>\nWypominkowy teraz czas<br \/>\nKo\u0144czy si\u0119 ju\u017c<br \/>\nLecz nie tylko w tym czasie<br \/>\nAle zawsze<br \/>\nTrzeba stara\u0107 si\u0119 pami\u0119ta\u0107<br \/>\nO zmar\u0142ych naszych<br \/>\nA oni na pewno<br \/>\nSi\u0119 odwdzi\u0119cz\u0105<br \/>\nSw\u0105 opiek\u0105 subteln\u0105<\/p>\n<p><img decoding=\"async\" class=\"css-9pa8cd\" draggable=\"true\" src=\"https:\/\/pbs.twimg.com\/media\/EmU3s-NWEAIEqTn?format=jpg&amp;name=small\" alt=\"Image\" \/><\/p>\n<p><em>Na zdj. Maryja Niepokalana<\/em><br \/>\n<em>Na frontonie ko\u015bcio\u0142a w Zab\u0142udowie<\/em><br \/>\n<em>Zmar\u0142ych dusze<\/em><br \/>\n<em>Zawsze na ni\u0105 czekaj\u0105<\/em><br \/>\n<em>Jej wypatruj\u0105<\/em><br \/>\n<em>Dlatego nazywaj\u0105 j\u0105 Gwiazd\u0105 Morza<\/em><br \/>\n<em>Ona ich cierpienie rozja\u015bnia<\/em><br \/>\n<em>\u0141agodzi b\u00f3l oddalenia od Boga<\/em><\/p>\n<p><a href=\"https:\/\/www.youtube.com\/watch?v=drJNAFwRQHs\"><em><strong>Budka Suflera &#8211; Martwe Morze<\/strong><\/em><\/a><\/p>\n","protected":false},"excerpt":{"rendered":"<p>Moc wypominania \/ wszystkich wiernych zmar\u0142ych 1. Za zmar\u0142ych modlitwa Jest zawsze potrzebna Oni za nami Te\u017c si\u0119 wstawiaj\u0105 S\u0105 \u017cebrakami Bo\u017cej mi\u0142o\u015bci I modlitwy&hellip;<\/p>\n","protected":false},"author":1,"featured_media":0,"parent":0,"menu_order":0,"comment_status":"closed","ping_status":"closed","template":"","meta":{"_customify_content_layout":"","_customify_sidebar":"","_customify_page_header_display":"","_customify_disable_header":"","_customify_disable_header_top":"","_customify_disable_header_main":"","_customify_disable_header_bottom":"","_customify_disable_page_title":"","_customify_disable_content_vertical_padding":"","_customify_disable_footer_top":"","_customify_disable_footer_main":"","_customify_disable_footer_bottom":"","_customify_breadcrumb_display":"","_customify_header_transparent_display":"","footnotes":""},"class_list":["post-3480","page","type-page","status-publish","hentry"],"_links":{"self":[{"href":"https:\/\/hubertpietka.bialystok.pl\/index.php?rest_route=\/wp\/v2\/pages\/3480","targetHints":{"allow":["GET"]}}],"collection":[{"href":"https:\/\/hubertpietka.bialystok.pl\/index.php?rest_route=\/wp\/v2\/pages"}],"about":[{"href":"https:\/\/hubertpietka.bialystok.pl\/index.php?rest_route=\/wp\/v2\/types\/page"}],"author":[{"embeddable":true,"href":"https:\/\/hubertpietka.bialystok.pl\/index.php?rest_route=\/wp\/v2\/users\/1"}],"replies":[{"embeddable":true,"href":"https:\/\/hubertpietka.bialystok.pl\/index.php?rest_route=%2Fwp%2Fv2%2Fcomments&post=3480"}],"version-history":[{"count":7,"href":"https:\/\/hubertpietka.bialystok.pl\/index.php?rest_route=\/wp\/v2\/pages\/3480\/revisions"}],"predecessor-version":[{"id":3487,"href":"https:\/\/hubertpietka.bialystok.pl\/index.php?rest_route=\/wp\/v2\/pages\/3480\/revisions\/3487"}],"wp:attachment":[{"href":"https:\/\/hubertpietka.bialystok.pl\/index.php?rest_route=%2Fwp%2Fv2%2Fmedia&parent=3480"}],"curies":[{"name":"wp","href":"https:\/\/api.w.org\/{rel}","templated":true}]}}