{"id":3976,"date":"2021-05-04T07:13:04","date_gmt":"2021-05-04T07:13:04","guid":{"rendered":"http:\/\/hubertpietka.bialystok.pl\/?page_id=3976"},"modified":"2021-05-04T07:22:51","modified_gmt":"2021-05-04T07:22:51","slug":"krawiec-kra-kra-wiec","status":"publish","type":"page","link":"https:\/\/hubertpietka.bialystok.pl\/?page_id=3976","title":{"rendered":"Krawiec \/ kra, kra &#8211; wi\u0119c"},"content":{"rendered":"<p><em><strong>Krawiec \/ kra, kra &#8211; wi\u0119c<\/strong><\/em><\/p>\n<p>Na zewn\u0105trz<br \/>\nNa dworze<br \/>\nPr\u00f3buj\u0105 nam przyda\u0107<br \/>\nSzaty nowe<\/p>\n<p>Dotyczy to<br \/>\nMnie mojej \u017cony<br \/>\nI naszego ma\u0142ego pieska<br \/>\n\u015amier\u0107 szyta na miar\u0119 niejako<br \/>\nDla ka\u017cdego z nas odpowiednia<\/p>\n<p>Zreszt\u0105<br \/>\nNie tylko na zewn\u0105trz<br \/>\nW wielu innych miejscach<br \/>\nNie pomijaj\u0105c domu<br \/>\nAle tu inaczej troch\u0119<\/p>\n<p><strong>1.<\/strong><br \/>\n\u015amier\u0107 szyta na miar\u0119<br \/>\nKa\u017cdego z nas<br \/>\nOdpowiednio ukrojona<br \/>\nSzata-n-a \u017cycie nasze<br \/>\nTak to mo\u017ce wygl\u0105da\u0107<\/p>\n<p>Nie s\u0105 to jednak niestety<br \/>\nKamizelki kuloodporne<br \/>\nAle chc\u0105 na nas na\u0142o\u017cy\u0107<br \/>\nKoszule Dejaniry<br \/>\nPal\u0105ce od wewn\u0105trz<\/p>\n<p><strong>2.<\/strong><br \/>\nChcieliby te\u017c mo\u017ce niekt\u00f3rzy<br \/>\nNa nas na\u0142o\u017cy\u0107<br \/>\nSzaty purpurowe<br \/>\nAle m\u0119cze\u0144stwo<br \/>\nJest do\u015b\u0107 niebezpieczne<\/p>\n<p>Albo te\u017c<br \/>\nG\u0142owy nam nakry\u0107<br \/>\nBrudnymi chustami<br \/>\nJak na skaza\u0144cach<br \/>\nI straci\u0107 nas niby legalnie<\/p>\n<p><strong>3.<\/strong><br \/>\nA ja wol\u0119 koszulk\u0119 pi\u0142karsk\u0105<\/p>\n<p>Nie potrzebujemy sz(m)at waszych<br \/>\nPrzydawanych nam sztucznie<br \/>\nAby nam zada\u0107<br \/>\n\u015amier\u0107 nie w\u0142asn\u0105 nasz\u0105<\/p>\n<p>W Kr\u00f3lestwie Bo\u017cym<br \/>\nDostaniemy kiedy\u015b szaty nowe<br \/>\nBut not yet<br \/>\nW naszym nie waszym czasie<br \/>\nTak ufam w Panu<\/p>\n<p>A p\u00f3ki co nam wystarczy<br \/>\nP\u0142aszcz Naj\u015bwi\u0119tszej Maryi Panny<br \/>\nNiech okrywa nas nim ona<br \/>\nBy nie spe\u0142ni\u0142y si\u0119 wasze<br \/>\nZamiary i plany zbrodni<\/p>\n<p><a href=\"http:\/\/hubertpietka.bialystok.pl\/wp-content\/uploads\/2021\/05\/IMG_20210504_081008.jpg\"><img loading=\"lazy\" decoding=\"async\" class=\"alignnone size-thumbnail wp-image-3977\" src=\"http:\/\/hubertpietka.bialystok.pl\/wp-content\/uploads\/2021\/05\/IMG_20210504_081008-150x150.jpg\" alt=\"\" width=\"150\" height=\"150\" srcset=\"https:\/\/hubertpietka.bialystok.pl\/wp-content\/uploads\/2021\/05\/IMG_20210504_081008-150x150.jpg 150w, https:\/\/hubertpietka.bialystok.pl\/wp-content\/uploads\/2021\/05\/IMG_20210504_081008-75x75.jpg 75w\" sizes=\"auto, (max-width: 150px) 100vw, 150px\" \/><\/a><\/p>\n<p><em>Na zdj. Boisko pi\u0142karskie<\/em><br \/>\n<em> AKS 1947 Busko Zdr\u00f3j<\/em><br \/>\n<em> A w tle ko\u015bci\u00f3\u0142 \u015bw. Brata Alberta jest<\/em><br \/>\nWczoraj by\u0142 tam mecz<\/p>\n<p><strong>Pisano w dzie\u0144<\/strong><br \/>\n<strong> W kt\u00f3rym wspominany liturgicznie by\u0142<\/strong><br \/>\n<strong> \u015aw. *A-ta-na-zy*<\/strong><br \/>\n<strong> *A ta* Maryja<\/strong><br \/>\n<strong> *Na* ziemi<\/strong><br \/>\n<strong> *Z* nieba<\/strong><br \/>\n<strong> Niech potrzebnych \u0142ask nam udziela<\/strong><br \/>\n<strong> By w Panu i przez Pana<\/strong><br \/>\n<strong>To co wa\u017cne mog\u0142o by\u0107 nam przydane<\/strong><br \/>\n<strong> By\u015bmy odrzuci\u0107 mogli<\/strong><br \/>\n<strong> Brudne ubrania na nas nak\u0142adane<\/strong><br \/>\n<strong>Podst\u0119pu przemocy jakiejkolwiek<\/strong><\/p>\n<hr \/>\n<p><em><strong>+ Aneks<\/strong><\/em><\/p>\n<p>Tak wiem<br \/>\nDla was<br \/>\nJest to tylko kwestia czasu<br \/>\nI niejako smaku<br \/>\nW jaki spos\u00f3b nas zabi\u0107<\/p>\n<p>Kategoria<br \/>\nMo\u017cna powiedzie\u0107<br \/>\nEstetyczna<\/p>\n<p>Dzi\u015b \u015bw. Floriana jest<br \/>\nImi\u0119 jego znaczy &#8222;kwitn\u0105cy kwiat&#8221;<br \/>\n\u015amier\u0107 te\u017c mo\u017cna odpowiednio przedstawia\u0107<br \/>\nTak aby w\u0142a\u015bciwie wygl\u0105da\u0142a<br \/>\nJako konieczno\u015b\u0107 dziejowa usprawiedliwiona<br \/>\nTak czy inaczej<br \/>\nTaki mo\u017cna powiedzie\u0107 kwiatek<\/p>\n<p>Czy\u017c to te\u017c<br \/>\nNie dotyczy w spos\u00f3b jaki\u015b<br \/>\nR\u00f3\u017cnych bliskich naszych<\/p>\n<p><a href=\"http:\/\/hubertpietka.bialystok.pl\/wp-content\/uploads\/2021\/05\/IMG_20210504_081022.jpg\"><img loading=\"lazy\" decoding=\"async\" class=\"alignnone size-thumbnail wp-image-3978\" src=\"http:\/\/hubertpietka.bialystok.pl\/wp-content\/uploads\/2021\/05\/IMG_20210504_081022-150x150.jpg\" alt=\"\" width=\"150\" height=\"150\" srcset=\"https:\/\/hubertpietka.bialystok.pl\/wp-content\/uploads\/2021\/05\/IMG_20210504_081022-150x150.jpg 150w, https:\/\/hubertpietka.bialystok.pl\/wp-content\/uploads\/2021\/05\/IMG_20210504_081022-75x75.jpg 75w\" sizes=\"auto, (max-width: 150px) 100vw, 150px\" \/><\/a><\/p>\n<p><em>Na zdj. Jezus i Naj\u015bwi\u0119tsza Maryja Panna<\/em><br \/>\n<em>Uchwyci\u0107 si\u0119 te\u017c p\u0142aszcza Jezusa<\/em><br \/>\n<em>Ci\u0105gle na nowo<\/em><br \/>\n<em>Niech moc wychodzi z Niego<\/em><br \/>\n<em>I nas obroni<\/em><br \/>\n<em>By\u015bmy przez wiar\u0119 w Niego<\/em><br \/>\n<em>Zachowani by\u0107 mogli<\/em><\/p>\n<p><em>Ko\u015bci\u00f3\u0142 w Chmielniku<\/em><br \/>\n<em>W miejscu narodzin mojej \u017cony<\/em><br \/>\n<em>Wiele to znacz\u0105ce<\/em><br \/>\n<em>Jezu ufam Tobie<\/em><\/p>\n<p style=\"text-align: center;\"><a href=\"https:\/\/youtu.be\/p5kNnhEfFGk\"><strong><em>\u00a0Ile krwi &#8211; Renata Przemyk<\/em><\/strong><\/a><\/p>\n","protected":false},"excerpt":{"rendered":"<p>Krawiec \/ kra, kra &#8211; wi\u0119c Na zewn\u0105trz Na dworze Pr\u00f3buj\u0105 nam przyda\u0107 Szaty nowe Dotyczy to Mnie mojej \u017cony I naszego ma\u0142ego pieska \u015amier\u0107&hellip; <\/p>\n","protected":false},"author":1,"featured_media":0,"parent":0,"menu_order":0,"comment_status":"closed","ping_status":"closed","template":"","meta":{"footnotes":""},"class_list":["post-3976","page","type-page","status-publish","hentry"],"_links":{"self":[{"href":"https:\/\/hubertpietka.bialystok.pl\/index.php?rest_route=\/wp\/v2\/pages\/3976","targetHints":{"allow":["GET"]}}],"collection":[{"href":"https:\/\/hubertpietka.bialystok.pl\/index.php?rest_route=\/wp\/v2\/pages"}],"about":[{"href":"https:\/\/hubertpietka.bialystok.pl\/index.php?rest_route=\/wp\/v2\/types\/page"}],"author":[{"embeddable":true,"href":"https:\/\/hubertpietka.bialystok.pl\/index.php?rest_route=\/wp\/v2\/users\/1"}],"replies":[{"embeddable":true,"href":"https:\/\/hubertpietka.bialystok.pl\/index.php?rest_route=%2Fwp%2Fv2%2Fcomments&post=3976"}],"version-history":[{"count":2,"href":"https:\/\/hubertpietka.bialystok.pl\/index.php?rest_route=\/wp\/v2\/pages\/3976\/revisions"}],"predecessor-version":[{"id":3980,"href":"https:\/\/hubertpietka.bialystok.pl\/index.php?rest_route=\/wp\/v2\/pages\/3976\/revisions\/3980"}],"wp:attachment":[{"href":"https:\/\/hubertpietka.bialystok.pl\/index.php?rest_route=%2Fwp%2Fv2%2Fmedia&parent=3976"}],"curies":[{"name":"wp","href":"https:\/\/api.w.org\/{rel}","templated":true}]}}