{"id":4155,"date":"2021-06-18T20:44:10","date_gmt":"2021-06-18T20:44:10","guid":{"rendered":"http:\/\/hubertpietka.bialystok.pl\/?page_id=4155"},"modified":"2021-06-18T20:44:10","modified_gmt":"2021-06-18T20:44:10","slug":"szal-onych-a-szalony","status":"publish","type":"page","link":"https:\/\/hubertpietka.bialystok.pl\/?page_id=4155","title":{"rendered":"Sza\u0142 onych \/ a szalony"},"content":{"rendered":"<p><em><strong>Sza\u0142 onych \/ a szalony<\/strong><\/em><\/p>\n<p><em>Czy wiesz jak ci\u0119\u017cko jest<\/em><br \/>\n<em>Walczy\u0107 z ka\u017cdym nowym dniem<\/em><br \/>\nCzeka\u0107 ka\u017cdego dnia i noc\u0105<br \/>\nKiedy przyjd\u0105 oni po mnie<\/p>\n<p>Czy wiesz<br \/>\nMo\u017ce ud\u017awigniesz jeszcze<br \/>\nTroch\u0119 mych (sic!) szale\u0144stw<\/p>\n<p>Polakami jeste\u015bcie ja tak\u017ce<br \/>\nNawet mo\u017ce bardziej<br \/>\nPrzez do\u015bwiadczenia r\u00f3\u017cne prze\u017cywane i tu i tam<br \/>\nS\u0142ugami Boga s\u0105 ja bardziej<br \/>\nZnie\u015bcie jeszcze troch\u0119 mego tu i tego<br \/>\nPrzez wierno\u015b\u0107 Bogu i zdrowej nauce Ko\u015bcio\u0142a<br \/>\nPrzez trudy cierpienia l\u0119ki udr\u0119ki<br \/>\nBez mrugni\u0119cia okiem znosicie r\u00f3\u017cne szale\u0144stwa<br \/>\nTo mo\u017ce i mnie wytrzymacie<br \/>\nI tego troch\u0119 mojego<\/p>\n<p>Dzisiaj wspominana \u015bw. *Os-anna*<br \/>\nJeszcze jedno z moich szale\u0144stw<br \/>\n<em>Czy wiesz jak trudno jest<\/em><br \/>\nCzeka\u0107 a\u017c w\u015bciek\u0142a jaka\u015b *osa Ann\u0119* u\u017c\u0105dli<br \/>\nZada jej \u015bmier\u0107 od razu<br \/>\nCzy powoli poprzez poszczeg\u00f3lne uk\u0105szenia os w\u015bciek\u0142ych r\u00f3\u017cnych<br \/>\n*Oos-Annie* tak jak w karat\u0119 cios jej zada\u0107<br \/>\nA ja mam na to spokojnie czeka\u0107<br \/>\nI podzi\u0119kowa\u0107 mo\u017ce jeszcze<br \/>\nDlatego wo\u0142am Hosanna<br \/>\n(Inny wariant tej \u015bwi\u0119tej imienia)<br \/>\nBo\u017ce pom\u00f3\u017c ulituj si\u0119 obro\u0144<br \/>\nI tyle na dzi\u015b mych szale\u0144stw wystarczy<\/p>\n<p><a href=\"http:\/\/hubertpietka.bialystok.pl\/wp-content\/uploads\/2021\/06\/IMG_20210618_223616.jpg\"><img decoding=\"async\" class=\"alignnone size-thumbnail wp-image-4156\" src=\"http:\/\/hubertpietka.bialystok.pl\/wp-content\/uploads\/2021\/06\/IMG_20210618_223616-150x150.jpg\" alt=\"\" width=\"150\" height=\"150\" srcset=\"https:\/\/hubertpietka.bialystok.pl\/wp-content\/uploads\/2021\/06\/IMG_20210618_223616-150x150.jpg 150w, https:\/\/hubertpietka.bialystok.pl\/wp-content\/uploads\/2021\/06\/IMG_20210618_223616-75x75.jpg 75w\" sizes=\"(max-width: 150px) 100vw, 150px\" \/><\/a><\/p>\n<p><em>Na zdj. W Chmielniku Matka Bo\u017ca Fatimska<\/em><br \/>\n<em> I adoracja eucharystyczna i \u015bw. Jan Pawe\u0142 II<\/em><br \/>\n<em> \u015aw. Hosanna pochodzi\u0142a z *Man-tui*<\/em><br \/>\n<em> Maryjo miej w opiece wszystkich twoich ludzi<\/em><br \/>\n<em> Podpisano cz\u0142owiek tw\u00f3j<\/em><\/p>\n","protected":false},"excerpt":{"rendered":"<p>Sza\u0142 onych \/ a szalony Czy wiesz jak ci\u0119\u017cko jest Walczy\u0107 z ka\u017cdym nowym dniem Czeka\u0107 ka\u017cdego dnia i noc\u0105 Kiedy przyjd\u0105 oni po mnie&hellip;<\/p>\n","protected":false},"author":1,"featured_media":0,"parent":0,"menu_order":0,"comment_status":"closed","ping_status":"closed","template":"","meta":{"_customify_content_layout":"","_customify_sidebar":"","_customify_page_header_display":"","_customify_disable_header":"","_customify_disable_header_top":"","_customify_disable_header_main":"","_customify_disable_header_bottom":"","_customify_disable_page_title":"","_customify_disable_content_vertical_padding":"","_customify_disable_footer_top":"","_customify_disable_footer_main":"","_customify_disable_footer_bottom":"","_customify_breadcrumb_display":"","_customify_header_transparent_display":"","footnotes":""},"class_list":["post-4155","page","type-page","status-publish","hentry"],"_links":{"self":[{"href":"https:\/\/hubertpietka.bialystok.pl\/index.php?rest_route=\/wp\/v2\/pages\/4155","targetHints":{"allow":["GET"]}}],"collection":[{"href":"https:\/\/hubertpietka.bialystok.pl\/index.php?rest_route=\/wp\/v2\/pages"}],"about":[{"href":"https:\/\/hubertpietka.bialystok.pl\/index.php?rest_route=\/wp\/v2\/types\/page"}],"author":[{"embeddable":true,"href":"https:\/\/hubertpietka.bialystok.pl\/index.php?rest_route=\/wp\/v2\/users\/1"}],"replies":[{"embeddable":true,"href":"https:\/\/hubertpietka.bialystok.pl\/index.php?rest_route=%2Fwp%2Fv2%2Fcomments&post=4155"}],"version-history":[{"count":1,"href":"https:\/\/hubertpietka.bialystok.pl\/index.php?rest_route=\/wp\/v2\/pages\/4155\/revisions"}],"predecessor-version":[{"id":4157,"href":"https:\/\/hubertpietka.bialystok.pl\/index.php?rest_route=\/wp\/v2\/pages\/4155\/revisions\/4157"}],"wp:attachment":[{"href":"https:\/\/hubertpietka.bialystok.pl\/index.php?rest_route=%2Fwp%2Fv2%2Fmedia&parent=4155"}],"curies":[{"name":"wp","href":"https:\/\/api.w.org\/{rel}","templated":true}]}}