{"id":4208,"date":"2021-07-02T22:12:20","date_gmt":"2021-07-02T22:12:20","guid":{"rendered":"http:\/\/hubertpietka.bialystok.pl\/?page_id=4208"},"modified":"2021-07-08T05:53:14","modified_gmt":"2021-07-08T05:53:14","slug":"co-sie-stalo-ptakom","status":"publish","type":"page","link":"https:\/\/hubertpietka.bialystok.pl\/?page_id=4208","title":{"rendered":"Co si\u0119 sta\u0142o ptakom"},"content":{"rendered":"<p><em><strong>Co si\u0119 sta\u0142o ptakom<\/strong><\/em><\/p>\n<p><em>Nie ma *ja-sk\u00f3\u0142ki*<\/em><br \/>\n<em> Bo mam by\u0107 *ja skuty*<\/em><\/p>\n<p>Oni \u017cywi\u0105 zamiary nieustanne<br \/>\nMnie pojmania i<br \/>\nD\u0105\u017c\u0105 do tego stale<br \/>\nUfno\u015b\u0107 mam jednak w Panu<br \/>\n\u017be tak si\u0119 nie stanie<\/p>\n<p><a href=\"http:\/\/hubertpietka.bialystok.pl\/wp-content\/uploads\/2021\/07\/IMG_20210702_232842.jpg\"><img loading=\"lazy\" decoding=\"async\" class=\"alignnone size-thumbnail wp-image-4210\" src=\"http:\/\/hubertpietka.bialystok.pl\/wp-content\/uploads\/2021\/07\/IMG_20210702_232842-150x150.jpg\" alt=\"\" width=\"150\" height=\"150\" srcset=\"https:\/\/hubertpietka.bialystok.pl\/wp-content\/uploads\/2021\/07\/IMG_20210702_232842-150x150.jpg 150w, https:\/\/hubertpietka.bialystok.pl\/wp-content\/uploads\/2021\/07\/IMG_20210702_232842-75x75.jpg 75w\" sizes=\"auto, (max-width: 150px) 100vw, 150px\" \/><\/a><\/p>\n<p><em>Na zdj. \u015aw. Bernardyn ze Sieny<\/em><br \/>\n<em> Przy klasztorze bernardy\u0144skim w Tarnowie<\/em><br \/>\n<em> Brat szary z wilkiem<\/em><br \/>\n<em> Moje siostry szare jask\u00f3\u0142ki<\/em><br \/>\n<em> Wy do mnie wr\u00f3\u0107cie<\/em><\/p>\n<p><strong>Jutro \u015bw. Tomasza Aposto\u0142a<\/strong><br \/>\n<strong> Wed\u0142ug jednego z apokryf\u00f3w<\/strong><br \/>\n<strong> Kt\u00f3ry go dotyczy\u0142<\/strong><br \/>\n<strong> Jezus kiedy by\u0142 dzieckiem<\/strong><br \/>\n<strong> Lepi\u0142 ptaszki z gliny i je o\u017cywia\u0142<\/strong><\/p>\n<hr \/>\n<p>Dobra wiadomo\u015b\u0107 jest taka<br \/>\n\u017be po ca\u0142ej dobie ju\u017c prawie<br \/>\nWr\u00f3ci\u0142y siostry szare<br \/>\nPrzynajmniej na razie<\/p>\n<hr \/>\n<p>Ptaki szare siostry wr\u00f3ci\u0142y<br \/>\nAle tylko na chwil\u0119<br \/>\nA jak b\u0119dzie dalej<br \/>\nPojawiaj\u0105 si\u0119 i znikaj\u0105<br \/>\nA jak to dzieje si\u0119<br \/>\nB\u00f3g to wie<br \/>\nPrzecie\u017c ptaki s\u0105 wierne<\/p>\n","protected":false},"excerpt":{"rendered":"<p>Co si\u0119 sta\u0142o ptakom Nie ma *ja-sk\u00f3\u0142ki* Bo mam by\u0107 *ja skuty* Oni \u017cywi\u0105 zamiary nieustanne Mnie pojmania i D\u0105\u017c\u0105 do tego stale Ufno\u015b\u0107 mam&hellip; <\/p>\n","protected":false},"author":1,"featured_media":0,"parent":0,"menu_order":0,"comment_status":"closed","ping_status":"closed","template":"","meta":{"footnotes":""},"class_list":["post-4208","page","type-page","status-publish","hentry"],"_links":{"self":[{"href":"https:\/\/hubertpietka.bialystok.pl\/index.php?rest_route=\/wp\/v2\/pages\/4208","targetHints":{"allow":["GET"]}}],"collection":[{"href":"https:\/\/hubertpietka.bialystok.pl\/index.php?rest_route=\/wp\/v2\/pages"}],"about":[{"href":"https:\/\/hubertpietka.bialystok.pl\/index.php?rest_route=\/wp\/v2\/types\/page"}],"author":[{"embeddable":true,"href":"https:\/\/hubertpietka.bialystok.pl\/index.php?rest_route=\/wp\/v2\/users\/1"}],"replies":[{"embeddable":true,"href":"https:\/\/hubertpietka.bialystok.pl\/index.php?rest_route=%2Fwp%2Fv2%2Fcomments&post=4208"}],"version-history":[{"count":5,"href":"https:\/\/hubertpietka.bialystok.pl\/index.php?rest_route=\/wp\/v2\/pages\/4208\/revisions"}],"predecessor-version":[{"id":4235,"href":"https:\/\/hubertpietka.bialystok.pl\/index.php?rest_route=\/wp\/v2\/pages\/4208\/revisions\/4235"}],"wp:attachment":[{"href":"https:\/\/hubertpietka.bialystok.pl\/index.php?rest_route=%2Fwp%2Fv2%2Fmedia&parent=4208"}],"curies":[{"name":"wp","href":"https:\/\/api.w.org\/{rel}","templated":true}]}}