{"id":4255,"date":"2021-07-11T07:22:43","date_gmt":"2021-07-11T07:22:43","guid":{"rendered":"http:\/\/hubertpietka.bialystok.pl\/?page_id=4255"},"modified":"2021-07-11T07:22:43","modified_gmt":"2021-07-11T07:22:43","slug":"s-prawa-lewa","status":"publish","type":"page","link":"https:\/\/hubertpietka.bialystok.pl\/?page_id=4255","title":{"rendered":"S-prawa \/ lewa"},"content":{"rendered":"<p><em><strong>S-prawa \/ lewa<\/strong><\/em><\/p>\n<p>Co do mojej \u017cony sprawy<br \/>\nWszystko fa\u0142szywe<br \/>\nOd oskar\u017cenia pocz\u0105wszy<br \/>\nA sko\u0144czywszy na wyroku niesprawiedliwym<br \/>\nWszystko fa\u0142szywe<\/p>\n<p>\/<br \/>\nKt\u00f3rzy si\u0119 godz\u0105 z jawnie pora\u017caj\u0105c\u0105 niesprawiedliwo\u015bci\u0105<br \/>\nKt\u00f3rzy zachowuj\u0105 si\u0119 jak Pi\u0142aci<br \/>\nCi\u0105gle swe r\u0119ce od odpowiedzialno\u015bci oczywistej umywaj\u0105c<br \/>\nKt\u00f3rzy jak hieny czekaj\u0105 na jak\u0105kolwiek spu\u015bcizn\u0119<br \/>\nKt\u00f3rzy m\u00f3wi\u0105 \u017ce nie ma prawdy jedynej<br \/>\nNie chc\u0105 jej zna\u0107 i przyj\u0105\u0107<br \/>\n\/<\/p>\n<p>Bo za to j\u0105 skazali<br \/>\n\u017be wod\u0119 spragnionemu podaje<br \/>\nCo jest przecie\u017c naturalne<br \/>\nKiedy si\u0119 chce trwa\u0107 w Bogu w prawdzie<\/p>\n<p>A ja c\u00f3\u017c<br \/>\nMog\u0119 by\u0107 jak dr\u017c\u0105cy<br \/>\nNa wietrze osikowy li\u015b\u0107<br \/>\nBo ci niemal nieustannie maj\u0105 po mnie przyj\u015b\u0107<br \/>\nLecz wol\u0119 by\u0107 jak ig\u0142a sosny cho\u0107by<br \/>\nWiecznie zielony czysty i prosty<br \/>\nTak mi Bo\u017ce dopom\u00f3\u017c<\/p>\n<p><a href=\"http:\/\/hubertpietka.bialystok.pl\/wp-content\/uploads\/2021\/07\/IMG_20210711_085646.jpg\"><img loading=\"lazy\" decoding=\"async\" class=\"alignnone size-thumbnail wp-image-4256\" src=\"http:\/\/hubertpietka.bialystok.pl\/wp-content\/uploads\/2021\/07\/IMG_20210711_085646-150x150.jpg\" alt=\"\" width=\"150\" height=\"150\" srcset=\"https:\/\/hubertpietka.bialystok.pl\/wp-content\/uploads\/2021\/07\/IMG_20210711_085646-150x150.jpg 150w, https:\/\/hubertpietka.bialystok.pl\/wp-content\/uploads\/2021\/07\/IMG_20210711_085646-75x75.jpg 75w\" sizes=\"auto, (max-width: 150px) 100vw, 150px\" \/><\/a><\/p>\n<p><em>Na zdj. \u015aw. Wojciech przy jednym z ko\u015bcio\u0142\u00f3w w Kielcach<\/em><br \/>\n<em> Duchowy syn wspominanego dzi\u015b patrona Europy \u015bw. Benedykta<\/em><br \/>\n<em> \u015aw. Benedykt mia\u0142 te\u017c \u015bw. Scholastyk\u0119 siostr\u0119<\/em><br \/>\n<em> B\u0142ogos\u0142aw Panie nasze ma\u0142\u017ce\u0144stwo<\/em><br \/>\n<em> Siostrzano-bratnie teraz i zawsze<\/em><\/p>\n<p><em><a href=\"https:\/\/youtu.be\/z_opx6f8yHc\"><strong>Sosnowski &#8211; Run on<\/strong><\/a><\/em><\/p>\n<p style=\"text-align: center;\"><a href=\"https:\/\/youtu.be\/CcG2FqXg3WE\"><em><strong>Sosnowski &#8211; G\u0142ow\u0105 w d\u00f3\u0142<\/strong><\/em><\/a><\/p>\n<p style=\"text-align: center;\"><a href=\"https:\/\/youtu.be\/GeewBx2PU_E\"><em><strong>Sosnowski &#8211; Dalej<\/strong><\/em><\/a><\/p>\n<p style=\"text-align: right;\"><a href=\"https:\/\/youtu.be\/wcKjP0L_B9k\"><em><strong>Sosnowski &#8211; Deszcz<\/strong><\/em><\/a><\/p>\n","protected":false},"excerpt":{"rendered":"<p>S-prawa \/ lewa Co do mojej \u017cony sprawy Wszystko fa\u0142szywe Od oskar\u017cenia pocz\u0105wszy A sko\u0144czywszy na wyroku niesprawiedliwym Wszystko fa\u0142szywe \/ Kt\u00f3rzy si\u0119 godz\u0105 z&hellip; <\/p>\n","protected":false},"author":1,"featured_media":0,"parent":0,"menu_order":0,"comment_status":"closed","ping_status":"closed","template":"","meta":{"footnotes":""},"class_list":["post-4255","page","type-page","status-publish","hentry"],"_links":{"self":[{"href":"https:\/\/hubertpietka.bialystok.pl\/index.php?rest_route=\/wp\/v2\/pages\/4255","targetHints":{"allow":["GET"]}}],"collection":[{"href":"https:\/\/hubertpietka.bialystok.pl\/index.php?rest_route=\/wp\/v2\/pages"}],"about":[{"href":"https:\/\/hubertpietka.bialystok.pl\/index.php?rest_route=\/wp\/v2\/types\/page"}],"author":[{"embeddable":true,"href":"https:\/\/hubertpietka.bialystok.pl\/index.php?rest_route=\/wp\/v2\/users\/1"}],"replies":[{"embeddable":true,"href":"https:\/\/hubertpietka.bialystok.pl\/index.php?rest_route=%2Fwp%2Fv2%2Fcomments&post=4255"}],"version-history":[{"count":2,"href":"https:\/\/hubertpietka.bialystok.pl\/index.php?rest_route=\/wp\/v2\/pages\/4255\/revisions"}],"predecessor-version":[{"id":4258,"href":"https:\/\/hubertpietka.bialystok.pl\/index.php?rest_route=\/wp\/v2\/pages\/4255\/revisions\/4258"}],"wp:attachment":[{"href":"https:\/\/hubertpietka.bialystok.pl\/index.php?rest_route=%2Fwp%2Fv2%2Fmedia&parent=4255"}],"curies":[{"name":"wp","href":"https:\/\/api.w.org\/{rel}","templated":true}]}}