{"id":4325,"date":"2021-07-31T08:27:14","date_gmt":"2021-07-31T08:27:14","guid":{"rendered":"http:\/\/hubertpietka.bialystok.pl\/?page_id=4325"},"modified":"2021-07-31T08:27:14","modified_gmt":"2021-07-31T08:27:14","slug":"bajka-o-pewnych-krasnoludkach-w-swiecie-wielkoludow","status":"publish","type":"page","link":"https:\/\/hubertpietka.bialystok.pl\/?page_id=4325","title":{"rendered":"Bajka o pewnych krasnoludkach \/ w \u015bwiecie wielkolud\u00f3w"},"content":{"rendered":"<p><strong>Bajka o pewnych krasnoludkach \/ w \u015bwiecie wielkolud\u00f3w<\/strong><\/p>\n<p>Pewne krasne czyli ludki barwne<br \/>\nKosza\u0142ek Opa\u0142ek bo lubi\u0142 kosi\u0107 traw\u0119 i fajki pali\u0107<br \/>\nOraz Koc-hanek Lubimniek<br \/>\nZnalaz\u0142y domek po \u015blimaku<br \/>\nPostanowi\u0142y go posprz\u0105ta\u0107 przyozdobi\u0107<br \/>\nI tak zrobi\u0142y<\/p>\n<p>Spotka\u0142y te\u017c Pysza\u0142ka Opi\u0142ka w momencie pewnym<br \/>\nI postanowi\u0142y go przygarn\u0105\u0107 do domku swojego<br \/>\nLecz ten postanowi\u0142<br \/>\n\u017be za wszelk\u0105 cen\u0119 musi zagarn\u0105\u0107 ich domek<\/p>\n<p>I wielkoludom nie podoba\u0142o si\u0119<br \/>\n\u017be Kosza\u0142ek i Koc-hanek \u017cyj\u0105<br \/>\nW mi\u0142o\u015bci pokoju i zgodzie<br \/>\nPostanowili wi\u0119c zburzy\u0107 mir ich<\/p>\n<p>Zabi\u0107 Koc-hanka<br \/>\nBo \u015bwiadczy\u0142 o ich braku prawdziwej mi\u0142o\u015bci<br \/>\nTym \u017ce sam kocha\u0107 bardzo pi\u0119knie potrafi\u0142<br \/>\nI za to \u017ce Lubimniekiem by\u0142<\/p>\n<p>A Kosza\u0142ka postanowili do kosza wsadzi\u0107 pewnego<br \/>\nAby wyko\u0144czy\u0107 i jego<br \/>\nDu\u017co tu m\u00f3wi\u0107 nie trzeba<br \/>\n\u017be Pysza\u0142kowi Opi\u0142kowi to bardzo na r\u0119k\u0119<\/p>\n<p><em>Taki to czas niedobry czas<\/em><br \/>\n<em>Czemu\u017c innego nie ma czasu<\/em><\/p>\n<p><em><a href=\"http:\/\/hubertpietka.bialystok.pl\/wp-content\/uploads\/2021\/07\/IMG_20210731_100227.jpg\"><img loading=\"lazy\" decoding=\"async\" class=\"alignnone size-thumbnail wp-image-4326\" src=\"http:\/\/hubertpietka.bialystok.pl\/wp-content\/uploads\/2021\/07\/IMG_20210731_100227-150x150.jpg\" alt=\"\" width=\"150\" height=\"150\" srcset=\"https:\/\/hubertpietka.bialystok.pl\/wp-content\/uploads\/2021\/07\/IMG_20210731_100227-150x150.jpg 150w, https:\/\/hubertpietka.bialystok.pl\/wp-content\/uploads\/2021\/07\/IMG_20210731_100227-75x75.jpg 75w\" sizes=\"auto, (max-width: 150px) 100vw, 150px\" \/><\/a><\/em><\/p>\n<p><em>Na zdj. Mirowska Pani Pi\u0144czowska<\/em><br \/>\n<em> Ufam mimo wszystko<\/em><br \/>\n<em> \u017be B\u00f3g wspomo\u017ce tych ma\u0142ych<\/em><br \/>\n<em> \u017beby nie spe\u0142ni\u0142y si\u0119 \u017cadne wobec nich<\/em><br \/>\n<em> Zamiary z\u0142owrogie ze strony kt\u00f3rejkolwiek<\/em><\/p>\n<p style=\"text-align: center;\"><a href=\"https:\/\/youtu.be\/1iMbtFR0mk0\"><strong><em>Sztywny Pal Azji &#8211; Wie\u017ca rado\u015bci wie\u017ca samotno\u015bci<\/em><\/strong><\/a><\/p>\n","protected":false},"excerpt":{"rendered":"<p>Bajka o pewnych krasnoludkach \/ w \u015bwiecie wielkolud\u00f3w Pewne krasne czyli ludki barwne Kosza\u0142ek Opa\u0142ek bo lubi\u0142 kosi\u0107 traw\u0119 i fajki pali\u0107 Oraz Koc-hanek Lubimniek&hellip; <\/p>\n","protected":false},"author":1,"featured_media":0,"parent":0,"menu_order":0,"comment_status":"closed","ping_status":"closed","template":"","meta":{"footnotes":""},"class_list":["post-4325","page","type-page","status-publish","hentry"],"_links":{"self":[{"href":"https:\/\/hubertpietka.bialystok.pl\/index.php?rest_route=\/wp\/v2\/pages\/4325","targetHints":{"allow":["GET"]}}],"collection":[{"href":"https:\/\/hubertpietka.bialystok.pl\/index.php?rest_route=\/wp\/v2\/pages"}],"about":[{"href":"https:\/\/hubertpietka.bialystok.pl\/index.php?rest_route=\/wp\/v2\/types\/page"}],"author":[{"embeddable":true,"href":"https:\/\/hubertpietka.bialystok.pl\/index.php?rest_route=\/wp\/v2\/users\/1"}],"replies":[{"embeddable":true,"href":"https:\/\/hubertpietka.bialystok.pl\/index.php?rest_route=%2Fwp%2Fv2%2Fcomments&post=4325"}],"version-history":[{"count":2,"href":"https:\/\/hubertpietka.bialystok.pl\/index.php?rest_route=\/wp\/v2\/pages\/4325\/revisions"}],"predecessor-version":[{"id":4328,"href":"https:\/\/hubertpietka.bialystok.pl\/index.php?rest_route=\/wp\/v2\/pages\/4325\/revisions\/4328"}],"wp:attachment":[{"href":"https:\/\/hubertpietka.bialystok.pl\/index.php?rest_route=%2Fwp%2Fv2%2Fmedia&parent=4325"}],"curies":[{"name":"wp","href":"https:\/\/api.w.org\/{rel}","templated":true}]}}