{"id":4450,"date":"2021-08-26T11:10:41","date_gmt":"2021-08-26T11:10:41","guid":{"rendered":"http:\/\/hubertpietka.bialystok.pl\/?page_id=4450"},"modified":"2021-08-26T11:10:41","modified_gmt":"2021-08-26T11:10:41","slug":"kalasanti-i-benita","status":"publish","type":"page","link":"https:\/\/hubertpietka.bialystok.pl\/?page_id=4450","title":{"rendered":"Kalasanti \/ i Benita"},"content":{"rendered":"<p><em><strong>Kalasanti \/ i Benita<\/strong><\/em><\/p>\n<p>Wczoraj wspominany \u015bw. J\u00f3zef *Kala-santi*<br \/>\nJego imi\u0119 kojarzy mi si\u0119<br \/>\nNie jest to nieuprawnione chyba<br \/>\nZ \u015bwi\u0119to\u015bci kalaniem<\/p>\n<p><strong>1.<\/strong> Niby-kap\u0142ani przy o\u0142tarzu<br \/>\nPrzy sprawowaniu Naj\u015bwi\u0119tszej Ofiary<br \/>\nOni ani siebie ani nikogo nie u\u015bwi\u0119caj\u0105<br \/>\nLecz o\u0142tarz Pa\u0144ski kalaj\u0105<\/p>\n<p><strong>2.<\/strong> O\u0142tarz Pana nie u\u015bwi\u0119ca tych<br \/>\nKt\u00f3rzy do niego nie maj\u0105 odpowiednich ko\u015bcielnych sankcji<br \/>\nTacy niby-r\u00f3\u017cni mog\u0105 raczej gorszy\u0107<br \/>\nPodobnie kap\u0142ani sprawuj\u0105cy Eucharysti\u0119 niegodnie<br \/>\nAle takich ju\u017c B\u00f3g surowo s\u0105dzi\u0142 b\u0119dzie<\/p>\n<p><strong>3.<\/strong> Natomiast b\u0142ogos\u0142awieni kap\u0142ani<br \/>\nTrwaj\u0105cy w czysto\u015bci i pro\u015bci<br \/>\nKt\u00f3rzy ludowi Bo\u017cemu przybli\u017caj\u0105 Boga<br \/>\nTrwaj\u0105c w prawdzie<\/p>\n<hr \/>\n<p>Natomiast \u015bw. Benita wspominana dzisiaj<br \/>\nZnaczy b\u0142ogos\u0142awiona<br \/>\nTak\u0105 jest Naj\u015bwi\u0119tsza Maryja Panna<br \/>\nW Bogu<\/p>\n<p><strong>1.<\/strong> Modl\u0119 si\u0119 do niej<br \/>\nZa nar\u00f3d polski nieustannie<br \/>\nTak aby Polacy<\/p>\n<p><strong>2.<\/strong> Nie wyst\u0119powali przeciwko niewinnemu \u017cyciu<br \/>\nNie wybierali nieuporz\u0105dkowanego \u017cycia intymnego<br \/>\nNie chcieli \u017cy\u0107 w k\u0142amstwie<\/p>\n<p><strong>3.<\/strong> S\u0142abo\u015b\u0107 ludzka jest zwyczajn\u0105 rzecz\u0105<br \/>\nAle jest du\u017ca r\u00f3\u017cnica<br \/>\nPomi\u0119dzy zwyk\u0142\u0105 s\u0142abo\u015bci\u0105 ludzk\u0105<br \/>\nA trwaniem upartym w grzechu<\/p>\n<p><a href=\"http:\/\/hubertpietka.bialystok.pl\/wp-content\/uploads\/2021\/08\/IMG_20210826_124322.jpg\"><img loading=\"lazy\" decoding=\"async\" class=\"alignnone size-thumbnail wp-image-4452\" src=\"http:\/\/hubertpietka.bialystok.pl\/wp-content\/uploads\/2021\/08\/IMG_20210826_124322-150x150.jpg\" alt=\"\" width=\"150\" height=\"150\" srcset=\"https:\/\/hubertpietka.bialystok.pl\/wp-content\/uploads\/2021\/08\/IMG_20210826_124322-150x150.jpg 150w, https:\/\/hubertpietka.bialystok.pl\/wp-content\/uploads\/2021\/08\/IMG_20210826_124322-75x75.jpg 75w\" sizes=\"auto, (max-width: 150px) 100vw, 150px\" \/><\/a><\/p>\n<p><em>Na zdj. Matka Boska Cz\u0119stochowska<\/em><br \/>\n<em> W ko\u015bciele Mi\u0142osierdzia Bo\u017cego w *\u0141om-\u017cy*<\/em><br \/>\n<em> Trzeba zawsze znale\u017a\u0107 \u0142om odpowiedni<\/em><br \/>\n<em> Najlepiej szuka\u0107 go w Bogu<\/em><br \/>\n<em> By nim podwa\u017ca\u0107 k\u0142amstwa wszelkie<\/em><\/p>\n<p><strong>Dzi\u015b Pani Jasnog\u00f3rskiej jest<\/strong><br \/>\n<strong> Ta benita daje odpowiednie narz\u0119dzia<\/strong><br \/>\n<strong> By rozprawia\u0107 si\u0119 z bandyctwem wszelkim<\/strong><br \/>\n<strong> Nawet je\u015bli si\u0119 ono stroi<\/strong><br \/>\n<strong> W szaty \u015bwi\u0119to\u015bci jakiejkolwiek<\/strong><\/p>\n<ol>\n<li style=\"text-align: center;\"><a href=\"https:\/\/youtu.be\/oNQ20BB9BSk\"><em><b>Sutanna uboga &#8211; Joanna Biernat &#8211; Wzruszaj\u0105ca piosenka.. &#8211; podk\u0142ad Jangok<\/b><\/em><\/a><\/li>\n<li style=\"text-align: center;\"><a href=\"https:\/\/youtu.be\/5eh4S6MYzGM\"><em><strong>Dok\u0105d id\u0119<\/strong><\/em><\/a><\/li>\n<li style=\"text-align: center;\"><a href=\"https:\/\/youtu.be\/eb_OvF7SXdw\"><em><strong>Raz dwa trzy &#8211; Ballada o dzikim zachodzie<\/strong><\/em><\/a><\/li>\n<\/ol>\n","protected":false},"excerpt":{"rendered":"<p>Kalasanti \/ i Benita Wczoraj wspominany \u015bw. J\u00f3zef *Kala-santi* Jego imi\u0119 kojarzy mi si\u0119 Nie jest to nieuprawnione chyba Z \u015bwi\u0119to\u015bci kalaniem 1. Niby-kap\u0142ani przy&hellip; <\/p>\n","protected":false},"author":1,"featured_media":0,"parent":0,"menu_order":0,"comment_status":"closed","ping_status":"closed","template":"","meta":{"footnotes":""},"class_list":["post-4450","page","type-page","status-publish","hentry"],"_links":{"self":[{"href":"https:\/\/hubertpietka.bialystok.pl\/index.php?rest_route=\/wp\/v2\/pages\/4450","targetHints":{"allow":["GET"]}}],"collection":[{"href":"https:\/\/hubertpietka.bialystok.pl\/index.php?rest_route=\/wp\/v2\/pages"}],"about":[{"href":"https:\/\/hubertpietka.bialystok.pl\/index.php?rest_route=\/wp\/v2\/types\/page"}],"author":[{"embeddable":true,"href":"https:\/\/hubertpietka.bialystok.pl\/index.php?rest_route=\/wp\/v2\/users\/1"}],"replies":[{"embeddable":true,"href":"https:\/\/hubertpietka.bialystok.pl\/index.php?rest_route=%2Fwp%2Fv2%2Fcomments&post=4450"}],"version-history":[{"count":3,"href":"https:\/\/hubertpietka.bialystok.pl\/index.php?rest_route=\/wp\/v2\/pages\/4450\/revisions"}],"predecessor-version":[{"id":4454,"href":"https:\/\/hubertpietka.bialystok.pl\/index.php?rest_route=\/wp\/v2\/pages\/4450\/revisions\/4454"}],"wp:attachment":[{"href":"https:\/\/hubertpietka.bialystok.pl\/index.php?rest_route=%2Fwp%2Fv2%2Fmedia&parent=4450"}],"curies":[{"name":"wp","href":"https:\/\/api.w.org\/{rel}","templated":true}]}}