{"id":4852,"date":"2021-11-21T00:03:32","date_gmt":"2021-11-21T00:03:32","guid":{"rendered":"http:\/\/hubertpietka.bialystok.pl\/?page_id=4852"},"modified":"2021-11-21T00:03:32","modified_gmt":"2021-11-21T00:03:32","slug":"dramat-w-trzech-aktach-znika-i-sie-pojawia","status":"publish","type":"page","link":"https:\/\/hubertpietka.bialystok.pl\/?page_id=4852","title":{"rendered":"Dramat w trzech aktach &#8211; Znika i si\u0119 pojawia"},"content":{"rendered":"<p><em><strong>Dramat w trzech aktach &#8211; Znika i si\u0119 pojawia<\/strong><\/em><\/p>\n<p style=\"text-align: center;\"><em><strong>Akt I<\/strong><\/em><br \/>\n<em>Postaci<\/em><br \/>\nOn i oni<\/p>\n<p><strong>Scena 1<\/strong><br \/>\n<em>Miejsce<\/em> &#8211; ulica ciemna<br \/>\nNagle gasn\u0105 \u015bwiat\u0142a<br \/>\n(Telefon te\u017c si\u0119 wy\u0142\u0105cza)<br \/>\nI znika on<br \/>\nUrywa si\u0119 film<\/p>\n<p><strong>Scena 2<\/strong><br \/>\nMiejsce &#8211; mieszkanie<br \/>\nGasn\u0105 \u015bwiat\u0142a nagle<br \/>\nI jak w scenie pierwszej podobnie<br \/>\n\u015alad ginie po nim<\/p>\n<p style=\"text-align: center;\"><em><strong>Akt II<\/strong><\/em><br \/>\n<em>Postaci<\/em><br \/>\nOn i oni<br \/>\nI mo\u017ce kto\u015b jeszcze<\/p>\n<p><strong>Scena 1<\/strong><br \/>\nWpadaj\u0105 do mieszkania<br \/>\n&#8211; Otwiera\u0107!<br \/>\nAlbo od razu drzwi wywa\u017caj\u0105<br \/>\nI trafia do miejsca<br \/>\nGdzie \u017cy\u0107 si\u0119 nie da<\/p>\n<p><strong>Scena 2<\/strong><br \/>\nZatrzymuj\u0105 go gdzie\u015b<br \/>\nPod jakim\u015b pozorem<br \/>\nLub celowo<br \/>\nI dalej podobnie<br \/>\nI ewentualnie kto\u015b \u017cyczliwy<br \/>\nNie za wiele zrobi\u0107 mo\u017ce<\/p>\n<p style=\"text-align: center;\"><em><strong>Akt III<\/strong><\/em><br \/>\n<em>Postaci<\/em><br \/>\nOn oni i inni<br \/>\n<em>Sceneria<\/em>\u00a0&#8211; wiejska<\/p>\n<p>Kto\u015b co\u015b i ju\u017c<br \/>\nA potem podobnie<br \/>\nJak w Akcie II<\/p>\n<p style=\"text-align: center;\"><em><strong>Puenta<\/strong><\/em><\/p>\n<p><strong>1.<\/strong> A wszystko to po to przecie\u017c jest<br \/>\nAby chroni\u0107 \u015bwiat przed jego strasznym szale\u0144stwem<br \/>\nLecz ufam Panie<br \/>\n\u017be tak si\u0119 nie stanie<\/p>\n<p><strong>2.<\/strong> Jak to jest<br \/>\nDobrze licz\u0105 grzechy lekkie<br \/>\nA nie uchylaj\u0105 si\u0119<br \/>\n\u017beby pope\u0142nia\u0107 te najci\u0119\u017csze<br \/>\nA Dekalog gdzie<\/p>\n<p><strong>3.<\/strong> Tak <em>z\u0142o dobrem zwyci\u0119\u017caj<\/em><br \/>\nAle to nie oznacza<br \/>\nPoddawanie si\u0119 z\u0142u biernie<br \/>\nWi\u0119kszym dobrem jest przeciwstawianie si\u0119 ka\u017cdemu z\u0142u<br \/>\nKiedy si\u0119 tylko mo\u017ce<\/p>\n<p><a href=\"http:\/\/hubertpietka.bialystok.pl\/wp-content\/uploads\/2021\/11\/IMG_20211121_004749.jpg\"><img loading=\"lazy\" decoding=\"async\" class=\"alignnone size-thumbnail wp-image-4853\" src=\"http:\/\/hubertpietka.bialystok.pl\/wp-content\/uploads\/2021\/11\/IMG_20211121_004749-150x150.jpg\" alt=\"\" width=\"150\" height=\"150\" srcset=\"https:\/\/hubertpietka.bialystok.pl\/wp-content\/uploads\/2021\/11\/IMG_20211121_004749-150x150.jpg 150w, https:\/\/hubertpietka.bialystok.pl\/wp-content\/uploads\/2021\/11\/IMG_20211121_004749-75x75.jpg 75w\" sizes=\"auto, (max-width: 150px) 100vw, 150px\" \/><\/a><\/p>\n<p><em>Na zdj<\/em>. <strong>Zwr\u00f3\u0107cie uwag\u0119 na obraz<\/strong><br \/>\n<strong> Kt\u00f3ry jest na dole<\/strong><br \/>\n<strong> Ja na nim widz\u0119 m\u0119\u017cczyzn\u0119<\/strong><br \/>\n<strong> Kt\u00f3ry si\u0119 pochyla<\/strong><br \/>\n<strong> Nad kobiet\u0105 z zawini\u0105tkiem<\/strong><br \/>\n<strong> A mo\u017ce z dzieci\u0105tkiem<\/strong><br \/>\n<strong> <em>\u015awi\u0119ta Rodzina<\/em><\/strong><br \/>\n<strong> A ty co widzisz<\/strong><\/p>\n<p><strong><a href=\"http:\/\/hubertpietka.bialystok.pl\/wp-content\/uploads\/2021\/11\/IMG_20211121_004836.jpg\"><img loading=\"lazy\" decoding=\"async\" class=\"alignnone size-thumbnail wp-image-4854\" src=\"http:\/\/hubertpietka.bialystok.pl\/wp-content\/uploads\/2021\/11\/IMG_20211121_004836-150x150.jpg\" alt=\"\" width=\"150\" height=\"150\" srcset=\"https:\/\/hubertpietka.bialystok.pl\/wp-content\/uploads\/2021\/11\/IMG_20211121_004836-150x150.jpg 150w, https:\/\/hubertpietka.bialystok.pl\/wp-content\/uploads\/2021\/11\/IMG_20211121_004836-75x75.jpg 75w\" sizes=\"auto, (max-width: 150px) 100vw, 150px\" \/><\/a><\/strong><\/p>\n<p><strong>Poza tym obraz ten koresponduje<\/strong><br \/>\n<strong> Z czym\u015b jeszcze<\/strong><br \/>\n<strong> Zwr\u00f3\u0107cie uwag\u0119<\/strong><br \/>\n<strong> Na powy\u017csze uj\u0119cie<\/strong><br \/>\n<strong> M\u0119\u017cczyzna kt\u00f3ry<\/strong><br \/>\n<strong> Jakie\u015b dobro trzyma<\/strong><br \/>\n<strong> A do niego wychyla si\u0119 mo\u017ce kobieta<\/strong><br \/>\n<strong> Kt\u00f3ra wyrasta niczym z pomnika<\/strong><br \/>\n<strong> Koresponduje to te\u017c z wideoklipem<\/strong><br \/>\n<strong> Kt\u00f3ry zamieszczony b\u0119dzie poni\u017cej<\/strong><strong><a href=\"http:\/\/hubertpietka.bialystok.pl\/wp-content\/uploads\/2021\/11\/IMG_20211121_004929.jpg\"><img loading=\"lazy\" decoding=\"async\" class=\"alignnone size-thumbnail wp-image-4855\" src=\"http:\/\/hubertpietka.bialystok.pl\/wp-content\/uploads\/2021\/11\/IMG_20211121_004929-150x150.jpg\" alt=\"\" width=\"150\" height=\"150\" srcset=\"https:\/\/hubertpietka.bialystok.pl\/wp-content\/uploads\/2021\/11\/IMG_20211121_004929-150x150.jpg 150w, https:\/\/hubertpietka.bialystok.pl\/wp-content\/uploads\/2021\/11\/IMG_20211121_004929-75x75.jpg 75w\" sizes=\"auto, (max-width: 150px) 100vw, 150px\" \/><\/a><\/strong><\/p>\n<p><strong>I trzecie uj\u0119cie obrazu tego<\/strong><br \/>\n<strong> Mo\u017cna go przedstawia\u0107 w r\u00f3\u017cnych ods\u0142onach i konfiguracjach<\/strong><br \/>\n<strong> Dla mnie tu z Dzieci\u0105tkiem jest Maryja<\/strong><br \/>\n<strong> A Duch \u015awi\u0119ty w jej stron\u0119 si\u0119 przychyla<\/strong><\/p>\n<p><em>Dzi\u015b te\u017c by\u0142a beatyfikacja Jana Franciszka *Macha*<\/em><br \/>\n<em> Czy\u017c nie z tak\u0105 pr\u0119dko\u015bci\u0105<\/em><br \/>\n<em> Powietrznego *macha*<\/em><br \/>\n<em> Oni mogliby zrealizowa\u0107<\/em><br \/>\n<em>Przynajmniej niekt\u00f3re sceny tego dramatu<\/em><br \/>\n<em> Lecz ja ufam<\/em><br \/>\n<em> A Maryja Bogurodzica niech sprawi<\/em><br \/>\n<em> \u017be w niwecz obr\u00f3c\u0105 si\u0119 ich jakiekolwiek zamiary<\/em><br \/>\n<em> Ave Maryja Bogiem s\u0142awiona b\u0142ogos\u0142awiona<\/em><\/p>\n<p style=\"text-align: center;\"><a href=\"https:\/\/youtu.be\/wcKjP0L_B9k\"><strong><em>Sosnowski &#8211; Deszcz<\/em><\/strong><\/a><\/p>\n","protected":false},"excerpt":{"rendered":"<p>Dramat w trzech aktach &#8211; Znika i si\u0119 pojawia Akt I Postaci On i oni Scena 1 Miejsce &#8211; ulica ciemna Nagle gasn\u0105 \u015bwiat\u0142a (Telefon&hellip; <\/p>\n","protected":false},"author":1,"featured_media":0,"parent":0,"menu_order":0,"comment_status":"closed","ping_status":"closed","template":"","meta":{"footnotes":""},"class_list":["post-4852","page","type-page","status-publish","hentry"],"_links":{"self":[{"href":"https:\/\/hubertpietka.bialystok.pl\/index.php?rest_route=\/wp\/v2\/pages\/4852","targetHints":{"allow":["GET"]}}],"collection":[{"href":"https:\/\/hubertpietka.bialystok.pl\/index.php?rest_route=\/wp\/v2\/pages"}],"about":[{"href":"https:\/\/hubertpietka.bialystok.pl\/index.php?rest_route=\/wp\/v2\/types\/page"}],"author":[{"embeddable":true,"href":"https:\/\/hubertpietka.bialystok.pl\/index.php?rest_route=\/wp\/v2\/users\/1"}],"replies":[{"embeddable":true,"href":"https:\/\/hubertpietka.bialystok.pl\/index.php?rest_route=%2Fwp%2Fv2%2Fcomments&post=4852"}],"version-history":[{"count":1,"href":"https:\/\/hubertpietka.bialystok.pl\/index.php?rest_route=\/wp\/v2\/pages\/4852\/revisions"}],"predecessor-version":[{"id":4856,"href":"https:\/\/hubertpietka.bialystok.pl\/index.php?rest_route=\/wp\/v2\/pages\/4852\/revisions\/4856"}],"wp:attachment":[{"href":"https:\/\/hubertpietka.bialystok.pl\/index.php?rest_route=%2Fwp%2Fv2%2Fmedia&parent=4852"}],"curies":[{"name":"wp","href":"https:\/\/api.w.org\/{rel}","templated":true}]}}