{"id":5037,"date":"2021-12-17T21:17:37","date_gmt":"2021-12-17T21:17:37","guid":{"rendered":"http:\/\/hubertpietka.bialystok.pl\/?page_id=5037"},"modified":"2021-12-17T21:17:37","modified_gmt":"2021-12-17T21:17:37","slug":"przesladowana-i-milosc-i-wiara","status":"publish","type":"page","link":"https:\/\/hubertpietka.bialystok.pl\/?page_id=5037","title":{"rendered":"Prze\u015bladowana \/ i mi\u0142o\u015b\u0107 i wiara"},"content":{"rendered":"<p><em><strong>Prze\u015bladowana \/ i mi\u0142o\u015b\u0107 i wiara<\/strong><\/em><\/p>\n<p>Wyobra\u017a sobie<br \/>\n\u017be ka\u017cdy tw\u00f3j krok<br \/>\n\u015aledzony przez nich jest<br \/>\n\u017be tylko czekaj\u0105 na tw\u00f3j b\u0142\u0105d<br \/>\nByle pretekst i ju\u017c<br \/>\nNiedopa\u0142ek gdzie\u015b rzucony i to mimo braku kosz\u00f3w<br \/>\nNawet zwyk\u0142e siku<br \/>\nI nie wa\u017cne czy masz czy nie masz<br \/>\nGdzie zrobi\u0107 i czy masz przezi\u0119biony p\u0119cherz mo\u017ce<br \/>\n\u017be o je\u017adzie samochodem<br \/>\nJu\u017c nawet nie wspomn\u0119<br \/>\nByle b\u0142\u0105d i ju\u017c zapewne<br \/>\nNie poje\u017adzisz sobie lub zap\u0142acisz oj srogo<br \/>\nA brak maski to ju\u017c przecie\u017c przest\u0119pstwo najwi\u0119ksze<br \/>\nMimo \u017ce niedawno covida przesz\u0142e\u015b<br \/>\nI nie zara\u017casz ju\u017c a nawet masz przeciwcia\u0142a<br \/>\nAle przecie\u017c jak dalej<\/p>\n<p>Samochodem jazda sobie<br \/>\nWr\u00f3\u0107my tu do niej<br \/>\nA z kim to si\u0119 wczoraj do Bia\u0142ego \u015bciga\u0142em<br \/>\nMimo \u017ce zwyczajnie jecha\u0142em<br \/>\nZa Zambrowem zatrzyma\u0142em si\u0119 na siku sobie<br \/>\nA potem wyprzedzi\u0142em tira b\u0142\u0119kita z 666 numerem rejestracyjnym<br \/>\nKt\u00f3\u017c to by\u0142 nie wiem<br \/>\nAle powiedzia\u0142 do mnie B\u00f3g \u017ce to wa\u017cne jest<br \/>\nCzy\u017c to nie z nim wygra\u0142em niestety<\/p>\n<p>Niestety bo spotka\u0142a mnie kara za to<br \/>\nZaraz zaraz<br \/>\nA no tak zaraza jaka\u015b straszna<br \/>\nA kt\u00f3ra\u017c to ju\u017c<br \/>\nZ rok temu w\u015bcieklizna te\u017c i tutaj<br \/>\nA potem co\u015b tam jeszcze ju\u017c na wsi<br \/>\nUkara\u0107 trzeba a jak\u017ce<br \/>\nWidocznie z tym kim\u015b wygrywa\u0107 nie wolno<br \/>\nNawet je\u015bli tylko cudem o tym wiesz<br \/>\nBo jak to nazwa\u0107<br \/>\n\u017be w og\u00f3le uczestniczysz w czym\u015b na przyk\u0142ad takim<br \/>\nTo jaka\u017c to znowu zaraza<br \/>\nOczywi\u015bcie za kar\u0119<\/p>\n<p><a href=\"http:\/\/hubertpietka.bialystok.pl\/wp-content\/uploads\/2021\/12\/IMG_20211217_220727.jpg\"><img loading=\"lazy\" decoding=\"async\" class=\"alignnone size-thumbnail wp-image-5038\" src=\"http:\/\/hubertpietka.bialystok.pl\/wp-content\/uploads\/2021\/12\/IMG_20211217_220727-150x150.jpg\" alt=\"\" width=\"150\" height=\"150\" srcset=\"https:\/\/hubertpietka.bialystok.pl\/wp-content\/uploads\/2021\/12\/IMG_20211217_220727-150x150.jpg 150w, https:\/\/hubertpietka.bialystok.pl\/wp-content\/uploads\/2021\/12\/IMG_20211217_220727-75x75.jpg 75w\" sizes=\"auto, (max-width: 150px) 100vw, 150px\" \/><\/a><\/p>\n<p><em>Na zdj. Przy ko\u015bciele werbist\u00f3w w Kleosinie<\/em><br \/>\n<em> Krzy\u017c Jezusa i figurka Maryi<\/em><br \/>\n<em> Mnie najpierw prze\u015bladowali<\/em><br \/>\n<em> A teraz znowu to si\u0119 nasili\u0142o mocno<\/em><br \/>\n<em> Od jakiego\u015b czasu<\/em><br \/>\n<em> Mnie najpierw i znowu teraz<\/em><br \/>\n<em> Maj\u0105 porz\u0105dek ze mn\u0105 zrobi\u0107<\/em><br \/>\n<em> Za co za wiar\u0119<\/em><br \/>\n<em> Bo przecie\u017c a\u017c tak nie\u015bwiadomy r\u00f3\u017cnych rzeczy nie jestem<\/em><br \/>\n<em> I to nawet takich o kt\u00f3rych bez Boga<\/em><br \/>\n<em> Wiedzie\u0107 bym nie m\u00f3g\u0142<\/em><br \/>\n<em> Ale Jego te\u017c prze\u015bladowali<\/em><br \/>\n<em> Ob\u0142udnicy faryzeusze go nawet zabili<\/em><br \/>\n<em> Krzy\u017c jest znakiem tego<\/em><br \/>\n<em> A c\u00f3\u017c dopiero ja<\/em><br \/>\n<em> Ma\u0142y s\u0142uga Jego<\/em><br \/>\n<em> A je\u015bli prze\u015bladuj\u0105 i jeszcze kogo\u015b<\/em><br \/>\n<em> Niby ze wzgl\u0119du na mnie<\/em><br \/>\n<em> To tak naprawd\u0119 za Boga i za wiar\u0119<\/em><br \/>\n<em> I moj\u0105 \u017con\u0119 te\u017c maj\u0105 wyko\u0144czy\u0107 odpowiednio<\/em><br \/>\n<em> I porz\u0105dek zrobi\u0107 ze mn\u0105<\/em><br \/>\n<em> Ze wzgl\u0119du na wiar\u0119<\/em><br \/>\n<em> Ave Maryja Niepokalana<\/em><br \/>\n<em> Prowad\u017a nas zawsze drogami Pana<\/em><br \/>\n<em> Wbrew ich prze\u015bladowaniom<\/em><br \/>\n<em> I zamiarom uczynienia z\u0142a nam<\/em><\/p>\n<p style=\"text-align: center;\"><a href=\"https:\/\/youtu.be\/WrZeYcseNbE\"><strong><em>Lady Pank &#8211; M\u0142ode or\u0142y<\/em><\/strong><\/a><\/p>\n","protected":false},"excerpt":{"rendered":"<p>Prze\u015bladowana \/ i mi\u0142o\u015b\u0107 i wiara Wyobra\u017a sobie \u017be ka\u017cdy tw\u00f3j krok \u015aledzony przez nich jest \u017be tylko czekaj\u0105 na tw\u00f3j b\u0142\u0105d Byle pretekst i&hellip; <\/p>\n","protected":false},"author":1,"featured_media":0,"parent":0,"menu_order":0,"comment_status":"closed","ping_status":"closed","template":"","meta":{"footnotes":""},"class_list":["post-5037","page","type-page","status-publish","hentry"],"_links":{"self":[{"href":"https:\/\/hubertpietka.bialystok.pl\/index.php?rest_route=\/wp\/v2\/pages\/5037","targetHints":{"allow":["GET"]}}],"collection":[{"href":"https:\/\/hubertpietka.bialystok.pl\/index.php?rest_route=\/wp\/v2\/pages"}],"about":[{"href":"https:\/\/hubertpietka.bialystok.pl\/index.php?rest_route=\/wp\/v2\/types\/page"}],"author":[{"embeddable":true,"href":"https:\/\/hubertpietka.bialystok.pl\/index.php?rest_route=\/wp\/v2\/users\/1"}],"replies":[{"embeddable":true,"href":"https:\/\/hubertpietka.bialystok.pl\/index.php?rest_route=%2Fwp%2Fv2%2Fcomments&post=5037"}],"version-history":[{"count":1,"href":"https:\/\/hubertpietka.bialystok.pl\/index.php?rest_route=\/wp\/v2\/pages\/5037\/revisions"}],"predecessor-version":[{"id":5039,"href":"https:\/\/hubertpietka.bialystok.pl\/index.php?rest_route=\/wp\/v2\/pages\/5037\/revisions\/5039"}],"wp:attachment":[{"href":"https:\/\/hubertpietka.bialystok.pl\/index.php?rest_route=%2Fwp%2Fv2%2Fmedia&parent=5037"}],"curies":[{"name":"wp","href":"https:\/\/api.w.org\/{rel}","templated":true}]}}