{"id":5162,"date":"2022-01-09T14:23:21","date_gmt":"2022-01-09T14:23:21","guid":{"rendered":"http:\/\/hubertpietka.bialystok.pl\/?page_id=5162"},"modified":"2022-01-09T14:23:21","modified_gmt":"2022-01-09T14:23:21","slug":"nieba-potezna-krolowo-rozkaz-szatanom","status":"publish","type":"page","link":"https:\/\/hubertpietka.bialystok.pl\/?page_id=5162","title":{"rendered":"Nieba pot\u0119\u017cna Kr\u00f3lowo \/ rozka\u017c szatanom"},"content":{"rendered":"<p><em><strong>Nieba pot\u0119\u017cna Kr\u00f3lowo \/ rozka\u017c szatanom<\/strong><\/em><\/p>\n<p>Dlaczego ten cz\u0142owiek tak wspania\u0142y i wielki<br \/>\nCi\u0105gle z nami walczy<br \/>\nNa wszelkie mo\u017cliwe sposoby<br \/>\nPanie m\u00f3j kochany Bo\u017ce<\/p>\n<p><em>Pot\u0119\u017cna Nieba Kr\u00f3lowo<\/em><\/p>\n<p>A dlaczego oni si\u0119 tu tak pchaj\u0105<br \/>\nJak nie drzwiami to oknami<br \/>\n\u017beby zrobi\u0107 porz\u0105dek<br \/>\nZ tym prostakiem najlepiej ostateczny<br \/>\nPrzecie\u017c si\u0119 nie godzi<br \/>\nAby taki po ziemi chodzi\u0142<\/p>\n<p><em>Pot\u0119\u017cna Nieba Kr\u00f3lowo<\/em><br \/>\n<em> Rozka\u017c hufcom anielskim<\/em><br \/>\n<em> Aby \u015bciga\u0142y szatan\u00f3w<\/em><\/p>\n<p>A dlaczego godz\u0105 oni<br \/>\nW mienie nasze i w stworzenia Bo\u017ce te<br \/>\nDo nas nale\u017c\u0105ce<br \/>\nDlaczego wreszcie godzi\u0107 chc\u0105<br \/>\nI w naszych bliskich<\/p>\n<p><em>Pot\u0119\u017cna Niebo Kr\u00f3lowo<\/em><br \/>\n<em> Rozka\u017c hufcom anielskim<\/em><br \/>\n<em> Aby st\u0142umi\u0142y zuchwa\u0142o\u015b\u0107 szatan\u00f3w<\/em><\/p>\n<p>Dlaczego wreszcie zgodnie bo wygodnie<br \/>\nZ niesprawiedliwym wyrokiem<br \/>\nChc\u0105 mi zabra\u0107 najbli\u017csz\u0105 osob\u0119<br \/>\nO Panie m\u00f3j kochany Bo\u017ce<\/p>\n<p><em>Pot\u0119\u017cna Nieba Kr\u00f3lowo<\/em><\/p>\n<p><em><a href=\"http:\/\/hubertpietka.bialystok.pl\/wp-content\/uploads\/2022\/01\/IMG_20220109_145257.jpg\"><img loading=\"lazy\" decoding=\"async\" class=\"alignnone size-thumbnail wp-image-5163\" src=\"http:\/\/hubertpietka.bialystok.pl\/wp-content\/uploads\/2022\/01\/IMG_20220109_145257-150x150.jpg\" alt=\"\" width=\"150\" height=\"150\" srcset=\"https:\/\/hubertpietka.bialystok.pl\/wp-content\/uploads\/2022\/01\/IMG_20220109_145257-150x150.jpg 150w, https:\/\/hubertpietka.bialystok.pl\/wp-content\/uploads\/2022\/01\/IMG_20220109_145257-75x75.jpg 75w\" sizes=\"auto, (max-width: 150px) 100vw, 150px\" \/><\/a><\/em><\/p>\n<p><strong>Na zdj. Przed po\u0142udniem dzisiaj s\u0142o\u0144ce pi\u0119kne<\/strong><br \/>\n<strong> Ko\u0142o sercan\u00f3w klasztoru<\/strong><br \/>\n<strong> A teraz ju\u017c zachodzi ono<\/strong><br \/>\n<strong> Ale czy\u017c tutaj w Stopnicy<\/strong><br \/>\n<strong> Nie ma jeszcze pi\u0119kniejsze s\u0142o\u0144ce jakie\u015b za\u015bwieci\u0107<\/strong><\/p>\n<p><strong>A dzisiaj w klasztorze<\/strong><br \/>\n<strong> Zakonnik ale nie katolicki bynajmniej<\/strong><br \/>\n<strong> Nie w unii z Ko\u015bcio\u0142em<\/strong><br \/>\n<strong> Wi\u0119c nie powinien sprawowa\u0107 tej Mszy \u015awi\u0119tej<\/strong><br \/>\n<strong> Mimo wszystko <em>Prawo<\/em> Bo\u017ce b\u0119dzie jeszcze <em>s\u0142awione<\/em><\/strong><br \/>\n<strong> W ko\u015bciele katolickim<\/strong><\/p>\n<p><strong><em>Pot\u0119\u017cna Niebios Kr\u00f3lowo<\/em><\/strong><\/p>\n<p style=\"text-align: center;\"><a href=\"https:\/\/youtu.be\/gJHRcYcS0tI\"><strong><em>Pot\u0119\u017cna Niebios Kr\u00f3lowo<\/em><\/strong><\/a><\/p>\n<p style=\"text-align: center;\"><a href=\"https:\/\/youtu.be\/PopuLTw7NmY\"><strong><em>Pot\u0119\u017cna Niebios Kr\u00f3lowo &#8211; Vox Eremi<\/em><\/strong><\/a><\/p>\n","protected":false},"excerpt":{"rendered":"<p>Nieba pot\u0119\u017cna Kr\u00f3lowo \/ rozka\u017c szatanom Dlaczego ten cz\u0142owiek tak wspania\u0142y i wielki Ci\u0105gle z nami walczy Na wszelkie mo\u017cliwe sposoby Panie m\u00f3j kochany Bo\u017ce&hellip; <\/p>\n","protected":false},"author":1,"featured_media":0,"parent":0,"menu_order":0,"comment_status":"closed","ping_status":"closed","template":"","meta":{"footnotes":""},"class_list":["post-5162","page","type-page","status-publish","hentry"],"_links":{"self":[{"href":"https:\/\/hubertpietka.bialystok.pl\/index.php?rest_route=\/wp\/v2\/pages\/5162","targetHints":{"allow":["GET"]}}],"collection":[{"href":"https:\/\/hubertpietka.bialystok.pl\/index.php?rest_route=\/wp\/v2\/pages"}],"about":[{"href":"https:\/\/hubertpietka.bialystok.pl\/index.php?rest_route=\/wp\/v2\/types\/page"}],"author":[{"embeddable":true,"href":"https:\/\/hubertpietka.bialystok.pl\/index.php?rest_route=\/wp\/v2\/users\/1"}],"replies":[{"embeddable":true,"href":"https:\/\/hubertpietka.bialystok.pl\/index.php?rest_route=%2Fwp%2Fv2%2Fcomments&post=5162"}],"version-history":[{"count":1,"href":"https:\/\/hubertpietka.bialystok.pl\/index.php?rest_route=\/wp\/v2\/pages\/5162\/revisions"}],"predecessor-version":[{"id":5164,"href":"https:\/\/hubertpietka.bialystok.pl\/index.php?rest_route=\/wp\/v2\/pages\/5162\/revisions\/5164"}],"wp:attachment":[{"href":"https:\/\/hubertpietka.bialystok.pl\/index.php?rest_route=%2Fwp%2Fv2%2Fmedia&parent=5162"}],"curies":[{"name":"wp","href":"https:\/\/api.w.org\/{rel}","templated":true}]}}