{"id":5207,"date":"2022-01-19T00:30:43","date_gmt":"2022-01-19T00:30:43","guid":{"rendered":"http:\/\/hubertpietka.bialystok.pl\/?page_id=5207"},"modified":"2022-01-19T00:30:43","modified_gmt":"2022-01-19T00:30:43","slug":"przekroj-pogladowy-spraw-istotowo-waznych","status":"publish","type":"page","link":"https:\/\/hubertpietka.bialystok.pl\/?page_id=5207","title":{"rendered":"Przekr\u00f3j pogl\u0105dowy \/ spraw istotowo wa\u017cnych"},"content":{"rendered":"<p><em><strong>Przekr\u00f3j pogl\u0105dowy \/ spraw istotowo wa\u017cnych<\/strong><\/em><\/p>\n<p>To sobie wykoncypowali<br \/>\nRubaszniki jakie<br \/>\n\u017be ja mam im wyj\u015b\u0107 naprzeciw jako\u015b<br \/>\nA tymczasem cz\u0142owiek wspania\u0142y wielki<br \/>\nCzeka dyskretnie by zadzia\u0142a\u0107 odpowiednio<br \/>\nZ nimi we wsp\u00f3\u0142pracy<br \/>\nZ efektem jak wcze\u015bniej<br \/>\nTo sobie wykoncypowali<br \/>\nA cz\u0142owiek wspania\u0142y i wielki<br \/>\nW ciszy u\u015bpienia do czasu<br \/>\nKiedy trzeba zadzia\u0142a\u0107 w gotowo\u015bci<br \/>\nBy definitywnie a przypadkiem niby<br \/>\nWyj\u015b\u0107 na przeciw kiedy trzeba<br \/>\nI sfinalizowa\u0107 spraw\u0119<\/p>\n<p>Ale c\u00f3\u017c si\u0119 dziwi\u0107 tak wielkiemu cz\u0142owiekowi<br \/>\nSkoro ja jestem podlud\u017a<br \/>\nZrozumia\u0142em \u017ce jestem tu tylko<br \/>\nPalaczem kot\u0142a sprz\u0105taczem odd\u017awiernym czasem<br \/>\nI wedle \u0142aski taks\u00f3wk\u0105<br \/>\nAch to zaszczyt wtedy<br \/>\nTak\u017ce ju\u017c znam swe miejsce<br \/>\nNie b\u0119d\u0119 te\u017c niepokoi\u0142 tej pi\u0119knej wielko\u015bci<br \/>\n\u017badnym s\u0142owem bo niegodny jestem<br \/>\n<em>S\u0142uga nieu\u017cyteczny<\/em><br \/>\n<em> Kt\u00f3ry ma wykona\u0107 tylko to co powinien<\/em><br \/>\nCzego wymaga od niego<br \/>\nCz\u0142owiek tak wspania\u0142y i wielki<br \/>\nA jak nie to do kozy lub do puszki<\/p>\n<p>A co do rajd\u00f3w<br \/>\nTo z tego co wiem<br \/>\nZapewne r\u00f3wnie wielki i wspania\u0142y ten cz\u0142owiek<br \/>\nP\u00f3ki co to chyba jednak przegrywa wszystko<br \/>\nI kr\u00f3tkodystansowe i te d\u0142u\u017csze<br \/>\nI maratony i po\u0142\u00f3wki mniej wi\u0119cej tej liczby<br \/>\nA prawda wyprzedzi\u0142 mnie z Pacanowa Fordem Mustangiem<br \/>\nI mo\u017ce co\u015b tam jeszcze<br \/>\nSkoda Fabia chocia\u017cby<br \/>\nA poza tym te\u017c zaznacza dyskretnie sw\u0105 obecno\u015b\u0107<br \/>\nI tu na Bia\u0142oborzu<br \/>\nI tiry rowery traktory<br \/>\nI w Krakowie pod wiaduktem<br \/>\nI dzisiaj w Busku<br \/>\nI w ko\u015bcio\u0142ach r\u00f3\u017cnych lub ko\u0142o nich<br \/>\nJak chocia\u017cby w Bukownie<br \/>\nJest to te\u017c dyskretna obecno\u015b\u0107<br \/>\nAle raczej nie mnie wspieraj\u0105ca<\/p>\n<p>I pewnie b\u0119dzie dalej<br \/>\nKontynuacja tych spraw r\u00f3\u017cnych<br \/>\nTak\u017ce z mi najbli\u017csz\u0105<br \/>\nBo przecie\u017c tworzymy <em>team<\/em> jeden<br \/>\nA tymczasem B\u00f3g co\u015b pokaza\u0142<br \/>\nMoja \u017cona si\u0119 pomodli\u0142a<br \/>\nA ja jej sw\u0105 obecno\u015bci\u0105 w tym towarzyszy\u0142em<br \/>\nBo dyskrecja powinna by\u0107 wspomagaj\u0105ca i ku dobru<br \/>\nB\u00f3g jej da\u0142 pewne ku dobru pragnienie<br \/>\nA ja jej towarzyszy\u0142em w tym w\u0142a\u015bnie<br \/>\nTak B\u00f3g dzia\u0142a<br \/>\nMa\u0142\u017ce\u0144stwo sakramentalne si\u0119 uzupe\u0142nia<br \/>\nW Bogu ku dobru<br \/>\nNawet je\u015bli istniej\u0105 r\u00f3\u017cnice pewne<br \/>\nNieporozumienia czy konflikty<br \/>\nTo fundament jest jeden<br \/>\nNiepodwa\u017calny w Panu nam znany<br \/>\nI tak si\u0119 dzieje<br \/>\nNawet je\u015bli uzdrowione<br \/>\nJest tylko pewne ma\u0142e stworzenie<br \/>\nB\u00f3g to tym nam potwierdzi\u0142<\/p>\n<p><a href=\"http:\/\/hubertpietka.bialystok.pl\/wp-content\/uploads\/2022\/01\/IMG_20220119_011539.jpg\"><img loading=\"lazy\" decoding=\"async\" class=\"alignnone size-thumbnail wp-image-5208\" src=\"http:\/\/hubertpietka.bialystok.pl\/wp-content\/uploads\/2022\/01\/IMG_20220119_011539-150x150.jpg\" alt=\"\" width=\"150\" height=\"150\" srcset=\"https:\/\/hubertpietka.bialystok.pl\/wp-content\/uploads\/2022\/01\/IMG_20220119_011539-150x150.jpg 150w, https:\/\/hubertpietka.bialystok.pl\/wp-content\/uploads\/2022\/01\/IMG_20220119_011539-75x75.jpg 75w\" sizes=\"auto, (max-width: 150px) 100vw, 150px\" \/><\/a><\/p>\n<p><em>Na zdj. Stajenka betlejemska w Busku<\/em><br \/>\n<em> W ko\u015bciele \u015bw. Brata Alberta<\/em><br \/>\n<em> Dla mnie bardzo pi\u0119kna<\/em><br \/>\n<em> W promieniach Bo\u017cego mi\u0142osierdzia<\/em><br \/>\n<em> I Maryja w postawie tak pi\u0119knej bardzo<\/em><br \/>\n<em> Adorujacej Dzieci\u0105tko<\/em><br \/>\n<em> Bardzo lubi\u0119 Maryi wyraz<\/em><br \/>\n<em> Taki w\u0142a\u015bnie pokory godnej<\/em><br \/>\n<em> Adekwatnej do Boga wielko\u015bci<\/em><br \/>\n<em> Mimo \u017ce w tak ma\u0142ym i kruchym Dzieci\u0105tku<\/em><br \/>\n<em> Jest i \u015bw. J\u00f3zef<\/em><br \/>\n<em> Jest i pastuszek<\/em><br \/>\n<em> I tak wyobrazi\u0142em sobie<\/em><br \/>\n<em> \u017be ja nim jestem mo\u017ce<\/em><br \/>\n<em> Adekwatnie do opisywanej sytuacji<\/em><br \/>\n<em> Tak czy inaczej wszyscy<\/em><br \/>\n<em> W promieniach mi\u0142osiernej mi\u0142o\u015bci<\/em><br \/>\n<em> I mimo \u017ce nie jest<\/em><br \/>\n<em> Nam \u0142atwo tu to ufamy<\/em><br \/>\n<em> \u017be tak si\u0119 dzieje<\/em><br \/>\n<em> I z nami \u017ce jeste\u015bmy<\/em><br \/>\n<em> Zawsze w promieniach Bo\u017cej Opatrzno\u015bci<\/em><br \/>\n<em> Dyskretnej ale wspieraj\u0105cej ku dobru<\/em><br \/>\n<em> Prowad\u017a nas Panie<\/em><\/p>\n<p><strong>Dzi\u015b b\u0142. Reginy *Prot-mann*<\/strong><br \/>\n<strong> Maryja jest Kr\u00f3low\u0105<\/strong><br \/>\n<strong> To znaczy imi\u0119 b\u0142ogos\u0142awionej<\/strong><br \/>\n<strong> Pierwsz\u0105 z ludzi<\/strong><br \/>\n<strong> Tak mo\u017cna jej nazwisko dedukowa\u0107<\/strong><br \/>\n<strong> Czy\u017c to nie zachwycaj\u0105ce<\/strong><br \/>\n<strong> \u017be Regina Caeli Regina Mundi<\/strong><br \/>\n<strong> Adoruje Kr\u00f3la Wszech\u015bwiata Jezusa<\/strong><br \/>\n<strong> Nawet w tak Male\u0144kiej Postaci<\/strong><br \/>\n<strong> Ona go adoruje zawsze<\/strong><br \/>\n<strong> I w Eucharystii prawdziwej ka\u017cdej<\/strong><\/p>\n<p>A ci przyj\u015b\u0107 mog\u0105<br \/>\nNa tyle r\u00f3\u017cnych sposob\u00f3w<br \/>\nTacy czy inni<br \/>\nMog\u0105 si\u0119 nawet w\u0142ama\u0107<br \/>\nZaskoczy\u0107 na \u015bnie<br \/>\nKt\u00f3\u017c zabroni im tego<br \/>\nI tu czy tam<br \/>\nNad prawem przecie\u017c s\u0105<br \/>\nA jutro mam mie\u0107 spraw\u0119<br \/>\nW pewnym urz\u0119dzie<br \/>\nMo\u017ce i ona zostanie wykorzystana<br \/>\nBy ze mn\u0105 zrobi\u0107 porz\u0105dek<br \/>\nJedynie odpowiedni<br \/>\nA przecie\u017c czy\u017c powt\u00f3rzone by zosta\u0142o trzy razy<br \/>\nWykroczenie pewne materii raczej lekkiej<br \/>\nW kr\u00f3tkim do\u015b\u0107 czasie<br \/>\nJakby petent mia\u0142 z\u0142e intencje<\/p>\n","protected":false},"excerpt":{"rendered":"<p>Przekr\u00f3j pogl\u0105dowy \/ spraw istotowo wa\u017cnych To sobie wykoncypowali Rubaszniki jakie \u017be ja mam im wyj\u015b\u0107 naprzeciw jako\u015b A tymczasem cz\u0142owiek wspania\u0142y wielki Czeka dyskretnie&hellip; <\/p>\n","protected":false},"author":1,"featured_media":0,"parent":0,"menu_order":0,"comment_status":"closed","ping_status":"closed","template":"","meta":{"footnotes":""},"class_list":["post-5207","page","type-page","status-publish","hentry"],"_links":{"self":[{"href":"https:\/\/hubertpietka.bialystok.pl\/index.php?rest_route=\/wp\/v2\/pages\/5207","targetHints":{"allow":["GET"]}}],"collection":[{"href":"https:\/\/hubertpietka.bialystok.pl\/index.php?rest_route=\/wp\/v2\/pages"}],"about":[{"href":"https:\/\/hubertpietka.bialystok.pl\/index.php?rest_route=\/wp\/v2\/types\/page"}],"author":[{"embeddable":true,"href":"https:\/\/hubertpietka.bialystok.pl\/index.php?rest_route=\/wp\/v2\/users\/1"}],"replies":[{"embeddable":true,"href":"https:\/\/hubertpietka.bialystok.pl\/index.php?rest_route=%2Fwp%2Fv2%2Fcomments&post=5207"}],"version-history":[{"count":1,"href":"https:\/\/hubertpietka.bialystok.pl\/index.php?rest_route=\/wp\/v2\/pages\/5207\/revisions"}],"predecessor-version":[{"id":5209,"href":"https:\/\/hubertpietka.bialystok.pl\/index.php?rest_route=\/wp\/v2\/pages\/5207\/revisions\/5209"}],"wp:attachment":[{"href":"https:\/\/hubertpietka.bialystok.pl\/index.php?rest_route=%2Fwp%2Fv2%2Fmedia&parent=5207"}],"curies":[{"name":"wp","href":"https:\/\/api.w.org\/{rel}","templated":true}]}}