{"id":5287,"date":"2022-02-05T23:11:40","date_gmt":"2022-02-05T23:11:40","guid":{"rendered":"http:\/\/hubertpietka.bialystok.pl\/?page_id=5287"},"modified":"2022-02-05T23:11:40","modified_gmt":"2022-02-05T23:11:40","slug":"wdziecznosc-prosta-dzial-dobr-duchowych","status":"publish","type":"page","link":"https:\/\/hubertpietka.bialystok.pl\/?page_id=5287","title":{"rendered":"Wdzi\u0119czno\u015b\u0107 prosta \/ dzia\u0142 d\u00f3br duchowych"},"content":{"rendered":"<p><em><strong>Wdzi\u0119czno\u015b\u0107 prosta \/ dzia\u0142 d\u00f3br duchowych<\/strong><\/em><\/p>\n<p>Pan da\u0142 mi pozna\u0107<br \/>\n\u017be niekt\u00f3re osoby<br \/>\nKt\u00f3re uczyni\u0142y nam jakie\u015b dobro<br \/>\nMog\u0105 mie\u0107 \u017cal do nas<br \/>\nC\u00f3\u017c mog\u0119 im powiedzie\u0107 tylko<br \/>\nJak powiedzia\u0142a moja \u017cona do pewnej osoby<br \/>\nWy jeste\u015bcie ko\u0142o naszego serca zawsze do\u015b\u0107 blisko<br \/>\nI jak powiedzia\u0142 ojciec do syna w przypowie\u015bci<br \/>\nO mi\u0142osiernym ojcu<br \/>\nJaka\u015b cz\u0119\u015b\u0107 nas ju\u017c zawsze nale\u017cy do was<br \/>\nW aspekcie d\u00f3br duchowych<br \/>\nNie ma chyba potrzeby du\u017co o tym m\u00f3wi\u0107<\/p>\n<p>A ten cz\u0142owiek wspania\u0142y wielki<br \/>\nWiem \u017ce troch\u0119 monotematyczny jestem<br \/>\nAle jak nie by\u0107 skoro ci\u0105gle oni maj\u0105 przyj\u015b\u0107<br \/>\nNa pewno on wi\u0119c wyjdzie im na przeciw<br \/>\nW spos\u00f3b odpowiedni<br \/>\nLub w kroku drugim<br \/>\nPodpisze cyrograf<br \/>\nMo\u017ce i w\u0142asn\u0105 krwi\u0105 nawet<br \/>\n\u017be jestem szalony strasznie<br \/>\nTak by mnie pojmali<br \/>\nA czy\u017c to zamieszanie ca\u0142e<br \/>\nZ moim pojmaniem<br \/>\nNie jest za przyczyn\u0105 w\u0142a\u015bnie<br \/>\nWielkiego i wspania\u0142ego cz\u0142owieka<br \/>\nI jego przyjaci\u00f3\u0142<\/p>\n<p>No chyba \u017ce zamierzaj\u0105 si\u0119 tu w\u0142ama\u0107<br \/>\nR\u00f3\u017cni tacy to i tak<br \/>\nCz\u0142owiek wspania\u0142y i wielki<br \/>\nMo\u017ce si\u0119 czu\u0107 bezpiecznie na d\u0142u\u017csz\u0105 met\u0119<br \/>\nJak i si\u0119 czuje przecie\u017c<\/p>\n<p>Poza tym Pan da\u0142 mi pozna\u0107 co\u015b jeszcze<br \/>\nCi kt\u00f3rzy nam dobrze czyni\u0105<br \/>\nMaj\u0105 by\u0107 karani<br \/>\nA ci kt\u00f3rzy nam szkodz\u0105<br \/>\nS\u0105 przez nich nagradzani<\/p>\n<p>Taki paradoks<br \/>\nZ\u0142em za dobro p\u0142aci\u0107<br \/>\nA zyskami jakimi\u015b za z\u0142o<br \/>\nJakby\u015bmy my byli winni<br \/>\nTego \u017ce \u017cyjemy<br \/>\nPretensje do Pana Boga maj\u0105<br \/>\n\u017be On nas powo\u0142a\u0142<br \/>\nI to nie jest tak \u017ce nie jeste\u015bmy wdzi\u0119czni<br \/>\nAle czy\u017c to znaczy<br \/>\n\u017be mamy przeprasza\u0107 \u017ce \u017cyjemy<\/p>\n<p><a href=\"http:\/\/hubertpietka.bialystok.pl\/wp-content\/uploads\/2022\/02\/IMG_20220205_225752.jpg\"><img loading=\"lazy\" decoding=\"async\" class=\"alignnone size-thumbnail wp-image-5288\" src=\"http:\/\/hubertpietka.bialystok.pl\/wp-content\/uploads\/2022\/02\/IMG_20220205_225752-150x150.jpg\" alt=\"\" width=\"150\" height=\"150\" srcset=\"https:\/\/hubertpietka.bialystok.pl\/wp-content\/uploads\/2022\/02\/IMG_20220205_225752-150x150.jpg 150w, https:\/\/hubertpietka.bialystok.pl\/wp-content\/uploads\/2022\/02\/IMG_20220205_225752-75x75.jpg 75w\" sizes=\"auto, (max-width: 150px) 100vw, 150px\" \/><\/a><\/p>\n<p><strong>Na zdj. Matka Boska Cz\u0119stochowska<\/strong><br \/>\n<strong> W ko\u015bciele w Lisowie<\/strong><br \/>\n<strong> Na trasie kieleckiej<\/strong><br \/>\n<strong> <em>Niech prawda znaczy prawd\u0119<\/em><\/strong><br \/>\n<strong><em> A sprawiedliwo\u015b\u0107 sprawiedliwo\u015b\u0107<\/em><\/strong><br \/>\n<strong> Trzeba stawa\u0107 w prawdzie ale w Bogu<\/strong><br \/>\n<strong> Z tego wynika sprawiedliwo\u015b\u0107 cz\u0142owieka<\/strong><br \/>\n<strong> I jego postaw<\/strong><br \/>\n<strong> Sprawiedliwo\u015b\u0107 bez prawdy mi\u0142o\u015bci<\/strong><br \/>\n<strong> Staje si\u0119 swoim wypaczeniem totalnym<\/strong><br \/>\n<strong> I zmienia si\u0119 w tyrani\u0119<\/strong><\/p>\n<p><a href=\"https:\/\/youtu.be\/luENKjhsS9E\"><em><strong>Ochman &#8211; Prometeusz<\/strong><\/em><\/a><\/p>\n<p style=\"text-align: center;\"><a href=\"https:\/\/youtu.be\/5rxcmvHZj1M\"><em><strong>Marcin Maciejczak &#8211; Jak gdyby nic \/ Fina\u0142 &#8211; The Voice Kids Poland 3<\/strong><\/em><\/a><\/p>\n<p style=\"text-align: right;\"><a href=\"https:\/\/youtu.be\/3d8cLDHOXao\"><em><strong>Wielkie drogi i ma\u0142e \u015bcie\u017cki &#8211; Barbara G\u0105sienica Giewont<\/strong><\/em><\/a><\/p>\n","protected":false},"excerpt":{"rendered":"<p>Wdzi\u0119czno\u015b\u0107 prosta \/ dzia\u0142 d\u00f3br duchowych Pan da\u0142 mi pozna\u0107 \u017be niekt\u00f3re osoby Kt\u00f3re uczyni\u0142y nam jakie\u015b dobro Mog\u0105 mie\u0107 \u017cal do nas C\u00f3\u017c mog\u0119&hellip; <\/p>\n","protected":false},"author":1,"featured_media":0,"parent":0,"menu_order":0,"comment_status":"closed","ping_status":"closed","template":"","meta":{"footnotes":""},"class_list":["post-5287","page","type-page","status-publish","hentry"],"_links":{"self":[{"href":"https:\/\/hubertpietka.bialystok.pl\/index.php?rest_route=\/wp\/v2\/pages\/5287","targetHints":{"allow":["GET"]}}],"collection":[{"href":"https:\/\/hubertpietka.bialystok.pl\/index.php?rest_route=\/wp\/v2\/pages"}],"about":[{"href":"https:\/\/hubertpietka.bialystok.pl\/index.php?rest_route=\/wp\/v2\/types\/page"}],"author":[{"embeddable":true,"href":"https:\/\/hubertpietka.bialystok.pl\/index.php?rest_route=\/wp\/v2\/users\/1"}],"replies":[{"embeddable":true,"href":"https:\/\/hubertpietka.bialystok.pl\/index.php?rest_route=%2Fwp%2Fv2%2Fcomments&post=5287"}],"version-history":[{"count":1,"href":"https:\/\/hubertpietka.bialystok.pl\/index.php?rest_route=\/wp\/v2\/pages\/5287\/revisions"}],"predecessor-version":[{"id":5289,"href":"https:\/\/hubertpietka.bialystok.pl\/index.php?rest_route=\/wp\/v2\/pages\/5287\/revisions\/5289"}],"wp:attachment":[{"href":"https:\/\/hubertpietka.bialystok.pl\/index.php?rest_route=%2Fwp%2Fv2%2Fmedia&parent=5287"}],"curies":[{"name":"wp","href":"https:\/\/api.w.org\/{rel}","templated":true}]}}