{"id":5326,"date":"2022-02-18T16:42:03","date_gmt":"2022-02-18T16:42:03","guid":{"rendered":"http:\/\/hubertpietka.bialystok.pl\/?page_id=5326"},"modified":"2022-02-18T16:42:03","modified_gmt":"2022-02-18T16:42:03","slug":"lwy-panskie-swiete-kaplanstwo","status":"publish","type":"page","link":"https:\/\/hubertpietka.bialystok.pl\/?page_id=5326","title":{"rendered":"Lwy Pa\u0144skie \/ \u015bwi\u0119te kap\u0142a\u0144stwo"},"content":{"rendered":"<p><em><strong>Lwy Pa\u0144skie \/ \u015bwi\u0119te kap\u0142a\u0144stwo<\/strong><\/em><\/p>\n<p>Bogu si\u0119 spodoba\u0142o<br \/>\nStawa\u0107 si\u0119 \u015awiat\u0142em<br \/>\nTu na ziemi<br \/>\nTylko w r\u0119kach kap\u0142an\u00f3w<br \/>\nI przez ich s\u0142owo<\/p>\n<p>Kap\u0142ani *lew-i-ci* starotestamentalni<br \/>\nW nowym wydaniu<br \/>\nChrystus *Lew* Judy *i ci*<br \/>\nKt\u00f3rym On ze Swego Lwiego B\u00f3stwa udziela<br \/>\n\u017be sami staj\u0105 si\u0119 lwami<br \/>\nW Bo\u017cych sprawach<br \/>\n*Lew-i-ta* kap\u0142an i ta<br \/>\nKt\u00f3ra wspiera kap\u0142an\u00f3w swych syn\u00f3w<br \/>\nMatka Ko\u015bcio\u0142a<\/p>\n<p>Lewici czyli lewituj\u0105cy niejako<br \/>\nPomi\u0119dzy niebem a ziemi\u0105<br \/>\nBo\u017cymi i ludzkimi sprawami<br \/>\nNie oceniaj kap\u0142an\u00f3w<br \/>\nCzy ty by\u015b si\u0119 w tym odnalaz\u0142<br \/>\nTo niemo\u017cliwe bez Bo\u017cej \u0142aski<br \/>\nBez piecz\u0119ci kap\u0142a\u0144skich \u015bwi\u0119ce\u0144<\/p>\n<p>Dlaczego si\u0119 tym zajmuj\u0119<br \/>\nWezwa\u0142 mnie do tego Pan<br \/>\nMiesi\u0105c temu w Pi\u0144czowie<br \/>\nPrzed Msz\u0105 \u015awi\u0119t\u0105<br \/>\nMia\u0142em widzenie<br \/>\n\u017be ko\u0142o mnie zasiada kap\u0142an<br \/>\nUbrany w liturgiczne szaty<br \/>\nPrzez to Pan mnie zawezwa\u0142<\/p>\n<p><a href=\"http:\/\/hubertpietka.bialystok.pl\/wp-content\/uploads\/2022\/02\/IMG_20220218_171750.jpg\"><img loading=\"lazy\" decoding=\"async\" class=\"alignnone size-thumbnail wp-image-5327\" src=\"http:\/\/hubertpietka.bialystok.pl\/wp-content\/uploads\/2022\/02\/IMG_20220218_171750-150x150.jpg\" alt=\"\" width=\"150\" height=\"150\" srcset=\"https:\/\/hubertpietka.bialystok.pl\/wp-content\/uploads\/2022\/02\/IMG_20220218_171750-150x150.jpg 150w, https:\/\/hubertpietka.bialystok.pl\/wp-content\/uploads\/2022\/02\/IMG_20220218_171750-75x75.jpg 75w\" sizes=\"auto, (max-width: 150px) 100vw, 150px\" \/><\/a><\/p>\n<p><em>Na zdj. Matka Ko\u015bcio\u0142a w ko\u015bciele stopnickim<\/em><br \/>\n<em> Nawet najbardziej pogubiony kap\u0142an<\/em><br \/>\n<em> To tylko on ma od Boga moc<\/em><br \/>\n<em> By \u015bwi\u0119te obrz\u0119dy sprawowa\u0107<\/em><br \/>\n<em> By dzieli\u0107 sakramenty wobec ludu<\/em><br \/>\n<em> Nikt na ziemi poza kap\u0142anami<\/em><br \/>\n<em> Nie ma Bo\u017cego namaszczenia<\/em><br \/>\n<em> W tych Bo\u017cych sprawach<\/em><br \/>\n<em> A bez Eucharystii \u015bwiat by nie istnia\u0142<\/em><\/p>\n<p><strong>Dodatek<\/strong><br \/>\nA te manekiny<br \/>\nKt\u00f3re si\u0119 tu czy tam<br \/>\nPodszywaj\u0105 pod prawdziwych kap\u0142an\u00f3w<br \/>\nCho\u0107by byli najpi\u0119kniejsi w\u015br\u00f3d ludzi<br \/>\nTo bez Bo\u017cego namaszczenia<br \/>\nS\u0105 tylko kpin\u0105<br \/>\nZ \u015bwi\u0119tych spraw Bo\u017cych<br \/>\nB\u00f3g nie dozwoli z Siebie szydzi\u0107<br \/>\nI wcze\u015bniej czy p\u00f3\u017aniej<br \/>\nI na to odpowie<\/p>\n<p><em>Aneks (kuchenny)<\/em><br \/>\nA ten cz\u0142owiek wspania\u0142y wielki<br \/>\nWyjdzie im zawsze na przeciw<br \/>\nW spos\u00f3b odpowiedni<br \/>\nI nie wa\u017cne<br \/>\n-\u015awiadomie nie- czy mo\u017ce pod-<br \/>\nJakkolwiek byleby tylko<br \/>\nPrzecie\u017c tak musi by\u0107<br \/>\nI jak to jest<br \/>\nRaz \u015bwiadomy a raz nie<br \/>\nI s\u0142u\u017cy to komu odpowiednio<\/p>\n<p><em>I *Sal-on*<\/em><br \/>\n*Sale* sprzedany *on*<br \/>\nTo niech chocia\u017c *kap-\u0142ani*<br \/>\nNiech co\u015b chocia\u017c<br \/>\nKap kap tu Hani<\/p>\n<p><strong>Dzi\u015b \u015bw. *Teo-ton-iusz* wspominany<\/strong><br \/>\n<strong> *Bo\u017cy ton ju\u017c* tu<\/strong><br \/>\n<strong> Trzeba tylko si\u0119 ws\u0142ucha\u0107<\/strong><br \/>\n<strong> W Bo\u017c\u0105 muzyk\u0119<\/strong><br \/>\n<strong> A jeszcze zabrzmi ona pi\u0119kniej<\/strong><\/p>\n<p style=\"text-align: center;\"><a href=\"https:\/\/youtu.be\/FTpc0kU_5ik\"><em><strong>Lud Tw\u00f3j Panie, Lud Pielgrzymi<\/strong><\/em><\/a><\/p>\n<p style=\"text-align: right;\"><a href=\"https:\/\/youtu.be\/Xbq_xV43SFk\"><em><strong>Ludu Kap\u0142a\u0144ski<\/strong><\/em><\/a><\/p>\n","protected":false},"excerpt":{"rendered":"<p>Lwy Pa\u0144skie \/ \u015bwi\u0119te kap\u0142a\u0144stwo Bogu si\u0119 spodoba\u0142o Stawa\u0107 si\u0119 \u015awiat\u0142em Tu na ziemi Tylko w r\u0119kach kap\u0142an\u00f3w I przez ich s\u0142owo Kap\u0142ani *lew-i-ci* starotestamentalni&hellip; <\/p>\n","protected":false},"author":1,"featured_media":0,"parent":0,"menu_order":0,"comment_status":"closed","ping_status":"closed","template":"","meta":{"footnotes":""},"class_list":["post-5326","page","type-page","status-publish","hentry"],"_links":{"self":[{"href":"https:\/\/hubertpietka.bialystok.pl\/index.php?rest_route=\/wp\/v2\/pages\/5326","targetHints":{"allow":["GET"]}}],"collection":[{"href":"https:\/\/hubertpietka.bialystok.pl\/index.php?rest_route=\/wp\/v2\/pages"}],"about":[{"href":"https:\/\/hubertpietka.bialystok.pl\/index.php?rest_route=\/wp\/v2\/types\/page"}],"author":[{"embeddable":true,"href":"https:\/\/hubertpietka.bialystok.pl\/index.php?rest_route=\/wp\/v2\/users\/1"}],"replies":[{"embeddable":true,"href":"https:\/\/hubertpietka.bialystok.pl\/index.php?rest_route=%2Fwp%2Fv2%2Fcomments&post=5326"}],"version-history":[{"count":1,"href":"https:\/\/hubertpietka.bialystok.pl\/index.php?rest_route=\/wp\/v2\/pages\/5326\/revisions"}],"predecessor-version":[{"id":5328,"href":"https:\/\/hubertpietka.bialystok.pl\/index.php?rest_route=\/wp\/v2\/pages\/5326\/revisions\/5328"}],"wp:attachment":[{"href":"https:\/\/hubertpietka.bialystok.pl\/index.php?rest_route=%2Fwp%2Fv2%2Fmedia&parent=5326"}],"curies":[{"name":"wp","href":"https:\/\/api.w.org\/{rel}","templated":true}]}}