{"id":5755,"date":"2022-07-01T18:44:44","date_gmt":"2022-07-01T18:44:44","guid":{"rendered":"http:\/\/hubertpietka.bialystok.pl\/?page_id=5755"},"modified":"2022-07-01T18:44:44","modified_gmt":"2022-07-01T18:44:44","slug":"z-nienawisci-do-wiary","status":"publish","type":"page","link":"https:\/\/hubertpietka.bialystok.pl\/?page_id=5755","title":{"rendered":"Z nienawi\u015bci \/ do wiary"},"content":{"rendered":"<p><strong><em>Z nienawi\u015bci \/ do wiary<\/em><\/strong><\/p>\n<p>Co trzeba mie\u0107 w sercu<br \/>\nBy dyba\u0107 na niewinnych<br \/>\nZ jakiego to si\u0119 dzieje powodu<br \/>\nChyba tylko z nienawi\u015bci do wiary<br \/>\nBo inaczej nie potrafi\u0119 sobie tego wyt\u0142umaczy\u0107<\/p>\n<p>Komu zawini\u0142a moja \u017cona<br \/>\nI w czym<br \/>\n\u017be ma j\u0105 spotka\u0107 \u015bmier\u0107<br \/>\nA co mo\u017ce nie<\/p>\n<p>Komu ja zawini\u0142em<br \/>\nMo\u017ce i jacy\u015b inni<br \/>\nChyba tylko tym<br \/>\n\u017be w prawd\u0119 wierzymy<\/p>\n<p>Co trzeba mie\u0107 w sercu<br \/>\nA co mo\u017ce nie maj\u0105 przyj\u015b\u0107<br \/>\nTakie czy inne misie kolorowe<br \/>\nNatury moralnej w\u0105tpliwej co najmniej<\/p>\n<p>\u015amier\u0107 za wiar\u0119<br \/>\nZa trwanie w mi\u0142o\u015bci<br \/>\nZa dobro prawd\u0119<br \/>\nCzy\u017c nie tak<\/p>\n<p>Przecie\u017c lepiej da\u0107 si\u0119 omamia\u0107<br \/>\nLepiej trwa\u0107 w iluzji<\/p>\n<p>Bo my\u015bmy nic z\u0142ego nie zrobili<br \/>\nA jak si\u0119 ma odpowiednie instrumenty<br \/>\nTo wsz\u0119dzie mo\u017cna zagra\u0107 muzyczk\u0119 odpowiedni\u0105<br \/>\nProwadz\u0105c\u0105 zapewne do celu jedynie s\u0142usznego<\/p>\n<p>Tak z nienawi\u015bci do wiary<br \/>\nMo\u017cna pojma\u0107 zabi\u0107<br \/>\nI za mamon\u0119<br \/>\nA to cz\u0119sto w parze niestety idzie<\/p>\n<p>A co ma si\u0119 co\u015b nie sta\u0107 z nami<br \/>\nA jak si\u0119 stanie<br \/>\nTo co wtedy<br \/>\nTo si\u0119 dopiero oka\u017ce<\/p>\n<p><strong>Dzi\u015b \u015bw. *Ot-tona*<\/strong><br \/>\n<strong> *Oto ona* Maryja i moja \u017cona<\/strong><br \/>\n<strong> A du\u017co je \u0142\u0105czy<\/strong><br \/>\n<strong> Zabi\u0107 czysto\u015b\u0107 niewinno\u015b\u0107 zabi\u0107<\/strong><br \/>\n<strong> Ku uciesze bezprawnej<\/strong><\/p>\n<p><strong><a href=\"http:\/\/hubertpietka.bialystok.pl\/wp-content\/uploads\/2022\/07\/IMG_20220701_203207.jpg\"><img loading=\"lazy\" decoding=\"async\" class=\"alignnone size-thumbnail wp-image-5756\" src=\"http:\/\/hubertpietka.bialystok.pl\/wp-content\/uploads\/2022\/07\/IMG_20220701_203207-150x150.jpg\" alt=\"\" width=\"150\" height=\"150\" srcset=\"https:\/\/hubertpietka.bialystok.pl\/wp-content\/uploads\/2022\/07\/IMG_20220701_203207-150x150.jpg 150w, https:\/\/hubertpietka.bialystok.pl\/wp-content\/uploads\/2022\/07\/IMG_20220701_203207-75x75.jpg 75w\" sizes=\"auto, (max-width: 150px) 100vw, 150px\" \/><\/a><\/strong><\/p>\n<p><em>Na zdj. Maryja Szkaplerzna Pani<\/em><br \/>\n<em> W sanktuarium bia\u0142ostockim Bo\u017cego Mi\u0142osierdzia<\/em><br \/>\n<em> Chro\u0144 Maryjo nas nasze i naszych<\/em><br \/>\n<em> \u015awiat lepszy bez nas bynajmniej nie b\u0119dzie<\/em><br \/>\n<em> Stoczy si\u0119 ku zag\u0142adzie<\/em><\/p>\n<p style=\"text-align: right;\">Pozdrawiam trwaj\u0105cych w prawdzie<br \/>\nZdrowa\u015b Maryjo zdrowa\u015b<\/p>\n<p style=\"text-align: center;\"><a href=\"https:\/\/youtu.be\/ZTYSAl9Npqw\"><b><i>M\u0119skie Granie Orkiestra 2021 &#8211; Daria Zawia\u0142ow Dawid Podsiad\u0142o Vito Bambino &#8211; I ciebie te\u017c, bardzo<\/i><\/b><\/a><\/p>\n","protected":false},"excerpt":{"rendered":"<p>Z nienawi\u015bci \/ do wiary Co trzeba mie\u0107 w sercu By dyba\u0107 na niewinnych Z jakiego to si\u0119 dzieje powodu Chyba tylko z nienawi\u015bci do&hellip; <\/p>\n","protected":false},"author":1,"featured_media":0,"parent":0,"menu_order":0,"comment_status":"closed","ping_status":"closed","template":"","meta":{"footnotes":""},"class_list":["post-5755","page","type-page","status-publish","hentry"],"_links":{"self":[{"href":"https:\/\/hubertpietka.bialystok.pl\/index.php?rest_route=\/wp\/v2\/pages\/5755","targetHints":{"allow":["GET"]}}],"collection":[{"href":"https:\/\/hubertpietka.bialystok.pl\/index.php?rest_route=\/wp\/v2\/pages"}],"about":[{"href":"https:\/\/hubertpietka.bialystok.pl\/index.php?rest_route=\/wp\/v2\/types\/page"}],"author":[{"embeddable":true,"href":"https:\/\/hubertpietka.bialystok.pl\/index.php?rest_route=\/wp\/v2\/users\/1"}],"replies":[{"embeddable":true,"href":"https:\/\/hubertpietka.bialystok.pl\/index.php?rest_route=%2Fwp%2Fv2%2Fcomments&post=5755"}],"version-history":[{"count":1,"href":"https:\/\/hubertpietka.bialystok.pl\/index.php?rest_route=\/wp\/v2\/pages\/5755\/revisions"}],"predecessor-version":[{"id":5757,"href":"https:\/\/hubertpietka.bialystok.pl\/index.php?rest_route=\/wp\/v2\/pages\/5755\/revisions\/5757"}],"wp:attachment":[{"href":"https:\/\/hubertpietka.bialystok.pl\/index.php?rest_route=%2Fwp%2Fv2%2Fmedia&parent=5755"}],"curies":[{"name":"wp","href":"https:\/\/api.w.org\/{rel}","templated":true}]}}