{"id":6120,"date":"2022-09-07T10:44:20","date_gmt":"2022-09-07T10:44:20","guid":{"rendered":"http:\/\/hubertpietka.bialystok.pl\/?page_id=6120"},"modified":"2022-09-07T10:45:14","modified_gmt":"2022-09-07T10:45:14","slug":"you-and-me-czyli","status":"publish","type":"page","link":"https:\/\/hubertpietka.bialystok.pl\/?page_id=6120","title":{"rendered":"You and I \/ czyli &#8230;"},"content":{"rendered":"<p><strong><em>You and I \/ czyli &#8230;<\/em><\/strong><\/p>\n<p><a href=\"http:\/\/hubertpietka.bialystok.pl\/wp-content\/uploads\/2022\/09\/IMG_20220907_123445.jpg\"><img loading=\"lazy\" decoding=\"async\" class=\"alignnone size-thumbnail wp-image-6122\" src=\"http:\/\/hubertpietka.bialystok.pl\/wp-content\/uploads\/2022\/09\/IMG_20220907_123445-150x150.jpg\" alt=\"\" width=\"150\" height=\"150\" srcset=\"https:\/\/hubertpietka.bialystok.pl\/wp-content\/uploads\/2022\/09\/IMG_20220907_123445-150x150.jpg 150w, https:\/\/hubertpietka.bialystok.pl\/wp-content\/uploads\/2022\/09\/IMG_20220907_123445-75x75.jpg 75w\" sizes=\"auto, (max-width: 150px) 100vw, 150px\" \/><\/a><\/p>\n<p>Ty i ja<br \/>\nTak samo tylko inaczej zagro\u017ceni<\/p>\n<p>Ju\u017c mnie to troch\u0119 i roz\u015bmiesza czasem<br \/>\nZ tym cz\u0142owiekiem tak wielkim<br \/>\nI z bohaterstwem tak wspania\u0142ym<br \/>\nKomedia parodia a przypadek zapomnia\u0142em<br \/>\nJak ja co\u015b opisa\u0142em<br \/>\nTo oni tak w\u0142a\u015bnie maj\u0105<br \/>\nJest powiedzenie takie<br \/>\nSami oce\u0144cie czy s\u0142uszne w tym przypadku<br \/>\nBezczelno\u015b\u0107 ludzka nie ma granic<\/p>\n<p>A tak w og\u00f3le<br \/>\nTo tu chyba zosta\u0142 og\u0142oszony jaki\u015b casting<br \/>\nNa cz\u0142owieka wielkiego bohaterstwo wspania\u0142e<br \/>\nCzy m\u0142odzi czy starzy<br \/>\nZnani czy nieznani<br \/>\nKa\u017cdy mo\u017ce zosta\u0107 bohaterem wspania\u0142ym<br \/>\nA jaka jest za co\u015b takiego nagroda<br \/>\nMo\u017ce sam bym zosta\u0142<br \/>\nChocia\u017c nie raczej<br \/>\nMusia\u0142bym sam siebie zdradzi\u0107<br \/>\nAle si\u0119 tu kr\u0119ci tak poza tym<br \/>\nNa to kandydat\u00f3w<br \/>\nKiedy cz\u0142owiek wielki co\u015b tam<br \/>\nSpacerek czy wyprawka<br \/>\nKto\u015b wchodzi czy wychodzi<br \/>\nA do aferki mo\u017ce by\u0107 przecie\u017c<br \/>\nPow\u00f3d niemal ka\u017cdy<\/p>\n<p>To co do mnie<br \/>\nA co do mojej \u017cony<br \/>\nTo je\u015bli cokolwiek cokolwieczunio<br \/>\nA pewnie \u017ce zawsze i wsz\u0119dzie co\u015b tam<br \/>\nSi\u0119 sta\u0107 mo\u017ce z ni\u0105<br \/>\nA jak\u017ce<br \/>\nSzczeg\u00f3lnie kiedy mnie z ni\u0105 nie ma<br \/>\nCzy\u017c nie tak lub podobnie<br \/>\nI z naszymi i naszym<br \/>\nZ tymi kt\u00f3rzy s\u0105 nie przeciw nam<br \/>\nCzy\u017c nie w\u0142a\u015bnie tak<\/p>\n<p><a href=\"http:\/\/hubertpietka.bialystok.pl\/wp-content\/uploads\/2022\/09\/IMG_20220907_123442.jpg\"><img loading=\"lazy\" decoding=\"async\" class=\"alignnone size-thumbnail wp-image-6121\" src=\"http:\/\/hubertpietka.bialystok.pl\/wp-content\/uploads\/2022\/09\/IMG_20220907_123442-150x150.jpg\" alt=\"\" width=\"150\" height=\"150\" srcset=\"https:\/\/hubertpietka.bialystok.pl\/wp-content\/uploads\/2022\/09\/IMG_20220907_123442-150x150.jpg 150w, https:\/\/hubertpietka.bialystok.pl\/wp-content\/uploads\/2022\/09\/IMG_20220907_123442-75x75.jpg 75w\" sizes=\"auto, (max-width: 150px) 100vw, 150px\" \/><\/a><\/p>\n<p><strong>Na zdj. S\u0142owa b\u0142. kard. Stefana Wyszy\u0144skiego<\/strong><br \/>\n<strong> <em>Czas to mi\u0142o\u015b\u0107<\/em><\/strong><br \/>\n<strong> A dla niekt\u00f3rych czy\u017c<\/strong><br \/>\n<strong> Czas to nie zdrada<\/strong><br \/>\n<strong> Dla innych mo\u017ce<\/strong><br \/>\n<strong> Czas to na podpadni\u0119tych nastawanie<\/strong><br \/>\n<strong> Dla innych jeszcze<\/strong><br \/>\n<strong> Na wsp\u00f3\u0142prac\u0119 z nimi zapewne<\/strong><br \/>\n<strong> A dla misi\u00f3w czas to mo\u017ce<\/strong><br \/>\n<strong> Na bezprawia paradoks?<\/strong><\/p>\n","protected":false},"excerpt":{"rendered":"<p>You and I \/ czyli &#8230; Ty i ja Tak samo tylko inaczej zagro\u017ceni Ju\u017c mnie to troch\u0119 i roz\u015bmiesza czasem Z tym cz\u0142owiekiem tak&hellip; <\/p>\n","protected":false},"author":1,"featured_media":0,"parent":0,"menu_order":0,"comment_status":"closed","ping_status":"closed","template":"","meta":{"footnotes":""},"class_list":["post-6120","page","type-page","status-publish","hentry"],"_links":{"self":[{"href":"https:\/\/hubertpietka.bialystok.pl\/index.php?rest_route=\/wp\/v2\/pages\/6120","targetHints":{"allow":["GET"]}}],"collection":[{"href":"https:\/\/hubertpietka.bialystok.pl\/index.php?rest_route=\/wp\/v2\/pages"}],"about":[{"href":"https:\/\/hubertpietka.bialystok.pl\/index.php?rest_route=\/wp\/v2\/types\/page"}],"author":[{"embeddable":true,"href":"https:\/\/hubertpietka.bialystok.pl\/index.php?rest_route=\/wp\/v2\/users\/1"}],"replies":[{"embeddable":true,"href":"https:\/\/hubertpietka.bialystok.pl\/index.php?rest_route=%2Fwp%2Fv2%2Fcomments&post=6120"}],"version-history":[{"count":2,"href":"https:\/\/hubertpietka.bialystok.pl\/index.php?rest_route=\/wp\/v2\/pages\/6120\/revisions"}],"predecessor-version":[{"id":6124,"href":"https:\/\/hubertpietka.bialystok.pl\/index.php?rest_route=\/wp\/v2\/pages\/6120\/revisions\/6124"}],"wp:attachment":[{"href":"https:\/\/hubertpietka.bialystok.pl\/index.php?rest_route=%2Fwp%2Fv2%2Fmedia&parent=6120"}],"curies":[{"name":"wp","href":"https:\/\/api.w.org\/{rel}","templated":true}]}}