{"id":700,"date":"2017-07-27T00:14:21","date_gmt":"2017-07-27T00:14:21","guid":{"rendered":"http:\/\/hubertpietka.bialystok.pl\/?page_id=700"},"modified":"2017-08-06T06:48:07","modified_gmt":"2017-08-06T06:48:07","slug":"miedz-brzeczaca","status":"publish","type":"page","link":"https:\/\/hubertpietka.bialystok.pl\/?page_id=700","title":{"rendered":"Mied\u017a brz\u0119cz\u0105ca"},"content":{"rendered":"<p style=\"text-align: center;\"><strong><em>Mied\u017a brz\u0119cz\u0105ca<\/em><\/strong><\/p>\n<p>&nbsp;<\/p>\n<p style=\"text-align: right;\"><em>Gdybym m\u00f3wi\u0142 j\u0119zykami ludzi i anio\u0142\u00f3w,<br \/>\na mi\u0142o\u015bci bym nie mia\u0142,<br \/>\nsta\u0142bym si\u0119 jak mied\u017a brz\u0119cz\u0105ca<br \/>\nalbo cymba\u0142 brzmi\u0105cy.<\/em><\/p>\n<p style=\"text-align: right;\"><em>[1Kor 13, 1]<\/em><\/p>\n<p><em>\u00a0<\/em><\/p>\n<p style=\"text-align: center;\"><a href=\"https:\/\/www.youtube.com\/watch?v=lxKwFWJrkvE\">Kult \u2013 \u201eKomu bije dzwon\u201d<\/a><\/p>\n<p style=\"text-align: center;\"><a href=\"https:\/\/www.youtube.com\/watch?v=xS8eZRdbteA\">M. Balcar \u2013 \u201eKomu bije\u201d<\/a><\/p>\n<p style=\"text-align: center;\"><a href=\"https:\/\/www.youtube.com\/watch?v=R2NsuZVmboU\">M. Balcar \u2013 \u201eNiewierni sobie\u201d<\/a><\/p>\n<p style=\"text-align: center;\"><a href=\"https:\/\/www.youtube.com\/watch?v=FjC-korP-QI\">Kult \u2013 \u201eCzarne s\u0142o\u0144ca\u201d<\/a><\/p>\n<p style=\"text-align: center;\"><a href=\"https:\/\/www.youtube.com\/watch?v=VNAmqtRmp28\">Kult \u2013 \u201eDo Ani\u201d<\/a><\/p>\n<p style=\"text-align: center;\"><strong><em><u>12 z\u0142<\/u><\/em><\/strong><\/p>\n<p style=\"text-align: center;\">1 z\u0142 \u2013 dla tego, kto wie, kiedy szyd\u0142o wyjdzie z worka<\/p>\n<p style=\"text-align: center;\">2 z\u0142 \u2013 dla kota z pewnej ulicy, aby wreszcie pokaza\u0142 pazurki<\/p>\n<p style=\"text-align: center;\">3 z\u0142 \u2013 dla tego, kt\u00f3ry chce schwyta\u0107, niech swe trzyma<\/p>\n<p style=\"text-align: center;\">4 z\u0142 \u2013 dla morwy, niech si\u0119 ni\u0107 nie porwie<\/p>\n<p style=\"text-align: center;\">5 z\u0142 \u2013 dla tego, kto pod kim do\u0142ki kopie, sam w nie wpadnie<\/p>\n<p style=\"text-align: center;\">6 z\u0142 \u2013 dla kaczora Donalda, kt\u00f3ry sw\u0105 ferm\u0119 mia\u0142, a na niej co\u015b wyhodowa\u0142<\/p>\n<p style=\"text-align: center;\">7 z\u0142 \u2013 dla tych, kt\u00f3rzy wylewaj\u0105 swe \u017cale i r\u00f3\u017cne \u017calki<\/p>\n<p style=\"text-align: center;\">8 z\u0142 \u2013 dla tych kt\u00f3rzy graj\u0105 Panu na harfie i cytrze, a szczeg\u00f3lnie na dudzie<\/p>\n<p style=\"text-align: center;\">9 z\u0142 \u2013 dla wystrychni\u0119tych na dudki<\/p>\n<p style=\"text-align: center;\">10 z\u0142 \u2013 dla krasnoludk\u00f3w, kt\u00f3rzy \u015bcigaj\u0105 ufoludki<\/p>\n<p style=\"text-align: center;\">11 z\u0142 \u2013 dla wszystkich obra\u017conych na prawd\u0119<\/p>\n<p style=\"text-align: center;\">12 z\u0142 \u2013 dla tych, kt\u00f3rzy nie rozumiej\u0105, \u017ce wa\u017cniejsze jest mi\u0142osierdzie ni\u017c ofiara<\/p>\n<p style=\"text-align: center;\">\ud83d\ude09<\/p>\n<p style=\"text-align: center;\">Ps. Wszystko jest wa\u017cne, ale pieni\u0105dze maj\u0105 by\u0107 \u015brodkiem, a nie celem\u2026<\/p>\n<p style=\"text-align: center;\"><a href=\"https:\/\/www.youtube.com\/watch?v=HBxHMq6HDmw\">\u201eGdyby kto\u015b\u201d &#8211; Skawalker<\/a><\/p>\n<p style=\"text-align: center;\"><a href=\"https:\/\/www.youtube.com\/watch?v=h7ES_rO9bFM\">\u201ePokolenie\u201d \u2013 Kombi<\/a><\/p>\n<p style=\"text-align: center;\"><a href=\"https:\/\/www.youtube.com\/watch?v=KyoaPUAJGAI\">Odzia\u0142 Zamkni\u0119ty \u2013 \u201eGdyby nie ty\u201d<\/a><\/p>\n<p style=\"text-align: center;\"><a href=\"https:\/\/www.youtube.com\/watch?v=U5LLkehUa-c\">Lady Punk \u2013 \u201eM\u00f3j \u015bwiat bez ciebie\u201d<\/a><\/p>\n<p style=\"text-align: center;\"><a href=\"https:\/\/www.youtube.com\/watch?v=bix1tb6rVeU\">Wilki \u2013 \u201cSon of the blu sky\u201d<\/a><\/p>\n<p style=\"text-align: center;\"><a href=\"https:\/\/www.youtube.com\/watch?v=JLH1cgvAgcs\">Wilki \u2013 \u201cAborygen\u201d<\/a><\/p>\n<p style=\"text-align: center;\"><a href=\"https:\/\/www.youtube.com\/watch?v=bD9aKxq4XMw\">Wilki \u2013 \u201eJeden raz odwiedzamy \u015bwiat&#8221;<\/a><\/p>\n<p style=\"text-align: center;\"><a href=\"https:\/\/www.youtube.com\/watch?v=VCnPe5bBnAU\">Myslovitz \u2013 \u201eMie\u0107 czy by\u0107\u201d<\/a><\/p>\n<p style=\"text-align: center;\"><a href=\"https:\/\/www.youtube.com\/watch?v=qHqTTSjWBvg\">Czes\u0142aw \u015bpiewa \u2013 \u201eMaszynka do \u015bwierkania\u201d<\/a><\/p>\n<p style=\"text-align: center;\"><a href=\"https:\/\/www.youtube.com\/watch?v=S3qZUaKgk9I\">Czes\u0142aw \u015bpiewa \u2013 \u201eW sam raz\u201d<\/a><\/p>\n<p style=\"text-align: center;\"><a href=\"https:\/\/www.youtube.com\/watch?v=xlte9lodB-E\">Czes\u0142aw Mozil i Gaba Kulka \u2013 \u201eCo mi Panie dasz\u201d<\/a><\/p>\n<p style=\"text-align: center;\"><a href=\"https:\/\/www.youtube.com\/watch?v=brftyIVBy4c\">Czes\u0142aw Spiewa i Mela Koteluk \u2013 \u201ePie\u015b\u0144 o szcz\u0119\u015bciu\u201d<\/a><\/p>\n<p style=\"text-align: center;\"><a href=\"https:\/\/www.youtube.com\/watch?v=wO_lA6hV1Ag\">M. Koteluk \u2013 \u201eMelodia ulotna\u201d<\/a><\/p>\n<p style=\"text-align: center;\"><a href=\"https:\/\/www.youtube.com\/watch?v=-qJkAosmEZM\">G. Turnau \u2013 \u201eNaprawd\u0119 nie dzieje si\u0119 nic\u201d<\/a><\/p>\n<p style=\"text-align: center;\"><a href=\"https:\/\/www.youtube.com\/watch?v=GWHf9qEG5CE\">D\u017cem \u2013 \u201eBy\u0107 albo mie\u0107\u201d<\/a><\/p>\n<p style=\"text-align: center;\"><a href=\"https:\/\/www.youtube.com\/watch?v=XGRwMd-2Bbk\">Rewolucja \u2013 \u201eOczekiwanie\u201d<\/a><\/p>\n<p style=\"text-align: center;\"><a href=\"https:\/\/www.youtube.com\/watch?v=5ye0dYvd_Zk\">Rewolucja \u2013 \u201eJa wiem, \u017ce wiesz\u201d<\/a><\/p>\n<p>&nbsp;<\/p>\n<p style=\"text-align: right;\"><em>Odt\u0105d niech ju\u017c nikt nie sprawia mi przykro\u015bci:<\/em><\/p>\n<p style=\"text-align: right;\"><em>przecie\u017c ja na ciele swoim nosz\u0119 blizny, znami\u0119 przynale\u017cno\u015bci do Jezusa. <\/em><\/p>\n<p style=\"text-align: right;\"><em>\u0141aska Pana naszego Jezusa Chrystusa niech b\u0119dzie z duchem waszym, bracia! Amen.<\/em><\/p>\n<p style=\"text-align: right;\">[Ga 6, 17-18]<\/p>\n<p>Bia\u0142ystok, 26.07.2017 r.<\/p>\n<p>Pisano we wspomnienie \u015bw. Anny<\/p>\n","protected":false},"excerpt":{"rendered":"<p>Mied\u017a brz\u0119cz\u0105ca &nbsp; Gdybym m\u00f3wi\u0142 j\u0119zykami ludzi i anio\u0142\u00f3w, a mi\u0142o\u015bci bym nie mia\u0142, sta\u0142bym si\u0119 jak mied\u017a brz\u0119cz\u0105ca albo cymba\u0142 brzmi\u0105cy. [1Kor 13, 1]&hellip; <\/p>\n","protected":false},"author":1,"featured_media":0,"parent":0,"menu_order":0,"comment_status":"closed","ping_status":"closed","template":"","meta":{"footnotes":""},"class_list":["post-700","page","type-page","status-publish","hentry"],"_links":{"self":[{"href":"https:\/\/hubertpietka.bialystok.pl\/index.php?rest_route=\/wp\/v2\/pages\/700","targetHints":{"allow":["GET"]}}],"collection":[{"href":"https:\/\/hubertpietka.bialystok.pl\/index.php?rest_route=\/wp\/v2\/pages"}],"about":[{"href":"https:\/\/hubertpietka.bialystok.pl\/index.php?rest_route=\/wp\/v2\/types\/page"}],"author":[{"embeddable":true,"href":"https:\/\/hubertpietka.bialystok.pl\/index.php?rest_route=\/wp\/v2\/users\/1"}],"replies":[{"embeddable":true,"href":"https:\/\/hubertpietka.bialystok.pl\/index.php?rest_route=%2Fwp%2Fv2%2Fcomments&post=700"}],"version-history":[{"count":3,"href":"https:\/\/hubertpietka.bialystok.pl\/index.php?rest_route=\/wp\/v2\/pages\/700\/revisions"}],"predecessor-version":[{"id":731,"href":"https:\/\/hubertpietka.bialystok.pl\/index.php?rest_route=\/wp\/v2\/pages\/700\/revisions\/731"}],"wp:attachment":[{"href":"https:\/\/hubertpietka.bialystok.pl\/index.php?rest_route=%2Fwp%2Fv2%2Fmedia&parent=700"}],"curies":[{"name":"wp","href":"https:\/\/api.w.org\/{rel}","templated":true}]}}