{"id":7090,"date":"2023-05-07T18:32:57","date_gmt":"2023-05-07T18:32:57","guid":{"rendered":"http:\/\/hubertpietka.bialystok.pl\/?page_id=7090"},"modified":"2023-06-04T12:38:46","modified_gmt":"2023-06-04T12:38:46","slug":"zanim-calkowicie-dzwony-umilkna","status":"publish","type":"page","link":"https:\/\/hubertpietka.bialystok.pl\/?page_id=7090","title":{"rendered":"Zanim ca\u0142kowicie \/ dzwony umilkn\u0105"},"content":{"rendered":"<p><em><strong>Zanim ca\u0142kowicie<\/strong><\/em> \/ dzwony umilkn\u0105<\/p>\n<p>Nie dopu\u015b\u0107 w swym mi\u0142osierdziu nasz Bo\u017ce<br \/>\nBy\u015bmy si\u0119 stali ofiarami ob\u0142udy i przemocy zar\u00f3wno<br \/>\nBo to pr\u00f3buje w nas uderza\u0107 i uderza<br \/>\nNa ka\u017cdej p\u0142aszczy\u017anie naszego \u017cycia<br \/>\nW spos\u00f3b r\u00f3wnoleg\u0142y<\/p>\n<p>W \u017con\u0119 cho\u0107by przez niesprawiedliwe procesy s\u0105dowe<br \/>\nW nasze samochody przez r\u00f3\u017cne dra\u0144skie metody<br \/>\nW nas i nasze przez cho\u0107by wok\u00f3\u0142 nas zepsute powietrze<br \/>\nZreszt\u0105 chyba i we wszystko<br \/>\nOb\u0142ud\u0105 i przemoc\u0105 zar\u00f3wno<br \/>\nWe wszystko i wszystkich kt\u00f3rzy nas dotycz\u0105<\/p>\n<p><em>Zanim ca\u0142kowicie umilkn\u0105 dzwony<\/em><br \/>\nBo ka\u017cda \u015bwi\u0119to\u015b\u0107 jest dla nich przeszkod\u0105<br \/>\nKa\u017cda sprzeciwia si\u0119 ich planom<br \/>\nTo wed\u0142ug kogo oni w istocie dzia\u0142aj\u0105<\/p>\n<p style=\"text-align: center;\"><a href=\"https:\/\/youtu.be\/lxKwFWJrkvE\"><em><strong>Kult &#8211; Komu bije dzwon<\/strong><\/em><\/a><\/p>\n<p>A mam te\u017c wra\u017cenie Panie<br \/>\n\u017be ob\u0142uda osi\u0105ga ju\u017c<br \/>\nNiemal kosmiczne rozmiary<br \/>\nI \u017ce jest galopuj\u0105ca wobec nas i na nas<br \/>\n\u017be niekt\u00f3rzy prze\u015bcigaj\u0105 si\u0119<br \/>\nKto b\u0119dzie wi\u0119kszy w ob\u0142udzie<br \/>\nBiedni nie wiedz\u0105 co czyni\u0105<br \/>\nBo Ty nigdy z tym nie wsp\u00f3\u0142dzia\u0142asz<br \/>\nOb\u0142udy nie pochwalasz<br \/>\nBo Ciebie nie ma w ob\u0142udzie k\u0142amstwie fa\u0142szu<br \/>\nI nigdy Ci\u0119 tam nie b\u0119dzie i nie by\u0142o<\/p>\n<p>To te\u017c dotyczy ich przyj\u015bcia<br \/>\nCzekaj\u0105 na moment s\u0142abszy<br \/>\nBy uderzy\u0107 w bezbronnego<br \/>\nKt\u00f3ry tylko w Bogu pok\u0142ada nadziej\u0119 i ufno\u015b\u0107<br \/>\nI szuka ratunku w tym co jeszcze<br \/>\nOsta\u0107 si\u0119 mo\u017ce<br \/>\nPrzed zakusami ob\u0142udy i przemocy<\/p>\n<p>Poza tym mi prawdy m\u00f3wi\u0107 nie kazano<br \/>\nNie kazano si\u0119 osta\u0107<br \/>\nPrzed ob\u0142ud\u0105 i przemoc\u0105<br \/>\nNie pozwolono si\u0119 broni\u0107<br \/>\nNawet <em>Bo\u017cym S\u0142owem<\/em><br \/>\nBo przek\u0142ama\u0107 mo\u017cna wszystko<br \/>\nNawet uczucia i intencje czyste<\/p>\n<p><em>Zanim ca\u0142kowicie umilkn\u0105 dzwony<\/em><br \/>\nI zatryumfuje przemoc i ob\u0142uda<br \/>\nTo ja tylko powiadam<br \/>\nCo mi B\u00f3g poda<br \/>\nI co On wk\u0142ada w usta moje<\/p>\n<p>I jest tak w ca\u0142ym skomplikowanym<br \/>\n<em>Spectrum<\/em> mego jestestwa<br \/>\nI naszego nie\u0142atwego \u017cycia<br \/>\nBo oni dybi\u0105 na nas chyba na kroku ka\u017cdym<br \/>\nB\u00f3g mnie b\u0119dzie s\u0105dzi\u0142<\/p>\n<p>A je\u015bli ty tak wpisujesz si\u0119 w ich oczekiwania<br \/>\n\u017be nic do ciebie ju\u017c nie maj\u0105<br \/>\nTo wtedy w\u0142a\u015bnie jednym z nich<br \/>\nJu\u017c si\u0119 sta\u0142e\u015b powoli stajesz<br \/>\nOsobi\u015bcie wsp\u00f3\u0142czuj\u0119 bardzo<\/p>\n<p>Bo ja chyba wola\u0142bym umrze\u0107<br \/>\nNi\u017c sta\u0107 si\u0119 takim jak i oni<br \/>\nLub jednym z nich<br \/>\nBiedne misiaczki<br \/>\nNawet je\u015bli zapanuj\u0105 \/ ju\u017c panuj\u0105 nad \u015bwiatem<\/p>\n<p><a href=\"http:\/\/hubertpietka.bialystok.pl\/wp-content\/uploads\/2023\/05\/IMG_20230507_202344.jpg\"><img loading=\"lazy\" decoding=\"async\" class=\"alignnone size-thumbnail wp-image-7091\" src=\"http:\/\/hubertpietka.bialystok.pl\/wp-content\/uploads\/2023\/05\/IMG_20230507_202344-150x150.jpg\" alt=\"\" width=\"150\" height=\"150\" srcset=\"https:\/\/hubertpietka.bialystok.pl\/wp-content\/uploads\/2023\/05\/IMG_20230507_202344-150x150.jpg 150w, https:\/\/hubertpietka.bialystok.pl\/wp-content\/uploads\/2023\/05\/IMG_20230507_202344-75x75.jpg 75w\" sizes=\"auto, (max-width: 150px) 100vw, 150px\" \/><\/a><\/p>\n<p><strong>Na zdj. Dla jednych <em>pacyfka<\/em> symbol pokoju<\/strong><br \/>\n<strong> A dla innych celownik<\/strong><br \/>\n<strong> Wymierzony w bezbronnych<\/strong><br \/>\n<strong> Z nimi przemoc i ob\u0142uda<\/strong><br \/>\n<strong> Lub pok\u00f3j Bo\u017cy wybieraj cz\u0142owiecze<\/strong><\/p>\n<p><em>Ps. Misiaczki w policyjnym pa\u0144stwie<\/em><br \/>\n<em> Symbolem komuny si\u0119 staj\u0105<\/em><br \/>\n<em> Kt\u00f3ra ju\u017c panuje nad \u015bwiatem<\/em><br \/>\n<em> Jako r\u00f3\u017cne ideologizmy totalitarne<\/em><br \/>\n<em> Wymierzone w bezbronnych i niewinnych<\/em><br \/>\n<em> Tylko tym zawinili<\/em><br \/>\n<em>\u017be s\u0105 zniewoleniu cz\u0142owieka przeciwni<\/em><\/p>\n","protected":false},"excerpt":{"rendered":"<p>Zanim ca\u0142kowicie \/ dzwony umilkn\u0105 Nie dopu\u015b\u0107 w swym mi\u0142osierdziu nasz Bo\u017ce By\u015bmy si\u0119 stali ofiarami ob\u0142udy i przemocy zar\u00f3wno Bo to pr\u00f3buje w nas&hellip; <\/p>\n","protected":false},"author":1,"featured_media":0,"parent":0,"menu_order":0,"comment_status":"closed","ping_status":"closed","template":"","meta":{"footnotes":""},"class_list":["post-7090","page","type-page","status-publish","hentry"],"_links":{"self":[{"href":"https:\/\/hubertpietka.bialystok.pl\/index.php?rest_route=\/wp\/v2\/pages\/7090","targetHints":{"allow":["GET"]}}],"collection":[{"href":"https:\/\/hubertpietka.bialystok.pl\/index.php?rest_route=\/wp\/v2\/pages"}],"about":[{"href":"https:\/\/hubertpietka.bialystok.pl\/index.php?rest_route=\/wp\/v2\/types\/page"}],"author":[{"embeddable":true,"href":"https:\/\/hubertpietka.bialystok.pl\/index.php?rest_route=\/wp\/v2\/users\/1"}],"replies":[{"embeddable":true,"href":"https:\/\/hubertpietka.bialystok.pl\/index.php?rest_route=%2Fwp%2Fv2%2Fcomments&post=7090"}],"version-history":[{"count":3,"href":"https:\/\/hubertpietka.bialystok.pl\/index.php?rest_route=\/wp\/v2\/pages\/7090\/revisions"}],"predecessor-version":[{"id":7195,"href":"https:\/\/hubertpietka.bialystok.pl\/index.php?rest_route=\/wp\/v2\/pages\/7090\/revisions\/7195"}],"wp:attachment":[{"href":"https:\/\/hubertpietka.bialystok.pl\/index.php?rest_route=%2Fwp%2Fv2%2Fmedia&parent=7090"}],"curies":[{"name":"wp","href":"https:\/\/api.w.org\/{rel}","templated":true}]}}