{"id":7509,"date":"2023-09-17T11:15:55","date_gmt":"2023-09-17T11:15:55","guid":{"rendered":"http:\/\/hubertpietka.bialystok.pl\/?page_id=7509"},"modified":"2023-09-17T11:15:55","modified_gmt":"2023-09-17T11:15:55","slug":"powiedziec-nie-na-zlo-nie-mozna-milczec","status":"publish","type":"page","link":"https:\/\/hubertpietka.bialystok.pl\/?page_id=7509","title":{"rendered":"Powiedzie\u0107 nie \/ na z\u0142o nie mo\u017cna milcze\u0107"},"content":{"rendered":"<p><em><strong>Powiedzie\u0107 nie \/ na z\u0142o nie mo\u017cna milcze\u0107\u00a0<\/strong><\/em><\/p>\n<p>Powiedzie\u0107 nie<br \/>\nPowiedz nie<br \/>\nM\u00f3wi\u0119 nie niesprawiedliwo\u015bci<br \/>\nKt\u00f3r\u0105 na mojej \u017conie<br \/>\nChc\u0119 oni zi\u015bci\u0107<br \/>\nWszelkim z\u0142ym czynom wobec nniewinnych<br \/>\nCzychaniu na nasz\u0105 \u017cywin\u0119 i mienie<br \/>\nM\u00f3wi\u0119 nie powiedz nie te\u017c<\/p>\n<p><em>Dzisiaj b\u0142. Zygmunta *Szej-no*<\/em><br \/>\n<em> *Say no* powiedzie\u0107 nie trzeba<\/em><br \/>\n<em> Zawsze tam gdzie dzieje si\u0119 jakakolwiek niesprawiedliwo\u015b\u0107<\/em><br \/>\n<em> Ktokolwiek by j\u0105 wykonywa\u0142<\/em><br \/>\n<em> I z jakimkolwiek namaszczeniem formalnym<\/em><br \/>\n<em> Powiedzie\u0107 nie wszelkim napa\u015bciom<\/em><br \/>\n<em> Tak\u017ce przy okazji agresji sowieckiej<\/em><br \/>\n<em> Na Polsk\u0119 w &#8217;39 dzi\u015b rocznica<\/em><br \/>\n<em> Powiedzie\u0107 nie cho\u0107by<\/em><br \/>\n<em> Tej napa\u015bci na Ukrain\u0119<\/em><br \/>\n<em> Wszelkim napa\u015bciom na niewinnych<\/em><\/p>\n<p><a href=\"http:\/\/hubertpietka.bialystok.pl\/wp-content\/uploads\/2023\/09\/IMG_20230917_131507.jpg\"><img loading=\"lazy\" decoding=\"async\" class=\"alignnone size-thumbnail wp-image-7510\" src=\"http:\/\/hubertpietka.bialystok.pl\/wp-content\/uploads\/2023\/09\/IMG_20230917_131507-150x150.jpg\" alt=\"\" width=\"150\" height=\"150\" srcset=\"https:\/\/hubertpietka.bialystok.pl\/wp-content\/uploads\/2023\/09\/IMG_20230917_131507-150x150.jpg 150w, https:\/\/hubertpietka.bialystok.pl\/wp-content\/uploads\/2023\/09\/IMG_20230917_131507-75x75.jpg 75w\" sizes=\"auto, (max-width: 150px) 100vw, 150px\" \/><\/a><\/p>\n<p><strong>Na zdj. Matka Boska Cz\u0119stochowska<\/strong><br \/>\n<strong> W ko\u015bciele Matki Ko\u015bcio\u0142a bia\u0142ostockim<\/strong><br \/>\n<strong> Kr\u00f3lowa Polski<\/strong><br \/>\n<strong> I \u015bw. Anna i \u015bw. J\u00f3zef i \u015bw. Franciszek<\/strong><br \/>\n<strong> Patronowie tego co sercu bliskie<\/strong><\/p>\n","protected":false},"excerpt":{"rendered":"<p>Powiedzie\u0107 nie \/ na z\u0142o nie mo\u017cna milcze\u0107\u00a0 Powiedzie\u0107 nie Powiedz nie M\u00f3wi\u0119 nie niesprawiedliwo\u015bci Kt\u00f3r\u0105 na mojej \u017conie Chc\u0119 oni zi\u015bci\u0107 Wszelkim z\u0142ym czynom&hellip; <\/p>\n","protected":false},"author":1,"featured_media":0,"parent":0,"menu_order":0,"comment_status":"closed","ping_status":"closed","template":"","meta":{"footnotes":""},"class_list":["post-7509","page","type-page","status-publish","hentry"],"_links":{"self":[{"href":"https:\/\/hubertpietka.bialystok.pl\/index.php?rest_route=\/wp\/v2\/pages\/7509","targetHints":{"allow":["GET"]}}],"collection":[{"href":"https:\/\/hubertpietka.bialystok.pl\/index.php?rest_route=\/wp\/v2\/pages"}],"about":[{"href":"https:\/\/hubertpietka.bialystok.pl\/index.php?rest_route=\/wp\/v2\/types\/page"}],"author":[{"embeddable":true,"href":"https:\/\/hubertpietka.bialystok.pl\/index.php?rest_route=\/wp\/v2\/users\/1"}],"replies":[{"embeddable":true,"href":"https:\/\/hubertpietka.bialystok.pl\/index.php?rest_route=%2Fwp%2Fv2%2Fcomments&post=7509"}],"version-history":[{"count":1,"href":"https:\/\/hubertpietka.bialystok.pl\/index.php?rest_route=\/wp\/v2\/pages\/7509\/revisions"}],"predecessor-version":[{"id":7511,"href":"https:\/\/hubertpietka.bialystok.pl\/index.php?rest_route=\/wp\/v2\/pages\/7509\/revisions\/7511"}],"wp:attachment":[{"href":"https:\/\/hubertpietka.bialystok.pl\/index.php?rest_route=%2Fwp%2Fv2%2Fmedia&parent=7509"}],"curies":[{"name":"wp","href":"https:\/\/api.w.org\/{rel}","templated":true}]}}