{"id":8677,"date":"2024-10-28T10:27:31","date_gmt":"2024-10-28T10:27:31","guid":{"rendered":"https:\/\/hubertpietka.bialystok.pl\/?page_id=8677"},"modified":"2024-10-28T10:27:31","modified_gmt":"2024-10-28T10:27:31","slug":"afirmacja-no-tak-najlepiej-bezrefleksyjna-wszelkich-podlych-dzialan-tego-calego-roznego-bandyctwa","status":"publish","type":"page","link":"https:\/\/hubertpietka.bialystok.pl\/?page_id=8677","title":{"rendered":"Afirmacja (no, tak) \/ najlepiej bezrefleksyjna wszelkich pod\u0142ych dzia\u0142a\u0144 \/\/ tego ca\u0142ego r\u00f3\u017cnego bandyctwa"},"content":{"rendered":"\n<p>Czy\u017c ja bym nie chcia\u0142<br>Afirmowa\u0107 tylko t\u0105 ca\u0142\u0105 rzeczywisto\u015b\u0107<br>Cieszy\u0107 si\u0119 cho\u0107by<br>T\u0105 pi\u0119kn\u0105 jesieni\u0105 z\u0142ot\u0105 polsk\u0105<br>Przynajmniej jak do tej pory<br>Czy\u017c ja bym nie chcia\u0142<br>Wywy\u017csza\u0107 mi\u0142o\u015b\u0107 i przyja\u017a\u0144<br>I tylko tym si\u0119 dzieli\u0107<\/p>\n\n\n\n<p>Czy\u017c ja bym nie chcia\u0142<br>A tymczasem<br>Dzi\u0119ki nim<br>Mam codzienn\u0105 walk\u0119<br>Ale nie mo\u017cna zdezerterowa\u0107<br>Jak m\u00f3wi\u0142 Jan Pawe\u0142 II<br>Z obrony tego przycz\u00f3\u0142ku<br>\u017bo\u0142nierze z Westerplatte walczyli przecie\u017c<br><em>A lato by\u0142o pi\u0119kne tego roku<\/em><br>Jak poeta m\u00f3wi\u0142<\/p>\n\n\n\n<p>Bo oni nieustannie chc\u0105 uderza\u0107<br>W nas naszych i nasze<br>Zabi\u0107 \u017con\u0119 mnie zniewoli\u0107<br>Je\u015bli tylko to po\u017ca\u0142uj\u0105<br>Bynajmniej nie tylko oni ci bandyci<br>Podobnie z tymi zwierz\u0119tami<br>I z tym co mamy<br>Chc\u0105 nam zabra\u0107 podpor\u0119 chleba<br>M\u00f3wi\u0105c biblijnie<br>Staraj\u0105 si\u0119 zreszt\u0105 o to<br>Ju\u017c od do\u015b\u0107 d\u0142ugiego czasu<br>Chc\u0105 zniszczy\u0107 mo\u017cliwo\u015b\u0107 si\u0119 przemieszczania<br>Jaki\u015b niby nieszcz\u0119\u015bliwy wypadek<br>Czy cho\u0107by te misie bandyckie<br>Czy inne s\u0142u\u017cby<br>Na ich us\u0142ugach kolaboranckich<br>Chc\u0105 zniszczy\u0107 wszelkie miejsca<br>Te\u017c pobyt\u00f3w naszych<br>Nasy\u0142aj\u0105c wsz\u0119dzie r\u00f3\u017cnych bandyt\u00f3w<br>Na nas albo zniszczy\u0107<br>Te miejsca fizycznie te\u017c<br>W jakikolwiek spos\u00f3b<br>Du\u017co jest przecie\u017c r\u00f3\u017cnych \u015brodk\u00f3w<br>Ku nienawistnemu spe\u0142nieniu po\u017c\u0105da\u0144 diabelskich<br>I oni tak ca\u0142y czas<br>Podobnie i w naszych<br>I r\u00f3\u017cnych nam \u017cyczliwych<br>Uderzaj\u0105 te\u017c niemal nieustannie<br>Odsuwaj\u0105c od nas ludzi<br>O to te\u017c im chodzi<br>By nas wyalienowa\u0107 ze spo\u0142ecze\u0144stwa<br>By nas wyizolowa\u0107 z relacji dobrych wszelkich<\/p>\n\n\n\n<p>Dzi\u015b. \u015bw. *<strong>Afirm-iana<\/strong>*<br>Czy\u017c nie chcia\u0142bym *<strong>afirmowa\u0107 i ja<\/strong>* tylko<br>Kocham afirmowa\u0107 i kontemplowa\u0107 rzeczywisto\u015b\u0107<br>Ale oni niestety<br>Pr\u00f3buj\u0105 ci\u0105gle tworzy\u0107<br>Nam tu na ziemi piek\u0142o<br>I oczywi\u015bcie zabraniaj\u0105 si\u0119 broni\u0107 i nawet<br>Przecie\u017c powinni\u015bmy si\u0119 podda\u0107<br>Tej nienawi\u015bci szata\u0144skiej<br>Uderzaj\u0105 w ka\u017cd\u0105 nasz\u0105 rzeczywisto\u015b\u0107<br>A ja mam milcze\u0107<br>I jak te barany<br>Mamy i\u015b\u0107 na diabelsk\u0105 zag\u0142ad\u0119<\/p>\n\n\n\n<figure class=\"wp-block-gallery has-nested-images columns-default is-cropped wp-block-gallery-1 is-layout-flex wp-block-gallery-is-layout-flex\">\n<figure class=\"wp-block-image size-large\"><a href=\"https:\/\/hubertpietka.bialystok.pl\/wp-content\/uploads\/2024\/10\/IMG-20241024-WA0041.jpg\"><img loading=\"lazy\" decoding=\"async\" width=\"1024\" height=\"771\" data-id=\"8678\" src=\"https:\/\/hubertpietka.bialystok.pl\/wp-content\/uploads\/2024\/10\/IMG-20241024-WA0041-1024x771.jpg\" alt=\"\" class=\"wp-image-8678\" srcset=\"https:\/\/hubertpietka.bialystok.pl\/wp-content\/uploads\/2024\/10\/IMG-20241024-WA0041-1024x771.jpg 1024w, https:\/\/hubertpietka.bialystok.pl\/wp-content\/uploads\/2024\/10\/IMG-20241024-WA0041-300x226.jpg 300w, https:\/\/hubertpietka.bialystok.pl\/wp-content\/uploads\/2024\/10\/IMG-20241024-WA0041-768x578.jpg 768w, https:\/\/hubertpietka.bialystok.pl\/wp-content\/uploads\/2024\/10\/IMG-20241024-WA0041-1536x1156.jpg 1536w, https:\/\/hubertpietka.bialystok.pl\/wp-content\/uploads\/2024\/10\/IMG-20241024-WA0041.jpg 1600w\" sizes=\"auto, (max-width: 1024px) 100vw, 1024px\" \/><\/a><\/figure>\n<\/figure>\n\n\n\n<p>Na zdj. Nasze zwierz\u0119ta<br>Zabi\u0107 nas zniewoli\u0107<br>I one i onych<br>Bandycko pr\u00f3buj\u0105 wype\u0142ni\u0107<br>T\u0105 ca\u0142\u0105 nasz\u0105 przestrze\u0144<br>A ja mam nie broni\u0107<br>Tylko podda\u0107 si\u0119<br>Najlepiej bezwolnie z\u0142owr\u00f3\u017cebnej szata\u0144sko\u015bci<br>To by pasowa\u0142o diab\u0142u<br>I r\u00f3\u017cnym pod\u0142ug niego bandytom<br>I jeszcze jedno<br>Mogliby\u015bcie chcie\u0107 da\u0107 mi<br>Mo\u017ce i najpi\u0119kniejsz\u0105 z wysp<br>Ale ja mam ten przycz\u00f3\u0142ek<br>Swoje Westerplatte<br>I nie spoczn\u0119 nigdy<br>Dop\u00f3ki nie padn\u0119<br>Ale za to raczej<br>Ca\u0142y \u015bwiat zap\u0142aci<br>Bo na wszelkie te bandyctwa patrzy beznami\u0119tnie<br>I oczywi\u015bcie wdzi\u0119czny te\u017c jestem<br>I dzi\u0119kuj\u0119 wszystkim<br>Kt\u00f3rzy w\u0142\u0105czaj\u0105 si\u0119 w t\u0105 \u015bmierteln\u0105 walk\u0119<br>Jako\u015b po stronie naszej<br>Bo z\u0142o nie mo\u017ce zdominowa\u0107<br>Totalnie tego \u015bwiata<br>Wtedy B\u00f3g odpowie na pewno<br>I raczej nie w taki spos\u00f3b<br>Jak to bandyctwo przek\u0142amywa\u0107 pr\u00f3buje<\/p>\n\n\n\n<p><em>I teraz na koniec<br>Obrazek rodzajowy<br>News z ostatniej chwili<br>Najpierw nas w mieszkaniu<br>Z g\u00f3ry zala\u0142o<br>Wi\u0119c trzeba by\u015bmy zapewne<br>Zalali tych z do\u0142u<br>Trzeba przecie\u017c nas narazi\u0107<br>Na r\u00f3\u017cne koszty<br>Wed\u0142ug perfidnego zabierania podpory chleba<br>Nam w\u0142a\u015bnie<br>A przy okazji zepsu\u0107 nam t\u0105 pralk\u0119<br>Tak jak i inne sprz\u0119ty<br>Te\u017c wcze\u015bniej<br>Lod\u00f3wk\u0119 odkurzacz wkr\u0119tark\u0119<br>Co jest w kolejno\u015bci dalszej<br>Ekspres do kawy komputer<br>Czy tam co zreszt\u0105<br>A mo\u017ce nie maj\u0105 dost\u0119pu<br>Cho\u0107by przez tego<br>Co si\u0119 tu nachodzi\u0107 i nie mo\u017ce<br>I cho\u0107by za to chce si\u0119 m\u015bci\u0107<br>\u017be ja o tym wiem<br>Tym bandyctwem swym<br>I oni tak ci\u0105gle<br>Bandyctwo niezmiernie pod\u0142e<br>Taki na koniec obrazek rodzajowy<br>\u017be o innych rzeczach<br>I nie wspomn\u0119<\/em><\/p>\n\n\n\n<p>Wi\u0119c tam podwilk spodni<br>Ma swe r\u00f3\u017cne dzia\u0142ania pod\u0142e<br>A tu to chach\u0142actwo bandyckie<br>Kt\u00f3re bynajmniej nie ma tylko<br>Nas pochamra\u0107 czy nam te\u017c pochach\u0142a\u0107 s\u0142odko<br>Lecz prymitywnie realizowa\u0107 napa\u015bci swoje<br>I raczej poszarpa\u0107 skutecznie<br>A wsz\u0119dzie pomi\u0119dzy misie bandyckie<br>Inne s\u0142u\u017cby kolaboranckie<br>Czy tam zreszt\u0105 i jacy<br>I ani mi Ani<br>Bo po\u017ca\u0142uj\u0105 bardzo<br>Podobnie z nami naszymi naszym<\/p>\n","protected":false},"excerpt":{"rendered":"<p>Czy\u017c ja bym nie chcia\u0142Afirmowa\u0107 tylko t\u0105 ca\u0142\u0105 rzeczywisto\u015b\u0107Cieszy\u0107 si\u0119 cho\u0107byT\u0105 pi\u0119kn\u0105 jesieni\u0105 z\u0142ot\u0105 polsk\u0105Przynajmniej jak do tej poryCzy\u017c ja bym nie chcia\u0142Wywy\u017csza\u0107 mi\u0142o\u015b\u0107 i&hellip; <\/p>\n","protected":false},"author":1,"featured_media":0,"parent":0,"menu_order":0,"comment_status":"closed","ping_status":"closed","template":"","meta":{"footnotes":""},"class_list":["post-8677","page","type-page","status-publish","hentry"],"_links":{"self":[{"href":"https:\/\/hubertpietka.bialystok.pl\/index.php?rest_route=\/wp\/v2\/pages\/8677","targetHints":{"allow":["GET"]}}],"collection":[{"href":"https:\/\/hubertpietka.bialystok.pl\/index.php?rest_route=\/wp\/v2\/pages"}],"about":[{"href":"https:\/\/hubertpietka.bialystok.pl\/index.php?rest_route=\/wp\/v2\/types\/page"}],"author":[{"embeddable":true,"href":"https:\/\/hubertpietka.bialystok.pl\/index.php?rest_route=\/wp\/v2\/users\/1"}],"replies":[{"embeddable":true,"href":"https:\/\/hubertpietka.bialystok.pl\/index.php?rest_route=%2Fwp%2Fv2%2Fcomments&post=8677"}],"version-history":[{"count":1,"href":"https:\/\/hubertpietka.bialystok.pl\/index.php?rest_route=\/wp\/v2\/pages\/8677\/revisions"}],"predecessor-version":[{"id":8679,"href":"https:\/\/hubertpietka.bialystok.pl\/index.php?rest_route=\/wp\/v2\/pages\/8677\/revisions\/8679"}],"wp:attachment":[{"href":"https:\/\/hubertpietka.bialystok.pl\/index.php?rest_route=%2Fwp%2Fv2%2Fmedia&parent=8677"}],"curies":[{"name":"wp","href":"https:\/\/api.w.org\/{rel}","templated":true}]}}