{"id":8888,"date":"2024-12-22T14:34:02","date_gmt":"2024-12-22T14:34:02","guid":{"rendered":"https:\/\/hubertpietka.bialystok.pl\/?page_id=8888"},"modified":"2024-12-22T14:34:02","modified_gmt":"2024-12-22T14:34:02","slug":"nie-ma-prawdy-bozej-w-dzieciach-szatana-w-zbrodniach-wszelkich-i-klamstwach","status":"publish","type":"page","link":"https:\/\/hubertpietka.bialystok.pl\/?page_id=8888","title":{"rendered":"Nie ma prawdy Bo\u017cej \/ w dzieciach szatana \/\/ w zbrodniach wszelkich i k\u0142amstwach"},"content":{"rendered":"\n<p class=\"wp-block-paragraph\">Trzeba to wprost powiedzie\u0107<br>I te\u017c jednoznacznie<br>To s\u0105 dzieci szatana<br>S\u0142udzy z\u0142a w ca\u0142ej rozci\u0105g\u0142o\u015bci<\/p>\n\n\n\n<p class=\"wp-block-paragraph\">A czyj\u0105 domen\u0105 i przynale\u017cno\u015bci\u0105<br>S\u0105 zbrodnie morderstwa zniewolenia<br>Cho\u0107by to ludob\u00f3jstwo wsp\u00f3\u0142czesne barbarzy\u0144skie<br>I to co chc\u0105 i nam robi\u0107<br>Co nieustannie pr\u00f3buj\u0105<br>Zabi\u0107 \u017con\u0119 zniewoli\u0107 i mnie<br>Nas naszych i nasze<br>Czyj\u0105 to jest domen\u0105 przynale\u017cno\u015bci\u0105<br>Jak nie szatana<br>Wszelkie zbrodnie morderstwa zniszczenia<\/p>\n\n\n\n<p class=\"wp-block-paragraph\">Podobnie czyj\u0105 domen\u0105 i przynale\u017cno\u015bci\u0105<br>S\u0105 wszelkie k\u0142amstwa ob\u0142uda pod\u0142o\u015b\u0107<br>Perfidia i premedytacja zbrodniczych dzia\u0142a\u0144<br>Czyj\u0105 to jest domen\u0105 przynale\u017cno\u015bci\u0105<br>I ci kt\u00f3rzy post\u0119puj\u0105<br>Tak w\u0142a\u015bnie i wed\u0142ug tego<br>Wobec nas naszego i naszych<br>Ale nie tylko przecie\u017c<br>Do kogo oni w prawdzie i nale\u017c\u0105<br>Wed\u0142ug czyn\u00f3w zbrodniczych<br>I k\u0142amstw pod\u0142ych wszelkich<\/p>\n\n\n\n<p class=\"wp-block-paragraph\">A czyj\u0105 domen\u0105 przynale\u017cno\u015bci\u0105<br>S\u0105 zastraszanie terroryzowanie nape\u0142nianie l\u0119kiem<br>Kto si\u0119 tym lubi pos\u0142ugiwa\u0107<br>Jak nie szatan<br>I te\u017c jego dzieci<br>Kto to wykorzystuje<br>Chyba na ka\u017cdym kroku<br>Wobec nas naszych i naszego<br>Wobec d\u00f3br naszych wszelkich<\/p>\n\n\n\n<p class=\"wp-block-paragraph\">I wobec tego wszystkiego<br>Dzieci Bo\u017ce w prawdzie<br>Nie pos\u0142uguj\u0105 si\u0119 takimi sprawkami<br>Lecz dzieci szatana<br>I to w rozci\u0105g\u0142o\u015bci ca\u0142ej a owszem<br>Wobec tego ca\u0142ego z\u0142a<br>Kt\u00f3re czyni\u0105 i chc\u0105 czyni\u0107 nieustannie<br>Nie tylko chyba wobec tylko nas zreszt\u0105<\/p>\n\n\n\n<p class=\"wp-block-paragraph\">Trzeba stawa\u0107 w prawdzie<br>I nazywa\u0107 rzeczy po imieniu<br>A czyj\u0105 domen\u0105 s\u0105 te\u017c<br>Te prawdziwe zgorszenie<br>Nie urojone niby prawdy s\u0142owem<br>Zbrodnie przemawiaj\u0105 zawsze zdecydowanie bardziej<br>Ni\u017c jakiekolwiek s\u0142owo<br>Bo zbrodnie s\u0105 materializowaniem<br>Wszelkich szata\u0144skich dzia\u0142a\u0144<br>A m\u00f3wienie prawdy<br>Te\u017c wiadomo \u017ce im przeszkadza<br>Bo nazywa co czym\u015b jest<br>Bo oskar\u017ca ich k\u0142amstwa i wszelkie zbrodnie<br>Wed\u0142ug prawdy Bo\u017cej<br>A nie po\u017c\u0105da\u0144 k\u0142amliwych<br>Tego ca\u0142ego<br>Bandyctwa i im podobnych<br>Zbrodnie chc\u0105 czyni\u0107 ci\u0105gle<br>A p\u0142aci\u0107 ka\u017c\u0105 najlepiej wi\u0119zieniem i \u015bmierci\u0105<br>Za s\u0142owa prawdy Bo\u017cej<br>Kt\u00f3re oskar\u017caj\u0105 ich po\u017c\u0105dania zbrodnicze<\/p>\n\n\n\n<p class=\"wp-block-paragraph\">I tak wszystko z tym ca\u0142ym<br>Pieprzonym k\u0142amstwami bandyctwem wszelakim<br>Byleby tylko realizowa\u0107 zbrodnie szata\u0144skie<br>Byleby tylko z\u0142owrogo i nienawistnie<br>Z ka\u017cdym pod\u0142ym k\u0142amstwem w\u0142a\u015bnie<br>Bo nie ma w nich Bo\u017cej prawdy<br>Nie czynili by tego wszystkiego<br>I nie nastawali by na dzieci Bo\u017ce<br>Kt\u00f3re wed\u0142ug tych dzieci szatana<br>Nie mog\u0105 si\u0119 te\u017c i przecie\u017c broni\u0107<br>I ukazywa\u0107 r\u00f3\u017cnych prawd Bo\u017cych<br>Bo im na r\u0119k\u0119<br>K\u0142amstwa szata\u0144skie ob\u0142udne pod\u0142e perfidne<br>I tak oni wszystko<br>Byleby zlowrogo\u015b\u0107 szata\u0144sk\u0105 stricte<br>Wciela\u0107 w \u017cycie<br>Byleby tylko \u015bmier\u0107 zniewolenie zniszczenie<br>Nie tylko wobec<br>Nas naszego i naszych przecie\u017c<br>My jeste\u015bmy tylko przyk\u0142adem<br>Wszelkich ich pod\u0142ych dzia\u0142a\u0144<\/p>\n\n\n\n<figure class=\"wp-block-gallery has-nested-images columns-default is-cropped wp-block-gallery-1 is-layout-flex wp-block-gallery-is-layout-flex\">\n<figure class=\"wp-block-image size-large\"><a href=\"https:\/\/hubertpietka.bialystok.pl\/wp-content\/uploads\/2024\/12\/IMG-20241220-WA0046.jpg\"><img fetchpriority=\"high\" decoding=\"async\" width=\"768\" height=\"1024\" data-id=\"8889\" src=\"https:\/\/hubertpietka.bialystok.pl\/wp-content\/uploads\/2024\/12\/IMG-20241220-WA0046-768x1024.jpg\" alt=\"\" class=\"wp-image-8889\" srcset=\"https:\/\/hubertpietka.bialystok.pl\/wp-content\/uploads\/2024\/12\/IMG-20241220-WA0046-768x1024.jpg 768w, https:\/\/hubertpietka.bialystok.pl\/wp-content\/uploads\/2024\/12\/IMG-20241220-WA0046-225x300.jpg 225w, https:\/\/hubertpietka.bialystok.pl\/wp-content\/uploads\/2024\/12\/IMG-20241220-WA0046-1152x1536.jpg 1152w, https:\/\/hubertpietka.bialystok.pl\/wp-content\/uploads\/2024\/12\/IMG-20241220-WA0046.jpg 1200w\" sizes=\"(max-width: 768px) 100vw, 768px\" \/><\/a><\/figure>\n<\/figure>\n\n\n\n<p class=\"wp-block-paragraph\"><em>Na zdj. Krzy\u017c i Maryja o\u0142tarz<br>A oni wszystko te\u017c najlepiej<br>Oni i im podobni<br>Z przemoc\u0105 wszelk\u0105<br>Bo maj\u0105 w\u0142adz\u0119 i kas\u0119<br>To my\u015bl\u0105 \u017ce mog\u0105 wszystko<br>Do czasu<br>B\u00f3g kiedy\u015b ka\u017ce zap\u0142aci\u0107<br>Za wszystkie te zbrodnie<br>Od \u015bwiata zale\u017cy<br>Jak to b\u0119dzie wygl\u0105da\u0107<br>I czy to b\u0119dzie wcze\u015bniej czy te\u017c p\u00f3\u017aniej<br>Czy wygraj\u0105 sprawki szata\u0144skie r\u00f3\u017cne<br>Czy mo\u017ce prawda Bo\u017ca<br>Nie mo\u017cna s\u0142u\u017cy\u0107 szatanowi i Bogu jednocze\u015bnie<br>Te procedery s\u0142ug szatana wskazane<br>Do niego nale\u017c\u0105<br>Nie do Boga bynajmniej<br>Bo B\u00f3g si\u0119 nie pos\u0142uguje<br>\u017badnymi ciemnymi szata\u0144skimi sprawkami<br>Bogu mi\u0142a jest prawda<br>Dobro \u017cycie i \u015bwiat\u0142o\u015b\u0107<br>A oni ci\u0105gle s\u0142udzy szatana<br>Wed\u0142ug najciemniejszych sprawek tego \u015bwiata<br>Przeciwnych zdrowiu \u017cyciu wolno\u015bci<br>I byleby tylko zdeprecjonowa\u0107<br>Wszelkie prawa i prawdy Bo\u017ce<br>By triumfowa\u0107 mog\u0142a przemoc szata\u0144ska<br>W ca\u0142ej rozci\u0105g\u0142o\u015bci<br>I jego pod\u0142e ob\u0142udne k\u0142amstwa<br>I tak wszystko w\u0142a\u015bnie<br>Wszelkie dzieci szatana<\/em><\/p>\n\n\n\n<p class=\"wp-block-paragraph\"><em>A ja jako dziecko Bo\u017ce<br>Prawd\u0119 tu m\u00f3wi\u0119 i g\u0142osz\u0119<br>Kt\u00f3rej szatan i jego s\u0142udzy<br>B\u0119d\u0105 si\u0119 sprzeciwia\u0107<br>Bo chc\u0105 nieustannie dzia\u0142a\u0107 zbrodniczo<br>I nie ma w nich Bo\u017cej prawdy<br>Nie czynili by tak<br>I tego wszystkiego<br>W taki spos\u00f3b w\u0142a\u015bnie<br>Amen a B\u00f3g wie<br>\u017be zawsze staram si\u0119<br>M\u00f3wi\u0107 prawd\u0119 i w Bogu to wszystko<br>Te\u017c tu wykazuj\u0119 jednoznacznie<br>Wbrew wszelkiej przemocy szata\u0144skiej pokracznej<br>I jego nienawistnym z\u0142owrogim k\u0142amstwom<br>Zbrodniom z szata\u0144sk\u0105 premedytacj\u0105<\/em><\/p>\n\n\n\n<p class=\"wp-block-paragraph\"><em>Trzeba nazywa\u0107 rzeczy po imieniu<br>Nie wed\u0142ug nomenklatury k\u0142amliwej szata\u0144skiej<br>Nawet je\u015bli szatan zaw\u0142adn\u0105\u0142<br>R\u00f3\u017cnymi prawami i przestrzeni\u0105 wsp\u00f3\u0142czesn\u0105<br>\u015awiata tego<br>Cho\u0107by mentaln\u0105 moraln\u0105 polityczn\u0105 i zreszt\u0105 wszelk\u0105<br>Ideologicznie i k\u0142amliwie zbrodniczo<br>A B\u00f3g i tak zwyci\u0119\u017cy<br>Bo szatan rozumowi nawet przeczy<br>Tak naprawd\u0119 i zdrowym zmys\u0142om<br>Podobnie dzieci szatana<br>Realizuj\u0105c wszelkie jego amoralne po\u017c\u0105dania<br>Przeciwko \u017cyciu wolno\u015bci dobru<br>Zwyk\u0142ych ludzi prostych<br>Kt\u00f3rzy chc\u0105 \u017cy\u0107 wed\u0142ug<br>Praw i prawdy Bo\u017cej<br>Nie z\u0142o\u015bci szata\u0144skiej<br>Tyle amen<\/em><\/p>\n\n\n\n<p class=\"wp-block-paragraph\">\/<\/p>\n\n\n\n<p class=\"wp-block-paragraph\"><strong>Na koniec jeszcze jedno powiem<br>Ciekawe czy b\u0119dzie<br>Tak jak z Jezusem<br>Tak wtedy jak teraz<br>W tym faryzeiskim bandyckim \u015bwiecie<br>Dzieci szatana tak w\u0142a\u015bnie<br>Czy nie powiedz\u0105 oni w\u0142a\u015bnie<br>Jak m\u00f3wili ob\u0142udnicy do Jezusa<br>My mamy swoje prawo<br>I w imi\u0119 tego<br>Fa\u0142szywego i ob\u0142udnego prawa<br>On winien przecie\u017c umrze\u0107<br>Bo m\u00f3wi prawd\u0119 przeciwko nam<br>Bo broni swego i swoich<br>\u017bycia i innych warto\u015bci Bo\u017cych<br>Je\u015bli to spe\u0142ni\u0105 oni<br>Ci bandyci r\u00f3\u017cni szatana s\u0142udzy<br>To nie \u0142udzcie si\u0119<br>\u017be B\u00f3g nie odpowie<br>Zreszt\u0105 w jakikolwiek spos\u00f3b<br>Oni to zrobi\u0105 mnie zabij\u0105<br>Czy si\u0119 do tego przyczyni\u0105<br>B\u00f3g odpowie<br>Nie mo\u017cna oszuka\u0107 Boga<br>Jak ludzi mo\u017cna oszukiwa\u0107<br>Drugi raz to ju\u017c<br>Nie przejdzie w tym \u015bwiecie<br>Jak zrobili z Jezusem<br>Podobnie je\u015bli cokolwiek<br>Z moj\u0105 \u017con\u0105 z nami<br>Naszymi i naszym<br>Za ob\u0142ud\u0119 perfidn\u0105 s\u0142ug szatana<br>Ca\u0142y \u015bwiat zap\u0142aci<br>Ko\u0144cem tego\u017c<br>A je\u015bli mnie zniewol\u0105<br>Id\u0105c za po\u017c\u0105daniem swoich k\u0142amstw<br>W jakikolwiek spos\u00f3b<br>Pos\u0142uguj\u0105c si\u0119 zreszt\u0105 kimkolwiek<br>To b\u0119dzie podobnie<br>Drugi raz to ju\u017c<br>Nie przejdzie w tym \u015bwiecie<br>By ob\u0142uda k\u0142amliwa zbrodnicza<br>Taka jak wobec Jezusa<br>Mia\u0142a si\u0119 powt\u00f3rzy\u0107<br>Bez Bo\u017cej reakcji w\u0142a\u015bciwej<br>Dla zbrodni i k\u0142amstw perfidnych<br>Szatana i tych kt\u00f3rzy<br>Post\u0119puj\u0105 m\u00f3wi\u0105 i z\u0142e intencje maj\u0105 ci\u0105gle<br>Dla tych maluczkich dzieci Bo\u017cych<br>Kropka koniec<\/strong><\/p>\n\n\n\n<p class=\"wp-block-paragraph\"><strong>Wybieracie \u015bwiata tego te\u017c<br>Czy mo\u017ce jednak<br>Zechcecie \u017cy\u0107 w Bo\u017cej prawdzie<br>Nie wed\u0142ug szata\u0144skich zbrodni<br>I k\u0142amliwej perfidnej ob\u0142udy pod\u0142ej<br>R\u00f3\u017cnych jego dzieci<br>Wed\u0142ug tego jak post\u0119puj\u0105<br>Wed\u0142ug szatana ca\u0142kowicie<br>Jakkolwiek by to nazywali inaczej<br>Prawda jest prawd\u0105<br>Szczeg\u00f3lnie ta Bo\u017ca w\u0142a\u015bnie<br>A ja m\u00f3wi\u0119 prawd\u0119<br>Bo na to pos\u0142any zosta\u0142em<\/strong><\/p>\n","protected":false},"excerpt":{"rendered":"<p>Trzeba to wprost powiedzie\u0107I te\u017c jednoznacznieTo s\u0105 dzieci szatanaS\u0142udzy z\u0142a w ca\u0142ej rozci\u0105g\u0142o\u015bci A czyj\u0105 domen\u0105 i przynale\u017cno\u015bci\u0105S\u0105 zbrodnie morderstwa zniewoleniaCho\u0107by to ludob\u00f3jstwo wsp\u00f3\u0142czesne barbarzy\u0144skieI&hellip;<\/p>\n","protected":false},"author":1,"featured_media":0,"parent":0,"menu_order":0,"comment_status":"closed","ping_status":"closed","template":"","meta":{"_customify_content_layout":"","_customify_sidebar":"","_customify_page_header_display":"","_customify_disable_header":"","_customify_disable_header_top":"","_customify_disable_header_main":"","_customify_disable_header_bottom":"","_customify_disable_page_title":"","_customify_disable_content_vertical_padding":"","_customify_disable_footer_top":"","_customify_disable_footer_main":"","_customify_disable_footer_bottom":"","_customify_breadcrumb_display":"","_customify_header_transparent_display":"","footnotes":""},"class_list":["post-8888","page","type-page","status-publish","hentry"],"_links":{"self":[{"href":"https:\/\/hubertpietka.bialystok.pl\/index.php?rest_route=\/wp\/v2\/pages\/8888","targetHints":{"allow":["GET"]}}],"collection":[{"href":"https:\/\/hubertpietka.bialystok.pl\/index.php?rest_route=\/wp\/v2\/pages"}],"about":[{"href":"https:\/\/hubertpietka.bialystok.pl\/index.php?rest_route=\/wp\/v2\/types\/page"}],"author":[{"embeddable":true,"href":"https:\/\/hubertpietka.bialystok.pl\/index.php?rest_route=\/wp\/v2\/users\/1"}],"replies":[{"embeddable":true,"href":"https:\/\/hubertpietka.bialystok.pl\/index.php?rest_route=%2Fwp%2Fv2%2Fcomments&post=8888"}],"version-history":[{"count":1,"href":"https:\/\/hubertpietka.bialystok.pl\/index.php?rest_route=\/wp\/v2\/pages\/8888\/revisions"}],"predecessor-version":[{"id":8890,"href":"https:\/\/hubertpietka.bialystok.pl\/index.php?rest_route=\/wp\/v2\/pages\/8888\/revisions\/8890"}],"wp:attachment":[{"href":"https:\/\/hubertpietka.bialystok.pl\/index.php?rest_route=%2Fwp%2Fv2%2Fmedia&parent=8888"}],"curies":[{"name":"wp","href":"https:\/\/api.w.org\/{rel}","templated":true}]}}